{"id":2408,"date":"2025-02-25T11:22:24","date_gmt":"2025-02-25T10:22:24","guid":{"rendered":"https:\/\/www.minesparis.psl.eu\/persee\/?page_id=2408"},"modified":"2026-04-30T12:27:38","modified_gmt":"2026-04-30T10:27:38","slug":"le-centre","status":"publish","type":"page","link":"https:\/\/www.minesparis.psl.eu\/persee\/le-centre\/","title":{"rendered":"Le Centre"},"content":{"rendered":"\n<div class=\"container block-full-largeur\">\n\t<div class=\"row mt-4\">\n\t\t<div class=\"col-md-12\">\n\t\t\t<h2>En bref<\/h2>\n<p>Le projet scientifique de PERSEE est r\u00e9solument centr\u00e9 sur la Transition Energ\u00e9tique. Le Centre est aujourd\u2019hui une r\u00e9f\u00e9rence dans le domaine de la d\u00e9carbonation des syst\u00e8mes \u00e9nerg\u00e9tiques.\u00a0 Nos recherches sont conduites dans le cadre d\u2019appels programmatiques d\u2019excellence (ANR, Europe, \u2026) ainsi qu\u2019en collaboration directe avec des acteurs industriels clefs de la Transition. C\u2019est ce qui nous permet d\u2019\u00eatre pr\u00e9sents \u00e0 la fois sur le front de la production acad\u00e9mique de haut niveau et sur le front de l\u2019irrigation de la sph\u00e8re \u00e9conomique (transfert de technologie, d\u00e9monstration, \u2026). En cela le Centre s\u2019inscrit en droite ligne du double-impact acad\u00e9mique et \u00e9conomique cher \u00e0 l\u2019Ecole des Mines de Paris.<\/p>\n<p>PERSEE contribue \u00e9galement fortement \u00e0 la formation des chercheurs et ing\u00e9nieurs de demain en intervenant sur diff\u00e9rents fronts dont la formation doctorale, le mast\u00e8re sp\u00e9cialis\u00e9 international \u00c9nergies Renouvelables (ENR), le cycle ing\u00e9nieur civil et le master recherche \u00ab Energie \u00bb de PSL (niveau M2).<\/p>\n<p>Nous offrons \u00e0 nos \u00e9tudiants une formation scientifique de haut niveau dans le cadre privil\u00e9gi\u00e9 de Sophia Antipolis, ainsi que de nombreux liens avec des acteurs acad\u00e9miques et industriels de premier plan.<\/p>\n<p><img loading=\"lazy\" decoding=\"async\" src=\"https:\/\/www.minesparis.psl.eu\/persee\/wp-content\/uploads\/sites\/22\/2025\/04\/Chiffres-1024x177.png\" alt=\"\" width=\"1024\" height=\"177\" \/><\/p>\n<p>&nbsp;<\/p>\n\t\t<\/div>\n\t<\/div>\n<\/div>\n\n\n<div class=\"container block-full-largeur\">\n\t<div class=\"row mt-4\">\n\t\t<div class=\"col-md-12\">\n\t\t\t<h2>Th\u00e9matiques et groupes de recherche<\/h2>\n<p>L\u2019approche int\u00e9gr\u00e9e du Centre repose sur trois th\u00e9matiques socles : mat\u00e9riaux, proc\u00e9d\u00e9s et int\u00e9gration de technologies innovantes dans les syst\u00e8mes \u00e9nerg\u00e9tiques.<\/p>\n<p>Notre \u00e9quipe scientifique est structur\u00e9e en trois groupes de recherche qui interviennent \u00e0 diff\u00e9rents niveaux th\u00e9matiques :<\/p>\n<ul>\n<li style=\"list-style-type: none\">\n<ul>\n<li><a href=\"https:\/\/www.minesparis.psl.eu\/persee\/la-recherche\/materiaux-et-procedes-pour-lenergie\/\">Groupe MATPRO<\/a> &#8211; Mat\u00e9riaux et Proc\u00e9d\u00e9s pour l\u2019\u00e9nergie<\/li>\n<li><a href=\"https:\/\/www.minesparis.psl.eu\/persee\/la-recherche\/thermochimie-et-plasmas\/\">Groupe TeP<\/a> &#8211; Thermochimie et Plasmas<\/li>\n<li><a href=\"https:\/\/www.minesparis.psl.eu\/persee\/la-recherche\/energies-renouvelables-et-systemes-energetiques-intelligents\/\">Groupe ERSEI<\/a> &#8211; Energies Renouvelables et Syst\u00e8mes Energ\u00e9tiques Intelligents<\/li>\n<\/ul>\n<\/li>\n<\/ul>\n<p><img loading=\"lazy\" decoding=\"async\" class=\"alignnone wp-image-5111 size-large\" src=\"https:\/\/www.minesparis.psl.eu\/persee\/wp-content\/uploads\/sites\/22\/2026\/03\/Diagramme-PERSEE-1024x576.png\" alt=\"\" width=\"1024\" height=\"576\" srcset=\"https:\/\/www.minesparis.psl.eu\/persee\/wp-content\/uploads\/sites\/22\/2026\/03\/Diagramme-PERSEE-1024x576.png 1024w, https:\/\/www.minesparis.psl.eu\/persee\/wp-content\/uploads\/sites\/22\/2026\/03\/Diagramme-PERSEE-300x169.png 300w, https:\/\/www.minesparis.psl.eu\/persee\/wp-content\/uploads\/sites\/22\/2026\/03\/Diagramme-PERSEE-768x432.png 768w, https:\/\/www.minesparis.psl.eu\/persee\/wp-content\/uploads\/sites\/22\/2026\/03\/Diagramme-PERSEE-1300x731.png 1300w, https:\/\/www.minesparis.psl.eu\/persee\/wp-content\/uploads\/sites\/22\/2026\/03\/Diagramme-PERSEE.png 1440w\" sizes=\"auto, (max-width: 1024px) 100vw, 1024px\" \/><\/p>\n\t\t<\/div>\n\t<\/div>\n<\/div>\n\n\n<div class=\"container block-full-largeur\">\n\t<div class=\"row mt-4\">\n\t\t<div class=\"col-md-12\">\n\t\t\t\t\t<\/div>\n\t<\/div>\n<\/div>\n\n\n<div class=\"container block-full-largeur\">\n\t<div class=\"row mt-4\">\n\t\t<div class=\"col-md-12\">\n\t\t\t<h2>L&rsquo;\u00e9quipe<\/h2>\n<p>Avec un effectif oscillant autour de 55 personnes, PERSEE rassemble personnels scientifiques et techniques (enseignants-chercheurs, ing\u00e9nieurs de recherche, techniciens, doctorants, post-doctorants) et une \u00e9quipe administrative et informatique. Le sch\u00e9ma ci-dessous pr\u00e9sente un organigramme simplifi\u00e9 du Centre.<\/p>\n<p><img loading=\"lazy\" decoding=\"async\" class=\"wp-image-4067 aligncenter\" src=\"https:\/\/www.minesparis.psl.eu\/persee\/wp-content\/uploads\/sites\/22\/2025\/07\/organigramme-1-scaled.png\" alt=\"\" width=\"658\" height=\"243\" srcset=\"https:\/\/www.minesparis.psl.eu\/persee\/wp-content\/uploads\/sites\/22\/2025\/07\/organigramme-1-scaled.png 2560w, https:\/\/www.minesparis.psl.eu\/persee\/wp-content\/uploads\/sites\/22\/2025\/07\/organigramme-1-300x111.png 300w, https:\/\/www.minesparis.psl.eu\/persee\/wp-content\/uploads\/sites\/22\/2025\/07\/organigramme-1-1024x377.png 1024w, https:\/\/www.minesparis.psl.eu\/persee\/wp-content\/uploads\/sites\/22\/2025\/07\/organigramme-1-768x283.png 768w, https:\/\/www.minesparis.psl.eu\/persee\/wp-content\/uploads\/sites\/22\/2025\/07\/organigramme-1-1536x566.png 1536w, https:\/\/www.minesparis.psl.eu\/persee\/wp-content\/uploads\/sites\/22\/2025\/07\/organigramme-1-2048x755.png 2048w, https:\/\/www.minesparis.psl.eu\/persee\/wp-content\/uploads\/sites\/22\/2025\/07\/organigramme-1-1300x479.png 1300w\" sizes=\"auto, (max-width: 658px) 100vw, 658px\" \/><\/p>\n<p>&nbsp;<\/p>\n<h4>Personnel scientifique &amp; technique<\/h4>\n<p>Vous pouvez consulter ci-dessous les profils des membres de nos groupes de recherche du Centre:<\/p>\n<ul>\n<li style=\"list-style-type: none\">\n<ul>\n<li><a href=\"https:\/\/www.minesparis.psl.eu\/persee\/lequipe\/lequipe-matpro\/\">Effectifs du Groupe MATPRO<\/a> &#8211; Mat\u00e9riaux et proc\u00e9d\u00e9s pour l&rsquo;\u00e9nergie<\/li>\n<li><a href=\"https:\/\/www.minesparis.psl.eu\/persee\/lequipe-tep\/\">Effectifs du Groupe TeP<\/a> &#8211; Thermochimie et plasmas<\/li>\n<li><a href=\"https:\/\/www.minesparis.psl.eu\/persee\/lequipe-ersei\/\">Effectifs du Groupe ERSEI<\/a> &#8211; Energies renouvelables et syst\u00e8mes \u00e9nerg\u00e9tiques intelligents<\/li>\n<\/ul>\n<\/li>\n<\/ul>\n<h4>L&rsquo;\u00e9quipe administrative et informatique<\/h4>\n<p>Vous trouverez dans <a href=\"https:\/\/www.minesparis.psl.eu\/persee\/lequipe\/lequipe-administrative\/\">cette page<\/a> les contacts des \u00e9quipes administrative et informatique.<\/p>\n\t\t<\/div>\n\t<\/div>\n<\/div>\n\n\n<div class=\"container block-full-largeur\">\n\t<div class=\"row mt-4\">\n\t\t<div class=\"col-md-12\">\n\t\t\t<p>&nbsp;<\/p>\n<h2>Publications<\/h2>\n\t\t<\/div>\n\t<\/div>\n<\/div>\n\n\n<div class=\"container bloc-25-75\">\n\t<div class=\"row mt-4\">\n\t\t<div class=\"col-md-3\">\n\t\t\t<p><img loading=\"lazy\" decoding=\"async\" class=\"alignnone size-medium wp-image-15014\" src=\"https:\/\/www.minesparis.psl.eu\/wp-content\/uploads\/2024\/06\/HAL_-_Logotype_2021_-_FR.svg_-1-300x122.png\" alt=\"\" width=\"300\" height=\"122\" \/><\/p>\n\t\t<\/div>\n\t\t<div class=\"col-md-9\">\n\t\t\t<p><a class=\"button-mines btn-bleu flech lf-blanc\" href=\"https:\/\/hal.science\/search\/index\/?q=Mines+centre+PERSEE&amp;rows=30&amp;sort=publicationDate_tdate+desc&amp;labStructName_s=Centre+Proc%C3%A9d%C3%A9s%2C+%C3%89nergies+Renouvelables%2C+Syst%C3%A8mes+%C3%89nerg%C3%A9tiques&amp;docType_s=ART\" target=\"_blank\" rel=\"noopener\">D\u00e9couvrir<\/a><\/p>\n\t\t<\/div>\n\t<\/div>\n<\/div>","protected":false},"excerpt":{"rendered":"","protected":false},"author":4,"featured_media":5109,"parent":0,"menu_order":0,"comment_status":"closed","ping_status":"closed","template":"","meta":{"footnotes":""},"class_list":["post-2408","page","type-page","status-publish","has-post-thumbnail","hentry"],"acf":[],"yoast_head":"<!-- This site is optimized with the Yoast SEO plugin v27.2 - https:\/\/yoast.com\/product\/yoast-seo-wordpress\/ -->\n<title>Le Centre - PERSEE Mines Paris - PSL<\/title>\n<meta name=\"robots\" content=\"index, follow, max-snippet:-1, max-image-preview:large, max-video-preview:-1\" \/>\n<link rel=\"canonical\" href=\"https:\/\/www.minesparis.psl.eu\/persee\/le-centre\/\" \/>\n<meta property=\"og:locale\" content=\"fr_FR\" \/>\n<meta property=\"og:type\" content=\"article\" \/>\n<meta property=\"og:title\" content=\"Le Centre - PERSEE Mines Paris - PSL\" \/>\n<meta property=\"og:url\" content=\"https:\/\/www.minesparis.psl.eu\/persee\/le-centre\/\" \/>\n<meta property=\"og:site_name\" content=\"PERSEE Mines Paris - PSL\" \/>\n<meta property=\"article:modified_time\" content=\"2026-04-30T10:27:38+00:00\" \/>\n<meta property=\"og:image\" content=\"https:\/\/www.minesparis.psl.eu\/persee\/wp-content\/uploads\/sites\/22\/2026\/03\/Campus-Pierre-LAFFITTE_250326_001_l-scaled.jpeg\" \/>\n\t<meta property=\"og:image:width\" content=\"2560\" \/>\n\t<meta property=\"og:image:height\" content=\"1707\" \/>\n\t<meta property=\"og:image:type\" content=\"image\/jpeg\" \/>\n<meta name=\"twitter:card\" content=\"summary_large_image\" \/>\n<meta name=\"twitter:label1\" content=\"Dur\u00e9e de lecture estim\u00e9e\" \/>\n\t<meta name=\"twitter:data1\" content=\"1 minute\" \/>\n<script type=\"application\/ld+json\" class=\"yoast-schema-graph\">{\"@context\":\"https:\/\/schema.org\",\"@graph\":[{\"@type\":\"WebPage\",\"@id\":\"https:\/\/www.minesparis.psl.eu\/persee\/le-centre\/\",\"url\":\"https:\/\/www.minesparis.psl.eu\/persee\/le-centre\/\",\"name\":\"Le Centre - PERSEE Mines Paris - PSL\",\"isPartOf\":{\"@id\":\"https:\/\/www.minesparis.psl.eu\/persee\/#website\"},\"primaryImageOfPage\":{\"@id\":\"https:\/\/www.minesparis.psl.eu\/persee\/le-centre\/#primaryimage\"},\"image\":{\"@id\":\"https:\/\/www.minesparis.psl.eu\/persee\/le-centre\/#primaryimage\"},\"thumbnailUrl\":\"https:\/\/www.minesparis.psl.eu\/persee\/wp-content\/uploads\/sites\/22\/2026\/03\/Campus-Pierre-LAFFITTE_250326_001_l-scaled.jpeg\",\"datePublished\":\"2025-02-25T10:22:24+00:00\",\"dateModified\":\"2026-04-30T10:27:38+00:00\",\"breadcrumb\":{\"@id\":\"https:\/\/www.minesparis.psl.eu\/persee\/le-centre\/#breadcrumb\"},\"inLanguage\":\"fr-FR\",\"potentialAction\":[{\"@type\":\"ReadAction\",\"target\":[\"https:\/\/www.minesparis.psl.eu\/persee\/le-centre\/\"]}]},{\"@type\":\"ImageObject\",\"inLanguage\":\"fr-FR\",\"@id\":\"https:\/\/www.minesparis.psl.eu\/persee\/le-centre\/#primaryimage\",\"url\":\"https:\/\/www.minesparis.psl.eu\/persee\/wp-content\/uploads\/sites\/22\/2026\/03\/Campus-Pierre-LAFFITTE_250326_001_l-scaled.jpeg\",\"contentUrl\":\"https:\/\/www.minesparis.psl.eu\/persee\/wp-content\/uploads\/sites\/22\/2026\/03\/Campus-Pierre-LAFFITTE_250326_001_l-scaled.jpeg\",\"width\":2560,\"height\":1707,\"caption\":\"Ext. campus Pierre LAFFITTE\"},{\"@type\":\"BreadcrumbList\",\"@id\":\"https:\/\/www.minesparis.psl.eu\/persee\/le-centre\/#breadcrumb\",\"itemListElement\":[{\"@type\":\"ListItem\",\"position\":1,\"name\":\"Accueil\",\"item\":\"https:\/\/www.minesparis.psl.eu\/persee\/\"},{\"@type\":\"ListItem\",\"position\":2,\"name\":\"Le Centre\"}]},{\"@type\":\"WebSite\",\"@id\":\"https:\/\/www.minesparis.psl.eu\/persee\/#website\",\"url\":\"https:\/\/www.minesparis.psl.eu\/persee\/\",\"name\":\"PERSEE\",\"description\":\"\",\"publisher\":{\"@id\":\"https:\/\/www.minesparis.psl.eu\/persee\/#organization\"},\"potentialAction\":[{\"@type\":\"SearchAction\",\"target\":{\"@type\":\"EntryPoint\",\"urlTemplate\":\"https:\/\/www.minesparis.psl.eu\/persee\/?s={search_term_string}\"},\"query-input\":{\"@type\":\"PropertyValueSpecification\",\"valueRequired\":true,\"valueName\":\"search_term_string\"}}],\"inLanguage\":\"fr-FR\"},{\"@type\":\"Organization\",\"@id\":\"https:\/\/www.minesparis.psl.eu\/persee\/#organization\",\"name\":\"PERSEE\",\"url\":\"https:\/\/www.minesparis.psl.eu\/persee\/\",\"logo\":{\"@type\":\"ImageObject\",\"inLanguage\":\"fr-FR\",\"@id\":\"https:\/\/www.minesparis.psl.eu\/persee\/#\/schema\/logo\/image\/\",\"url\":\"https:\/\/www.minesparis.psl.eu\/persee\/wp-content\/uploads\/sites\/22\/2025\/02\/logo-persee.png\",\"contentUrl\":\"https:\/\/www.minesparis.psl.eu\/persee\/wp-content\/uploads\/sites\/22\/2025\/02\/logo-persee.png\",\"width\":1013,\"height\":185,\"caption\":\"PERSEE\"},\"image\":{\"@id\":\"https:\/\/www.minesparis.psl.eu\/persee\/#\/schema\/logo\/image\/\"}}]}<\/script>\n<!-- \/ Yoast SEO plugin. -->","yoast_head_json":{"title":"Le Centre - PERSEE Mines Paris - PSL","robots":{"index":"index","follow":"follow","max-snippet":"max-snippet:-1","max-image-preview":"max-image-preview:large","max-video-preview":"max-video-preview:-1"},"canonical":"https:\/\/www.minesparis.psl.eu\/persee\/le-centre\/","og_locale":"fr_FR","og_type":"article","og_title":"Le Centre - PERSEE Mines Paris - PSL","og_url":"https:\/\/www.minesparis.psl.eu\/persee\/le-centre\/","og_site_name":"PERSEE Mines Paris - PSL","article_modified_time":"2026-04-30T10:27:38+00:00","og_image":[{"width":2560,"height":1707,"url":"https:\/\/www.minesparis.psl.eu\/persee\/wp-content\/uploads\/sites\/22\/2026\/03\/Campus-Pierre-LAFFITTE_250326_001_l-scaled.jpeg","type":"image\/jpeg"}],"twitter_card":"summary_large_image","twitter_misc":{"Dur\u00e9e de lecture estim\u00e9e":"1 minute"},"schema":{"@context":"https:\/\/schema.org","@graph":[{"@type":"WebPage","@id":"https:\/\/www.minesparis.psl.eu\/persee\/le-centre\/","url":"https:\/\/www.minesparis.psl.eu\/persee\/le-centre\/","name":"Le Centre - PERSEE Mines Paris - PSL","isPartOf":{"@id":"https:\/\/www.minesparis.psl.eu\/persee\/#website"},"primaryImageOfPage":{"@id":"https:\/\/www.minesparis.psl.eu\/persee\/le-centre\/#primaryimage"},"image":{"@id":"https:\/\/www.minesparis.psl.eu\/persee\/le-centre\/#primaryimage"},"thumbnailUrl":"https:\/\/www.minesparis.psl.eu\/persee\/wp-content\/uploads\/sites\/22\/2026\/03\/Campus-Pierre-LAFFITTE_250326_001_l-scaled.jpeg","datePublished":"2025-02-25T10:22:24+00:00","dateModified":"2026-04-30T10:27:38+00:00","breadcrumb":{"@id":"https:\/\/www.minesparis.psl.eu\/persee\/le-centre\/#breadcrumb"},"inLanguage":"fr-FR","potentialAction":[{"@type":"ReadAction","target":["https:\/\/www.minesparis.psl.eu\/persee\/le-centre\/"]}]},{"@type":"ImageObject","inLanguage":"fr-FR","@id":"https:\/\/www.minesparis.psl.eu\/persee\/le-centre\/#primaryimage","url":"https:\/\/www.minesparis.psl.eu\/persee\/wp-content\/uploads\/sites\/22\/2026\/03\/Campus-Pierre-LAFFITTE_250326_001_l-scaled.jpeg","contentUrl":"https:\/\/www.minesparis.psl.eu\/persee\/wp-content\/uploads\/sites\/22\/2026\/03\/Campus-Pierre-LAFFITTE_250326_001_l-scaled.jpeg","width":2560,"height":1707,"caption":"Ext. campus Pierre LAFFITTE"},{"@type":"BreadcrumbList","@id":"https:\/\/www.minesparis.psl.eu\/persee\/le-centre\/#breadcrumb","itemListElement":[{"@type":"ListItem","position":1,"name":"Accueil","item":"https:\/\/www.minesparis.psl.eu\/persee\/"},{"@type":"ListItem","position":2,"name":"Le Centre"}]},{"@type":"WebSite","@id":"https:\/\/www.minesparis.psl.eu\/persee\/#website","url":"https:\/\/www.minesparis.psl.eu\/persee\/","name":"PERSEE","description":"","publisher":{"@id":"https:\/\/www.minesparis.psl.eu\/persee\/#organization"},"potentialAction":[{"@type":"SearchAction","target":{"@type":"EntryPoint","urlTemplate":"https:\/\/www.minesparis.psl.eu\/persee\/?s={search_term_string}"},"query-input":{"@type":"PropertyValueSpecification","valueRequired":true,"valueName":"search_term_string"}}],"inLanguage":"fr-FR"},{"@type":"Organization","@id":"https:\/\/www.minesparis.psl.eu\/persee\/#organization","name":"PERSEE","url":"https:\/\/www.minesparis.psl.eu\/persee\/","logo":{"@type":"ImageObject","inLanguage":"fr-FR","@id":"https:\/\/www.minesparis.psl.eu\/persee\/#\/schema\/logo\/image\/","url":"https:\/\/www.minesparis.psl.eu\/persee\/wp-content\/uploads\/sites\/22\/2025\/02\/logo-persee.png","contentUrl":"https:\/\/www.minesparis.psl.eu\/persee\/wp-content\/uploads\/sites\/22\/2025\/02\/logo-persee.png","width":1013,"height":185,"caption":"PERSEE"},"image":{"@id":"https:\/\/www.minesparis.psl.eu\/persee\/#\/schema\/logo\/image\/"}}]}},"_links":{"self":[{"href":"https:\/\/www.minesparis.psl.eu\/persee\/wp-json\/wp\/v2\/pages\/2408","targetHints":{"allow":["GET"]}}],"collection":[{"href":"https:\/\/www.minesparis.psl.eu\/persee\/wp-json\/wp\/v2\/pages"}],"about":[{"href":"https:\/\/www.minesparis.psl.eu\/persee\/wp-json\/wp\/v2\/types\/page"}],"author":[{"embeddable":true,"href":"https:\/\/www.minesparis.psl.eu\/persee\/wp-json\/wp\/v2\/users\/4"}],"replies":[{"embeddable":true,"href":"https:\/\/www.minesparis.psl.eu\/persee\/wp-json\/wp\/v2\/comments?post=2408"}],"version-history":[{"count":226,"href":"https:\/\/www.minesparis.psl.eu\/persee\/wp-json\/wp\/v2\/pages\/2408\/revisions"}],"predecessor-version":[{"id":5256,"href":"https:\/\/www.minesparis.psl.eu\/persee\/wp-json\/wp\/v2\/pages\/2408\/revisions\/5256"}],"wp:featuredmedia":[{"embeddable":true,"href":"https:\/\/www.minesparis.psl.eu\/persee\/wp-json\/wp\/v2\/media\/5109"}],"wp:attachment":[{"href":"https:\/\/www.minesparis.psl.eu\/persee\/wp-json\/wp\/v2\/media?parent=2408"}],"curies":[{"name":"wp","href":"https:\/\/api.w.org\/{rel}","templated":true}]}}