{"id":414,"date":"2025-02-18T15:46:34","date_gmt":"2025-02-18T14:46:34","guid":{"rendered":"https:\/\/www.minesparis.psl.eu\/isige\/?page_id=414"},"modified":"2026-02-04T10:38:37","modified_gmt":"2026-02-04T09:38:37","slug":"faqs-on-the-envim-program","status":"publish","type":"page","link":"https:\/\/www.minesparis.psl.eu\/isige\/formations\/post-master-international-environmental-management-envim\/faqs-on-the-envim-program\/","title":{"rendered":"FAQs on the EnvIM Program"},"content":{"rendered":"<div class=\"container bloc-30-70\">\n\t<div class=\"row mt-4\">\n\t\t<div class=\"col-md-4\">\n\t\t\t<section class=\"fw-main-row \">\n<h2>When is the first date of the program?<\/h2>\n<p>&nbsp;<\/p>\n<\/section>\n\t\t<\/div>\n\t\t<div class=\"col-md-8\">\n\t\t\t<p style=\"text-align: justify\">The first day is scheduled in early January, January 6th for the 2026-2027 academic year.<\/p>\n\t\t<\/div>\n\t<\/div>\n<\/div>\n\n<div class=\"container bloc-30-70\">\n\t<div class=\"row mt-4\">\n\t\t<div class=\"col-md-4\">\n\t\t\t<section class=\"fw-main-row \">\n<div class=\"fw-container\">\n<div class=\"fw-row\">\n<div class=\"fw-col-xs-12\">\n<h2>When are the application deadlines?<\/h2>\n<\/div>\n<\/div>\n<\/div>\n<\/section>\n<section class=\"fw-main-row \">\n<div class=\"fw-container\">\n<div class=\"fw-row\">\n<div class=\"fw-col-xs-12\">\n<p>&nbsp;<\/p>\n<\/div>\n<\/div>\n<\/div>\n<\/section>\n\t\t<\/div>\n\t\t<div class=\"col-md-8\">\n\t\t\t<p style=\"text-align: justify\">Applications are open until November,\u00a0 deadline to send your application file.<\/p>\n\t\t<\/div>\n\t<\/div>\n<\/div>\n\n<div class=\"container bloc-30-70\">\n\t<div class=\"row mt-4\">\n\t\t<div class=\"col-md-4\">\n\t\t\t<section class=\"fw-main-row \">\n<div class=\"fw-container\">\n<div class=\"fw-row\">\n<div class=\"fw-col-xs-12\">\n<h2>When should I apply?<\/h2>\n<\/div>\n<\/div>\n<\/div>\n<\/section>\n<section class=\"fw-main-row \">\n<div class=\"fw-container\">\n<div class=\"fw-row\">\n<div class=\"fw-col-xs-12\">\n<p>&nbsp;<\/p>\n<\/div>\n<\/div>\n<\/div>\n<\/section>\n\t\t<\/div>\n\t\t<div class=\"col-md-8\">\n\t\t\t<p style=\"text-align: justify\">Places are limited so please apply early to increase your chances of success. Candidates applying are strongly advised to submit applications as early as possible.<\/p>\n\t\t<\/div>\n\t<\/div>\n<\/div>\n\n<div class=\"container bloc-30-70\">\n\t<div class=\"row mt-4\">\n\t\t<div class=\"col-md-4\">\n\t\t\t<section class=\"fw-main-row \">\n<div class=\"fw-container\">\n<div class=\"fw-row\">\n<div class=\"fw-col-xs-12\">\n<h2>How do I know if I am eligible?<\/h2>\n<\/div>\n<\/div>\n<\/div>\n<\/section>\n<section class=\"fw-main-row \">\n<div class=\"fw-container\">\n<div class=\"fw-row\">\n<div class=\"fw-col-xs-12\">\n<p>&nbsp;<\/p>\n<\/div>\n<\/div>\n<\/div>\n<\/section>\n\t\t<\/div>\n\t\t<div class=\"col-md-8\">\n\t\t\t<p style=\"text-align: justify\">Complete and send us your application files, we check eligibility on the basis of the whole file, this step needs two to three weeks after the reception of your materials.<\/p>\n\t\t<\/div>\n\t<\/div>\n<\/div>\n\n<div class=\"container bloc-30-70\">\n\t<div class=\"row mt-4\">\n\t\t<div class=\"col-md-4\">\n\t\t\t<section class=\"fw-main-row \">\n<div class=\"fw-container\">\n<div class=\"fw-row\">\n<div class=\"fw-col-xs-12\">\n<h2>How long is the admission process?<\/h2>\n<\/div>\n<\/div>\n<\/div>\n<\/section>\n<section class=\"fw-main-row \">\n<div class=\"fw-container\">\n<div class=\"fw-row\">\n<div class=\"fw-col-xs-12\"><\/div>\n<\/div>\n<\/div>\n<\/section>\n<section class=\"fw-main-row \">\n<div class=\"fw-container\">\n<div class=\"fw-row\">\n<div class=\"fw-col-xs-12\">\n<h3><strong><a href=\"https:\/\/www.isige.minesparis.psl.eu\/formations\/faq\/program-faq\/#_ftnref9\" name=\"_ftn9\"><\/a><\/strong><\/h3>\n<\/div>\n<\/div>\n<\/div>\n<\/section>\n\t\t<\/div>\n\t\t<div class=\"col-md-8\">\n\t\t\t<section class=\"fw-main-row \">\n<div class=\"fw-container\">\n<div class=\"fw-row\">\n<div class=\"fw-col-xs-12\">\n<p style=\"text-align: justify\">Each year applications are open in January and several sessions are organized, depending on the options. Refer to the webpage for these agendas. Upon reception, the application files are studied for eligibility by Mines Paris professors. Two to three weeks after the session deadline if your files are accepted interviews and tests are organized. Considering the results of the test and interview, less than a month is needed to finalize admissions for Mines Paris. Finally a final acceptance is required by our partner universities.<\/p>\n<\/div>\n<\/div>\n<\/div>\n<\/section>\n\t\t<\/div>\n\t<\/div>\n<\/div>\n\n<div class=\"container bloc-30-70\">\n\t<div class=\"row mt-4\">\n\t\t<div class=\"col-md-4\">\n\t\t\t<section class=\"fw-main-row \">\n<div class=\"fw-container\">\n<div class=\"fw-row\">\n<div class=\"fw-col-xs-12\">\n<h2>What is the admission test about?<\/h2>\n<\/div>\n<\/div>\n<\/div>\n<\/section>\n<section class=\"fw-main-row \">\n<div class=\"fw-container\">\n<div class=\"fw-row\">\n<div class=\"fw-col-xs-12\">\n<p>&nbsp;<\/p>\n<\/div>\n<\/div>\n<\/div>\n<\/section>\n\t\t<\/div>\n\t\t<div class=\"col-md-8\">\n\t\t\t<section class=\"fw-main-row \">\n<div class=\"fw-container\">\n<div class=\"fw-row\">\n<div class=\"fw-col-xs-12\">\n<p style=\"text-align: justify\">The admission process involves reviewing the application file, followed by scheduling an interview and a test for eligible candidates. The test is based on a document that applicant\u2019s study in advance and is subject to questions during the interview. There\u00a0 There is no specific recommendation to prepare these tests, based on no specific knowledge but on personal skills, ability to analyze, reflect and synthesize on a given subject (ex a case study dossier). Nevertheless, we recommend applicants to prepare the interview reflecting on their personal motivations and professional project.<\/p>\n<\/div>\n<\/div>\n<\/div>\n<\/section>\n\t\t<\/div>\n\t<\/div>\n<\/div>\n\n<div class=\"container bloc-30-70\">\n\t<div class=\"row mt-4\">\n\t\t<div class=\"col-md-4\">\n\t\t\t<section class=\"fw-main-row \">\n<div class=\"fw-container\">\n<div class=\"fw-row\">\n<div class=\"fw-col-xs-12\">\n<h2>I am eligible, can interviews be conducted remotely?<\/h2>\n<\/div>\n<\/div>\n<\/div>\n<\/section>\n<section class=\"fw-main-row \">\n<div class=\"fw-container\">\n<div class=\"fw-row\">\n<div class=\"fw-col-xs-12\">\n<p>&nbsp;<\/p>\n<\/div>\n<\/div>\n<\/div>\n<\/section>\n\t\t<\/div>\n\t\t<div class=\"col-md-8\">\n\t\t\t<section class=\"fw-main-row \">\n<div class=\"fw-container\">\n<div class=\"fw-row\">\n<div class=\"fw-col-xs-12\">\n<p style=\"text-align: justify\">Yes, we organize remote written tests and interviews with students out of France.<\/p>\n<\/div>\n<\/div>\n<\/div>\n<\/section>\n\t\t<\/div>\n\t<\/div>\n<\/div>\n\n<div class=\"container bloc-30-70\">\n\t<div class=\"row mt-4\">\n\t\t<div class=\"col-md-4\">\n\t\t\t<section class=\"fw-main-row \">\n<div class=\"fw-container\">\n<div class=\"fw-row\">\n<div class=\"fw-col-xs-12\">\n<h2>I am still in my last year of Master, can I apply without having the degree yet?<\/h2>\n<\/div>\n<\/div>\n<\/div>\n<\/section>\n<section class=\"fw-main-row \">\n<div class=\"fw-container\">\n<div class=\"fw-row\">\n<div class=\"fw-col-xs-12\">\n<p>&nbsp;<\/p>\n<\/div>\n<\/div>\n<\/div>\n<\/section>\n\t\t<\/div>\n\t\t<div class=\"col-md-8\">\n\t\t\t<section class=\"fw-main-row \">\n<div class=\"fw-container\">\n<div class=\"fw-row\">\n<div class=\"fw-col-xs-12\">\n<p style=\"text-align: justify\">Many applicants are unable to provide their Master&rsquo;s degree diploma during the applications period. In that case provide a certificate or a copy of your latest diplomas and transcripts, current year included. Upon admission, a copy of the diploma is mandatory to register to this program.<\/p>\n<\/div>\n<\/div>\n<\/div>\n<\/section>\n\t\t<\/div>\n\t<\/div>\n<\/div>\n\n<div class=\"container bloc-30-70\">\n\t<div class=\"row mt-4\">\n\t\t<div class=\"col-md-4\">\n\t\t\t<section class=\"fw-main-row \">\n<div class=\"fw-container\">\n<div class=\"fw-row\">\n<div class=\"fw-col-xs-12\">\n<h2>I would like to apply but I hold a Bachelor&rsquo;s degree?<\/h2>\n<\/div>\n<\/div>\n<\/div>\n<\/section>\n<section class=\"fw-main-row \">\n<div class=\"fw-container\">\n<div class=\"fw-row\">\n<div class=\"fw-col-xs-12\">\n<p>&nbsp;<\/p>\n<\/div>\n<\/div>\n<\/div>\n<\/section>\n\t\t<\/div>\n\t\t<div class=\"col-md-8\">\n\t\t\t<section class=\"fw-main-row \">\n<div class=\"fw-container\">\n<div class=\"fw-row\">\n<div class=\"fw-col-xs-12\">\n<p style=\"text-align: justify\">These programs require a Master Degree level (Master 2, or 5 years of study after French \u201cbaccalaureat\u201d or equivalence), but in some cases exemptions are accepted, for students having a bachelor if they have enough and coherent experiences (internships of period of work) and a sound personal motivation.<\/p>\n<\/div>\n<\/div>\n<\/div>\n<\/section>\n\t\t<\/div>\n\t<\/div>\n<\/div>\n\n<div class=\"container bloc-30-70\">\n\t<div class=\"row mt-4\">\n\t\t<div class=\"col-md-4\">\n\t\t\t<section class=\"fw-main-row \">\n<div class=\"fw-container\">\n<div class=\"fw-row\">\n<div class=\"fw-col-xs-12\">\n<h2>I am a young professional with several years of experience, are these training programs designed for me ?<\/h2>\n<\/div>\n<\/div>\n<\/div>\n<\/section>\n<section class=\"fw-main-row \">\n<div class=\"fw-container\">\n<div class=\"fw-row\">\n<div class=\"fw-col-xs-12\">\n<p>&nbsp;<\/p>\n<\/div>\n<\/div>\n<\/div>\n<\/section>\n\t\t<\/div>\n\t\t<div class=\"col-md-8\">\n\t\t\t<section class=\"fw-main-row \">\n<div class=\"fw-container\">\n<div class=\"fw-row\">\n<div class=\"fw-col-xs-12\">\n<p style=\"text-align: justify\">Indeed you are welcome to apply to this program, with many case studies and real-life projects EnvIM is well designed for professionals,\u00a0 contact us for personal advice.<\/p>\n<\/div>\n<\/div>\n<\/div>\n<\/section>\n\t\t<\/div>\n\t<\/div>\n<\/div>\n\n<div class=\"container bloc-30-70\">\n\t<div class=\"row mt-4\">\n\t\t<div class=\"col-md-4\">\n\t\t\t<section class=\"fw-main-row \">\n<div class=\"fw-container\">\n<div class=\"fw-row\">\n<div class=\"fw-col-xs-12\">\n<h2>What english level is required?<\/h2>\n<\/div>\n<\/div>\n<\/div>\n<\/section>\n<section class=\"fw-main-row \">\n<div class=\"fw-container\">\n<div class=\"fw-row\">\n<div class=\"fw-col-xs-12\">\n<p>&nbsp;<\/p>\n<\/div>\n<\/div>\n<\/div>\n<\/section>\n\t\t<\/div>\n\t\t<div class=\"col-md-8\">\n\t\t\t<section class=\"fw-main-row \">\n<div class=\"fw-container\">\n<div class=\"fw-row\">\n<div class=\"fw-col-xs-12\">\n<p style=\"text-align: justify\">EnvIM is exclusively in English. It is therefore essential to have a good English level. You need to be able to follow the lectures, write and speak international English properly for the various projects and thesis writing and defense. We expect a good score from an English test chosen by applicants. If you are coming from an English-speaking University or if English is your native language, you do not have to provide a certification. Written tests and interviews are conducted in English.\nEx : test such as TOEFL (iBT, PBT ou CBT), TOEIC (Bridge, or Listening and Reading, or Speaking and Writing), IELTS or Cambridge (CAE Certificate in Advanced English or CPE Proficiency in English) or equivalent are accepted.<\/p>\n<\/div>\n<\/div>\n<\/div>\n<\/section>\n\t\t<\/div>\n\t<\/div>\n<\/div>\n\n<div class=\"container bloc-30-70\">\n\t<div class=\"row mt-4\">\n\t\t<div class=\"col-md-4\">\n\t\t\t<section class=\"fw-main-row \">\n<div class=\"fw-container\">\n<div class=\"fw-row\">\n<div class=\"fw-col-xs-12\">\n<h2>What is the process for recommendation form?<\/h2>\n<\/div>\n<\/div>\n<\/div>\n<\/section>\n<section class=\"fw-main-row \">\n<div class=\"fw-container\">\n<div class=\"fw-row\">\n<div class=\"fw-col-xs-12\">\n<p>&nbsp;<\/p>\n<\/div>\n<\/div>\n<\/div>\n<\/section>\n\t\t<\/div>\n\t\t<div class=\"col-md-8\">\n\t\t\t<section class=\"fw-main-row \">\n<div class=\"fw-container\">\n<div class=\"fw-row\">\n<div class=\"fw-col-xs-12\">\n<p style=\"text-align: justify\">Have them sent by email to the address indicated on the recommendation letter form. We prefer the letters being sent directly to us by the person recommending you. We expect 3 recommendation letters, forms can be downloaded here.<\/p>\n<\/div>\n<\/div>\n<\/div>\n<\/section>\n\t\t<\/div>\n\t<\/div>\n<\/div>\n\n<div class=\"container bloc-30-70\">\n\t<div class=\"row mt-4\">\n\t\t<div class=\"col-md-4\">\n\t\t\t<section class=\"fw-main-row \">\n<div class=\"fw-container\">\n<div class=\"fw-row\">\n<div class=\"fw-col-xs-12\">\n<h2>How to finance the program?<\/h2>\n<\/div>\n<\/div>\n<\/div>\n<\/section>\n<section class=\"fw-main-row \">\n<div class=\"fw-container\">\n<div class=\"fw-row\">\n<div class=\"fw-col-xs-12\">\n<p>&nbsp;<\/p>\n<\/div>\n<\/div>\n<\/div>\n<\/section>\n\t\t<\/div>\n\t\t<div class=\"col-md-8\">\n\t\t\t<section class=\"fw-main-row \">\n<div class=\"fw-container\">\n<div class=\"fw-row\">\n<div class=\"fw-col-xs-12\">\n<p style=\"text-align: justify\">This program allows students who are eligible under apprenticeship regulations to pursue work-study contracts. Students have also the possibility to finance the program costs with their own funds or student loans. However, French banks generally require a guarantor located in France.\u00a0 In all cases, the 6-month period in a company or internship, is usually paid and provides students with extra financial resources\nThis program does not offer any possibility to apply for a scholarship directly, and students have to contact\u00a0<a href=\"https:\/\/www.campusfrance.org\/en\" target=\"_blank\" rel=\"noopener\">\u201cCampus France\u201d in their country<\/a>. For further information, see the webpages and scholarships fitting nationality and background.<\/p>\n<p>&nbsp;<\/p>\n<\/div>\n<\/div>\n<\/div>\n<\/section>\n\t\t<\/div>\n\t<\/div>\n<\/div>","protected":false},"excerpt":{"rendered":"","protected":false},"author":1,"featured_media":415,"parent":296,"menu_order":0,"comment_status":"closed","ping_status":"closed","template":"","meta":{"footnotes":""},"class_list":["post-414","page","type-page","status-publish","has-post-thumbnail","hentry"],"acf":[],"yoast_head":"<!-- This site is optimized with the Yoast SEO plugin v27.2 - https:\/\/yoast.com\/product\/yoast-seo-wordpress\/ -->\n<title>FAQs on the EnvIM Program - ISIGE Mines Paris - PSL<\/title>\n<meta name=\"robots\" content=\"index, follow, max-snippet:-1, max-image-preview:large, max-video-preview:-1\" \/>\n<link rel=\"canonical\" href=\"https:\/\/www.minesparis.psl.eu\/isige\/formations\/post-master-international-environmental-management-envim\/faqs-on-the-envim-program\/\" \/>\n<meta property=\"og:locale\" content=\"fr_FR\" \/>\n<meta property=\"og:type\" content=\"article\" \/>\n<meta property=\"og:title\" content=\"FAQs on the EnvIM Program - ISIGE Mines Paris - PSL\" \/>\n<meta property=\"og:url\" content=\"https:\/\/www.minesparis.psl.eu\/isige\/formations\/post-master-international-environmental-management-envim\/faqs-on-the-envim-program\/\" \/>\n<meta property=\"og:site_name\" content=\"ISIGE Mines Paris - PSL\" \/>\n<meta property=\"article:modified_time\" content=\"2026-02-04T09:38:37+00:00\" \/>\n<meta property=\"og:image\" content=\"https:\/\/www.minesparis.psl.eu\/isige\/wp-content\/uploads\/sites\/21\/2025\/02\/Terrain-YellowGreen.jpg\" \/>\n\t<meta property=\"og:image:width\" content=\"1160\" \/>\n\t<meta property=\"og:image:height\" content=\"772\" \/>\n\t<meta property=\"og:image:type\" content=\"image\/jpeg\" \/>\n<meta name=\"twitter:card\" content=\"summary_large_image\" \/>\n<meta name=\"twitter:label1\" content=\"Dur\u00e9e de lecture estim\u00e9e\" \/>\n\t<meta name=\"twitter:data1\" content=\"1 minute\" \/>\n<script type=\"application\/ld+json\" class=\"yoast-schema-graph\">{\"@context\":\"https:\/\/schema.org\",\"@graph\":[{\"@type\":\"WebPage\",\"@id\":\"https:\/\/www.minesparis.psl.eu\/isige\/formations\/post-master-international-environmental-management-envim\/faqs-on-the-envim-program\/\",\"url\":\"https:\/\/www.minesparis.psl.eu\/isige\/formations\/post-master-international-environmental-management-envim\/faqs-on-the-envim-program\/\",\"name\":\"FAQs on the EnvIM Program - ISIGE Mines Paris - PSL\",\"isPartOf\":{\"@id\":\"https:\/\/www.minesparis.psl.eu\/isige\/#website\"},\"primaryImageOfPage\":{\"@id\":\"https:\/\/www.minesparis.psl.eu\/isige\/formations\/post-master-international-environmental-management-envim\/faqs-on-the-envim-program\/#primaryimage\"},\"image\":{\"@id\":\"https:\/\/www.minesparis.psl.eu\/isige\/formations\/post-master-international-environmental-management-envim\/faqs-on-the-envim-program\/#primaryimage\"},\"thumbnailUrl\":\"https:\/\/www.minesparis.psl.eu\/isige\/wp-content\/uploads\/sites\/21\/2025\/02\/Terrain-YellowGreen.jpg\",\"datePublished\":\"2025-02-18T14:46:34+00:00\",\"dateModified\":\"2026-02-04T09:38:37+00:00\",\"breadcrumb\":{\"@id\":\"https:\/\/www.minesparis.psl.eu\/isige\/formations\/post-master-international-environmental-management-envim\/faqs-on-the-envim-program\/#breadcrumb\"},\"inLanguage\":\"fr-FR\",\"potentialAction\":[{\"@type\":\"ReadAction\",\"target\":[\"https:\/\/www.minesparis.psl.eu\/isige\/formations\/post-master-international-environmental-management-envim\/faqs-on-the-envim-program\/\"]}]},{\"@type\":\"ImageObject\",\"inLanguage\":\"fr-FR\",\"@id\":\"https:\/\/www.minesparis.psl.eu\/isige\/formations\/post-master-international-environmental-management-envim\/faqs-on-the-envim-program\/#primaryimage\",\"url\":\"https:\/\/www.minesparis.psl.eu\/isige\/wp-content\/uploads\/sites\/21\/2025\/02\/Terrain-YellowGreen.jpg\",\"contentUrl\":\"https:\/\/www.minesparis.psl.eu\/isige\/wp-content\/uploads\/sites\/21\/2025\/02\/Terrain-YellowGreen.jpg\",\"width\":1160,\"height\":772},{\"@type\":\"BreadcrumbList\",\"@id\":\"https:\/\/www.minesparis.psl.eu\/isige\/formations\/post-master-international-environmental-management-envim\/faqs-on-the-envim-program\/#breadcrumb\",\"itemListElement\":[{\"@type\":\"ListItem\",\"position\":1,\"name\":\"Accueil\",\"item\":\"https:\/\/www.minesparis.psl.eu\/isige\/\"},{\"@type\":\"ListItem\",\"position\":2,\"name\":\"Les formations\",\"item\":\"https:\/\/www.minesparis.psl.eu\/isige\/formations\/\"},{\"@type\":\"ListItem\",\"position\":3,\"name\":\"Mast\u00e8re Sp\u00e9cialis\u00e9\u00aeEEDD parcours International Environmental Management (EnvIM)\",\"item\":\"https:\/\/www.minesparis.psl.eu\/isige\/formations\/post-master-international-environmental-management-envim\/\"},{\"@type\":\"ListItem\",\"position\":4,\"name\":\"FAQs on the EnvIM Program\"}]},{\"@type\":\"WebSite\",\"@id\":\"https:\/\/www.minesparis.psl.eu\/isige\/#website\",\"url\":\"https:\/\/www.minesparis.psl.eu\/isige\/\",\"name\":\"ISIGE Mines Paris - PSL\",\"description\":\"\",\"publisher\":{\"@id\":\"https:\/\/www.minesparis.psl.eu\/isige\/#organization\"},\"potentialAction\":[{\"@type\":\"SearchAction\",\"target\":{\"@type\":\"EntryPoint\",\"urlTemplate\":\"https:\/\/www.minesparis.psl.eu\/isige\/?s={search_term_string}\"},\"query-input\":{\"@type\":\"PropertyValueSpecification\",\"valueRequired\":true,\"valueName\":\"search_term_string\"}}],\"inLanguage\":\"fr-FR\"},{\"@type\":\"Organization\",\"@id\":\"https:\/\/www.minesparis.psl.eu\/isige\/#organization\",\"name\":\"ISIGE Mines Paris - PSL\",\"url\":\"https:\/\/www.minesparis.psl.eu\/isige\/\",\"logo\":{\"@type\":\"ImageObject\",\"inLanguage\":\"fr-FR\",\"@id\":\"https:\/\/www.minesparis.psl.eu\/isige\/#\/schema\/logo\/image\/\",\"url\":\"https:\/\/www.minesparis.psl.eu\/isige\/wp-content\/uploads\/sites\/21\/2025\/02\/cropped-MinesParis-PSL-ISIGEOCoRVB-1.png\",\"contentUrl\":\"https:\/\/www.minesparis.psl.eu\/isige\/wp-content\/uploads\/sites\/21\/2025\/02\/cropped-MinesParis-PSL-ISIGEOCoRVB-1.png\",\"width\":1584,\"height\":360,\"caption\":\"ISIGE Mines Paris - PSL\"},\"image\":{\"@id\":\"https:\/\/www.minesparis.psl.eu\/isige\/#\/schema\/logo\/image\/\"}}]}<\/script>\n<!-- \/ Yoast SEO plugin. -->","yoast_head_json":{"title":"FAQs on the EnvIM Program - ISIGE Mines Paris - PSL","robots":{"index":"index","follow":"follow","max-snippet":"max-snippet:-1","max-image-preview":"max-image-preview:large","max-video-preview":"max-video-preview:-1"},"canonical":"https:\/\/www.minesparis.psl.eu\/isige\/formations\/post-master-international-environmental-management-envim\/faqs-on-the-envim-program\/","og_locale":"fr_FR","og_type":"article","og_title":"FAQs on the EnvIM Program - ISIGE Mines Paris - PSL","og_url":"https:\/\/www.minesparis.psl.eu\/isige\/formations\/post-master-international-environmental-management-envim\/faqs-on-the-envim-program\/","og_site_name":"ISIGE Mines Paris - PSL","article_modified_time":"2026-02-04T09:38:37+00:00","og_image":[{"width":1160,"height":772,"url":"https:\/\/www.minesparis.psl.eu\/isige\/wp-content\/uploads\/sites\/21\/2025\/02\/Terrain-YellowGreen.jpg","type":"image\/jpeg"}],"twitter_card":"summary_large_image","twitter_misc":{"Dur\u00e9e de lecture estim\u00e9e":"1 minute"},"schema":{"@context":"https:\/\/schema.org","@graph":[{"@type":"WebPage","@id":"https:\/\/www.minesparis.psl.eu\/isige\/formations\/post-master-international-environmental-management-envim\/faqs-on-the-envim-program\/","url":"https:\/\/www.minesparis.psl.eu\/isige\/formations\/post-master-international-environmental-management-envim\/faqs-on-the-envim-program\/","name":"FAQs on the EnvIM Program - ISIGE Mines Paris - PSL","isPartOf":{"@id":"https:\/\/www.minesparis.psl.eu\/isige\/#website"},"primaryImageOfPage":{"@id":"https:\/\/www.minesparis.psl.eu\/isige\/formations\/post-master-international-environmental-management-envim\/faqs-on-the-envim-program\/#primaryimage"},"image":{"@id":"https:\/\/www.minesparis.psl.eu\/isige\/formations\/post-master-international-environmental-management-envim\/faqs-on-the-envim-program\/#primaryimage"},"thumbnailUrl":"https:\/\/www.minesparis.psl.eu\/isige\/wp-content\/uploads\/sites\/21\/2025\/02\/Terrain-YellowGreen.jpg","datePublished":"2025-02-18T14:46:34+00:00","dateModified":"2026-02-04T09:38:37+00:00","breadcrumb":{"@id":"https:\/\/www.minesparis.psl.eu\/isige\/formations\/post-master-international-environmental-management-envim\/faqs-on-the-envim-program\/#breadcrumb"},"inLanguage":"fr-FR","potentialAction":[{"@type":"ReadAction","target":["https:\/\/www.minesparis.psl.eu\/isige\/formations\/post-master-international-environmental-management-envim\/faqs-on-the-envim-program\/"]}]},{"@type":"ImageObject","inLanguage":"fr-FR","@id":"https:\/\/www.minesparis.psl.eu\/isige\/formations\/post-master-international-environmental-management-envim\/faqs-on-the-envim-program\/#primaryimage","url":"https:\/\/www.minesparis.psl.eu\/isige\/wp-content\/uploads\/sites\/21\/2025\/02\/Terrain-YellowGreen.jpg","contentUrl":"https:\/\/www.minesparis.psl.eu\/isige\/wp-content\/uploads\/sites\/21\/2025\/02\/Terrain-YellowGreen.jpg","width":1160,"height":772},{"@type":"BreadcrumbList","@id":"https:\/\/www.minesparis.psl.eu\/isige\/formations\/post-master-international-environmental-management-envim\/faqs-on-the-envim-program\/#breadcrumb","itemListElement":[{"@type":"ListItem","position":1,"name":"Accueil","item":"https:\/\/www.minesparis.psl.eu\/isige\/"},{"@type":"ListItem","position":2,"name":"Les formations","item":"https:\/\/www.minesparis.psl.eu\/isige\/formations\/"},{"@type":"ListItem","position":3,"name":"Mast\u00e8re Sp\u00e9cialis\u00e9\u00aeEEDD parcours International Environmental Management (EnvIM)","item":"https:\/\/www.minesparis.psl.eu\/isige\/formations\/post-master-international-environmental-management-envim\/"},{"@type":"ListItem","position":4,"name":"FAQs on the EnvIM Program"}]},{"@type":"WebSite","@id":"https:\/\/www.minesparis.psl.eu\/isige\/#website","url":"https:\/\/www.minesparis.psl.eu\/isige\/","name":"ISIGE Mines Paris - PSL","description":"","publisher":{"@id":"https:\/\/www.minesparis.psl.eu\/isige\/#organization"},"potentialAction":[{"@type":"SearchAction","target":{"@type":"EntryPoint","urlTemplate":"https:\/\/www.minesparis.psl.eu\/isige\/?s={search_term_string}"},"query-input":{"@type":"PropertyValueSpecification","valueRequired":true,"valueName":"search_term_string"}}],"inLanguage":"fr-FR"},{"@type":"Organization","@id":"https:\/\/www.minesparis.psl.eu\/isige\/#organization","name":"ISIGE Mines Paris - PSL","url":"https:\/\/www.minesparis.psl.eu\/isige\/","logo":{"@type":"ImageObject","inLanguage":"fr-FR","@id":"https:\/\/www.minesparis.psl.eu\/isige\/#\/schema\/logo\/image\/","url":"https:\/\/www.minesparis.psl.eu\/isige\/wp-content\/uploads\/sites\/21\/2025\/02\/cropped-MinesParis-PSL-ISIGEOCoRVB-1.png","contentUrl":"https:\/\/www.minesparis.psl.eu\/isige\/wp-content\/uploads\/sites\/21\/2025\/02\/cropped-MinesParis-PSL-ISIGEOCoRVB-1.png","width":1584,"height":360,"caption":"ISIGE Mines Paris - PSL"},"image":{"@id":"https:\/\/www.minesparis.psl.eu\/isige\/#\/schema\/logo\/image\/"}}]}},"_links":{"self":[{"href":"https:\/\/www.minesparis.psl.eu\/isige\/wp-json\/wp\/v2\/pages\/414","targetHints":{"allow":["GET"]}}],"collection":[{"href":"https:\/\/www.minesparis.psl.eu\/isige\/wp-json\/wp\/v2\/pages"}],"about":[{"href":"https:\/\/www.minesparis.psl.eu\/isige\/wp-json\/wp\/v2\/types\/page"}],"author":[{"embeddable":true,"href":"https:\/\/www.minesparis.psl.eu\/isige\/wp-json\/wp\/v2\/users\/1"}],"replies":[{"embeddable":true,"href":"https:\/\/www.minesparis.psl.eu\/isige\/wp-json\/wp\/v2\/comments?post=414"}],"version-history":[{"count":17,"href":"https:\/\/www.minesparis.psl.eu\/isige\/wp-json\/wp\/v2\/pages\/414\/revisions"}],"predecessor-version":[{"id":3923,"href":"https:\/\/www.minesparis.psl.eu\/isige\/wp-json\/wp\/v2\/pages\/414\/revisions\/3923"}],"up":[{"embeddable":true,"href":"https:\/\/www.minesparis.psl.eu\/isige\/wp-json\/wp\/v2\/pages\/296"}],"wp:featuredmedia":[{"embeddable":true,"href":"https:\/\/www.minesparis.psl.eu\/isige\/wp-json\/wp\/v2\/media\/415"}],"wp:attachment":[{"href":"https:\/\/www.minesparis.psl.eu\/isige\/wp-json\/wp\/v2\/media?parent=414"}],"curies":[{"name":"wp","href":"https:\/\/api.w.org\/{rel}","templated":true}]}}