{"id":226,"date":"2025-01-22T13:13:53","date_gmt":"2025-01-22T12:13:53","guid":{"rendered":"https:\/\/www.minesparis.psl.eu\/isige\/?page_id=226"},"modified":"2026-02-16T16:59:22","modified_gmt":"2026-02-16T15:59:22","slug":"etudiants","status":"publish","type":"page","link":"https:\/\/www.minesparis.psl.eu\/isige\/lisige\/etudiants\/","title":{"rendered":"Les \u00e9tudiants de l\u2019ISIGE Mines Paris \u2013 PSL"},"content":{"rendered":"\n<div class=\"container block-full-largeur\">\n\t<div class=\"row mt-4\">\n\t\t<div class=\"col-md-12\">\n\t\t\t<h2>Mast\u00e8re Sp\u00e9cialis\u00e9 EEDD parcours Ing\u00e9nierie et Gestion de l\u2019Environnement (IGE)<\/h2>\n\t\t<\/div>\n\t<\/div>\n<\/div>\n\n\n<div class=\"container bloc-30-30-30\">\n\t<div class=\"row mt-4\">\n\t\t<div class=\"col-md-4\">\n\t\t\t\t\t<\/div>\n\t\t<div class=\"col-md-4\">\n\t\t\t\t\t<\/div>\n\t\t<div class=\"col-md-4\">\n\t\t\t\t\t<\/div>\n\t<\/div>\n<\/div>\n\n\n<div class=\"container bloc-30-30-30\">\n\t<div class=\"row mt-4\">\n\t\t<div class=\"col-md-4\">\n\t\t\t\t\t<\/div>\n\t\t<div class=\"col-md-4\">\n\t\t\t<p><img loading=\"lazy\" decoding=\"async\" class=\"size-medium wp-image-4023\" src=\"https:\/\/www.minesparis.psl.eu\/isige\/wp-content\/uploads\/sites\/21\/2026\/02\/IMG_5189-modified-300x300.png\" alt=\"Idriss A\u00cfT-TAHAR\" width=\"300\" height=\"300\" srcset=\"https:\/\/www.minesparis.psl.eu\/isige\/wp-content\/uploads\/sites\/21\/2026\/02\/IMG_5189-modified-300x300.png 300w, https:\/\/www.minesparis.psl.eu\/isige\/wp-content\/uploads\/sites\/21\/2026\/02\/IMG_5189-modified-1024x1024.png 1024w, https:\/\/www.minesparis.psl.eu\/isige\/wp-content\/uploads\/sites\/21\/2026\/02\/IMG_5189-modified-150x150.png 150w, https:\/\/www.minesparis.psl.eu\/isige\/wp-content\/uploads\/sites\/21\/2026\/02\/IMG_5189-modified-768x768.png 768w, https:\/\/www.minesparis.psl.eu\/isige\/wp-content\/uploads\/sites\/21\/2026\/02\/IMG_5189-modified-1536x1536.png 1536w, https:\/\/www.minesparis.psl.eu\/isige\/wp-content\/uploads\/sites\/21\/2026\/02\/IMG_5189-modified-1300x1300.png 1300w, https:\/\/www.minesparis.psl.eu\/isige\/wp-content\/uploads\/sites\/21\/2026\/02\/IMG_5189-modified.png 2020w\" sizes=\"auto, (max-width: 300px) 100vw, 300px\" \/><\/p>\n<h3 style=\"text-align: center\">Idriss A\u00eft-Tahar<\/h3>\n<p style=\"text-align: center\">IGE 2025-26<\/p>\n<p style=\"text-align: center\"><a class=\"button-mines btn-bleu flech lf-blanc\" href=\"https:\/\/www.minesparis.psl.eu\/isige\/actualites\/portrait-didriss-ait-tahar-ms-eedd-parcours-ige-2025-26\/\" target=\"_blank\" rel=\"noopener\">En savoir plus<\/a><\/p>\n\t\t<\/div>\n\t\t<div class=\"col-md-4\">\n\t\t\t\t\t<\/div>\n\t<\/div>\n<\/div>\n\n\n<div class=\"container bloc-30-30-30\">\n\t<div class=\"row mt-4\">\n\t\t<div class=\"col-md-4\">\n\t\t\t<p><img loading=\"lazy\" decoding=\"async\" class=\"wp-image-3960 size-medium aligncenter\" src=\"https:\/\/www.minesparis.psl.eu\/isige\/wp-content\/uploads\/sites\/21\/2026\/02\/IMG_5215-modified-300x300.png\" alt=\"Maxime Parier\" width=\"300\" height=\"300\" srcset=\"https:\/\/www.minesparis.psl.eu\/isige\/wp-content\/uploads\/sites\/21\/2026\/02\/IMG_5215-modified-300x300.png 300w, https:\/\/www.minesparis.psl.eu\/isige\/wp-content\/uploads\/sites\/21\/2026\/02\/IMG_5215-modified-1024x1024.png 1024w, https:\/\/www.minesparis.psl.eu\/isige\/wp-content\/uploads\/sites\/21\/2026\/02\/IMG_5215-modified-150x150.png 150w, https:\/\/www.minesparis.psl.eu\/isige\/wp-content\/uploads\/sites\/21\/2026\/02\/IMG_5215-modified-768x768.png 768w, https:\/\/www.minesparis.psl.eu\/isige\/wp-content\/uploads\/sites\/21\/2026\/02\/IMG_5215-modified-1536x1536.png 1536w, https:\/\/www.minesparis.psl.eu\/isige\/wp-content\/uploads\/sites\/21\/2026\/02\/IMG_5215-modified-2048x2048.png 2048w, https:\/\/www.minesparis.psl.eu\/isige\/wp-content\/uploads\/sites\/21\/2026\/02\/IMG_5215-modified-1300x1300.png 1300w\" sizes=\"auto, (max-width: 300px) 100vw, 300px\" \/><\/p>\n<h3 style=\"text-align: center\">Maxime Parier<\/h3>\n<p style=\"text-align: center\">IGE 2025-26<\/p>\n<p style=\"text-align: center\"><a class=\"button-mines btn-bleu flech lf-blanc\" href=\"https:\/\/www.minesparis.psl.eu\/isige\/actualites\/portrait-de-maxime-parier-ms-eedd-parcours-ige-2025-26\/\" target=\"_blank\" rel=\"noopener\">En savoir plus<\/a><\/p>\n\t\t<\/div>\n\t\t<div class=\"col-md-4\">\n\t\t\t<p><img loading=\"lazy\" decoding=\"async\" class=\"size-medium wp-image-3986 aligncenter\" src=\"https:\/\/www.minesparis.psl.eu\/isige\/wp-content\/uploads\/sites\/21\/2026\/02\/IMG_5267-modified-300x300.png\" alt=\"Margaux Pinpin\" width=\"300\" height=\"300\" srcset=\"https:\/\/www.minesparis.psl.eu\/isige\/wp-content\/uploads\/sites\/21\/2026\/02\/IMG_5267-modified-300x300.png 300w, https:\/\/www.minesparis.psl.eu\/isige\/wp-content\/uploads\/sites\/21\/2026\/02\/IMG_5267-modified-1024x1024.png 1024w, https:\/\/www.minesparis.psl.eu\/isige\/wp-content\/uploads\/sites\/21\/2026\/02\/IMG_5267-modified-150x150.png 150w, https:\/\/www.minesparis.psl.eu\/isige\/wp-content\/uploads\/sites\/21\/2026\/02\/IMG_5267-modified-768x768.png 768w, https:\/\/www.minesparis.psl.eu\/isige\/wp-content\/uploads\/sites\/21\/2026\/02\/IMG_5267-modified-1536x1536.png 1536w, https:\/\/www.minesparis.psl.eu\/isige\/wp-content\/uploads\/sites\/21\/2026\/02\/IMG_5267-modified-2048x2048.png 2048w, https:\/\/www.minesparis.psl.eu\/isige\/wp-content\/uploads\/sites\/21\/2026\/02\/IMG_5267-modified-1300x1300.png 1300w\" sizes=\"auto, (max-width: 300px) 100vw, 300px\" \/><\/p>\n<h3 style=\"text-align: center\">Margaux Pinpin<\/h3>\n<p style=\"text-align: center\">IGE 2025-26<\/p>\n<p style=\"text-align: center\"><a class=\"button-mines btn-bleu flech lf-blanc\" href=\"https:\/\/www.minesparis.psl.eu\/isige\/actualites\/portrait-de-margaux-pinpin-ms-eedd-parcours-ige-2025-26\/\" target=\"_blank\" rel=\"noopener\">En savoir plus<\/a><\/p>\n\t\t<\/div>\n\t\t<div class=\"col-md-4\">\n\t\t\t<p style=\"text-align: center\"><img loading=\"lazy\" decoding=\"async\" class=\"aligncenter wp-image-3964 size-medium\" src=\"https:\/\/www.minesparis.psl.eu\/isige\/wp-content\/uploads\/sites\/21\/2026\/02\/IMG_5249-modified-300x300.png\" alt=\"\" width=\"300\" height=\"300\" srcset=\"https:\/\/www.minesparis.psl.eu\/isige\/wp-content\/uploads\/sites\/21\/2026\/02\/IMG_5249-modified-300x300.png 300w, https:\/\/www.minesparis.psl.eu\/isige\/wp-content\/uploads\/sites\/21\/2026\/02\/IMG_5249-modified-1024x1024.png 1024w, https:\/\/www.minesparis.psl.eu\/isige\/wp-content\/uploads\/sites\/21\/2026\/02\/IMG_5249-modified-150x150.png 150w, https:\/\/www.minesparis.psl.eu\/isige\/wp-content\/uploads\/sites\/21\/2026\/02\/IMG_5249-modified-768x768.png 768w, https:\/\/www.minesparis.psl.eu\/isige\/wp-content\/uploads\/sites\/21\/2026\/02\/IMG_5249-modified-1536x1536.png 1536w, https:\/\/www.minesparis.psl.eu\/isige\/wp-content\/uploads\/sites\/21\/2026\/02\/IMG_5249-modified-2048x2048.png 2048w, https:\/\/www.minesparis.psl.eu\/isige\/wp-content\/uploads\/sites\/21\/2026\/02\/IMG_5249-modified-1300x1300.png 1300w\" sizes=\"auto, (max-width: 300px) 100vw, 300px\" \/><\/p>\n<h3 style=\"text-align: center\"><strong>Thibault Locqueville<\/strong><\/h3>\n<p style=\"text-align: center\">IGE 2025-26<\/p>\n<p style=\"text-align: center\"><a class=\"button-mines btn-bleu flech lf-blanc\" href=\"https:\/\/www.minesparis.psl.eu\/isige\/actualites\/portrait-de-thibault-locqueville-ms-eedd-parcours-ige-2025-26\/\" target=\"_blank\" rel=\"noopener\">En savoir plus<\/a><\/p>\n\t\t<\/div>\n\t<\/div>\n<\/div>\n\n\n<div class=\"container bloc-30-30-30\">\n\t<div class=\"row mt-4\">\n\t\t<div class=\"col-md-4\">\n\t\t\t<p><img loading=\"lazy\" decoding=\"async\" class=\"wp-image-1972 size-medium aligncenter\" src=\"https:\/\/www.minesparis.psl.eu\/isige\/wp-content\/uploads\/sites\/21\/2025\/03\/Maud-300x300.png\" alt=\"Maud Bricout ISIGE\" width=\"300\" height=\"300\" srcset=\"https:\/\/www.minesparis.psl.eu\/isige\/wp-content\/uploads\/sites\/21\/2025\/03\/Maud-300x300.png 300w, https:\/\/www.minesparis.psl.eu\/isige\/wp-content\/uploads\/sites\/21\/2025\/03\/Maud-150x150.png 150w, https:\/\/www.minesparis.psl.eu\/isige\/wp-content\/uploads\/sites\/21\/2025\/03\/Maud.png 745w\" sizes=\"auto, (max-width: 300px) 100vw, 300px\" \/><\/p>\n<h3 style=\"text-align: center\">Maud Bricout<\/h3>\n<p style=\"text-align: center\">IGE 2024-25<\/p>\n<p style=\"text-align: center\"><a class=\"button-mines btn-bleu flech lf-blanc\" href=\"https:\/\/www.minesparis.psl.eu\/isige\/actualites\/portrait-de-maud-bricout-ms-eedd-parcours-ige-2024-25\/\" target=\"_blank\" rel=\"noopener\">En savoir plus<\/a><\/p>\n\t\t<\/div>\n\t\t<div class=\"col-md-4\">\n\t\t\t<p><img loading=\"lazy\" decoding=\"async\" class=\"wp-image-1971 size-medium aligncenter\" src=\"https:\/\/www.minesparis.psl.eu\/isige\/wp-content\/uploads\/sites\/21\/2025\/03\/Baptiste-300x300.png\" alt=\"\" width=\"300\" height=\"300\" srcset=\"https:\/\/www.minesparis.psl.eu\/isige\/wp-content\/uploads\/sites\/21\/2025\/03\/Baptiste-300x300.png 300w, https:\/\/www.minesparis.psl.eu\/isige\/wp-content\/uploads\/sites\/21\/2025\/03\/Baptiste-150x150.png 150w, https:\/\/www.minesparis.psl.eu\/isige\/wp-content\/uploads\/sites\/21\/2025\/03\/Baptiste.png 745w\" sizes=\"auto, (max-width: 300px) 100vw, 300px\" \/><\/p>\n<h3 style=\"text-align: center\">Baptiste Thiberge<\/h3>\n<p style=\"text-align: center\">IGE 2024-25<\/p>\n<p style=\"text-align: center\"><a class=\"button-mines btn-bleu flech lf-blanc\" href=\"https:\/\/www.minesparis.psl.eu\/isige\/actualites\/portrait-de-baptiste-thiberge-ms-eedd-parcours-ige-2024-25\/\" target=\"_blank\" rel=\"noopener\">En savoir plus<\/a><\/p>\n\t\t<\/div>\n\t\t<div class=\"col-md-4\">\n\t\t\t<p style=\"text-align: center\"><img loading=\"lazy\" decoding=\"async\" class=\"alignnone wp-image-1973 size-medium\" src=\"https:\/\/www.minesparis.psl.eu\/isige\/wp-content\/uploads\/sites\/21\/2025\/03\/Lea-300x300.png\" alt=\"\" width=\"300\" height=\"300\" srcset=\"https:\/\/www.minesparis.psl.eu\/isige\/wp-content\/uploads\/sites\/21\/2025\/03\/Lea-300x300.png 300w, https:\/\/www.minesparis.psl.eu\/isige\/wp-content\/uploads\/sites\/21\/2025\/03\/Lea-150x150.png 150w, https:\/\/www.minesparis.psl.eu\/isige\/wp-content\/uploads\/sites\/21\/2025\/03\/Lea.png 745w\" sizes=\"auto, (max-width: 300px) 100vw, 300px\" \/><\/p>\n<h3 style=\"text-align: center\"><strong>L\u00e9a Chapagain<\/strong><\/h3>\n<p style=\"text-align: center\">IGE 2024-25<\/p>\n<p style=\"text-align: center\"><a class=\"button-mines btn-bleu flech lf-blanc\" href=\"https:\/\/www.minesparis.psl.eu\/isige\/actualites\/portrait-de-lea-chapagain-ms-eedd-parcours-ige-2024-25\/\" target=\"_blank\" rel=\"noopener\">En savoir plus<\/a><\/p>\n\t\t<\/div>\n\t<\/div>\n<\/div>\n\n\n<div class=\"container bloc-30-30-30\">\n\t<div class=\"row mt-4\">\n\t\t<div class=\"col-md-4\">\n\t\t\t<p><img loading=\"lazy\" decoding=\"async\" class=\"wp-image-1974 size-medium aligncenter\" src=\"https:\/\/www.minesparis.psl.eu\/isige\/wp-content\/uploads\/sites\/21\/2025\/03\/Dorian-300x300.png\" alt=\"Dorian Fredon ISIGE\" width=\"300\" height=\"300\" srcset=\"https:\/\/www.minesparis.psl.eu\/isige\/wp-content\/uploads\/sites\/21\/2025\/03\/Dorian-300x300.png 300w, https:\/\/www.minesparis.psl.eu\/isige\/wp-content\/uploads\/sites\/21\/2025\/03\/Dorian-150x150.png 150w, https:\/\/www.minesparis.psl.eu\/isige\/wp-content\/uploads\/sites\/21\/2025\/03\/Dorian.png 745w\" sizes=\"auto, (max-width: 300px) 100vw, 300px\" \/><\/p>\n<h3 style=\"text-align: center\">Dorian Fredon<\/h3>\n<p style=\"text-align: center\">IGE 2024-25<\/p>\n<p style=\"text-align: center\"><a class=\"button-mines btn-bleu flech lf-blanc\" href=\"https:\/\/www.minesparis.psl.eu\/isige\/actualites\/portrait-de-dorian-fredon-ms-eedd-parcours-ige-2024-25\/\" target=\"_blank\" rel=\"noopener\">En savoir plus<\/a><\/p>\n\t\t<\/div>\n\t\t<div class=\"col-md-4\">\n\t\t\t<p><img loading=\"lazy\" decoding=\"async\" class=\"aligncenter wp-image-1976 size-medium\" src=\"https:\/\/www.minesparis.psl.eu\/isige\/wp-content\/uploads\/sites\/21\/2025\/03\/Louise-modified-300x300.png\" alt=\"\" width=\"300\" height=\"300\" srcset=\"https:\/\/www.minesparis.psl.eu\/isige\/wp-content\/uploads\/sites\/21\/2025\/03\/Louise-modified-300x300.png 300w, https:\/\/www.minesparis.psl.eu\/isige\/wp-content\/uploads\/sites\/21\/2025\/03\/Louise-modified-150x150.png 150w, https:\/\/www.minesparis.psl.eu\/isige\/wp-content\/uploads\/sites\/21\/2025\/03\/Louise-modified.png 745w\" sizes=\"auto, (max-width: 300px) 100vw, 300px\" \/><\/p>\n<h3 style=\"text-align: center\">Louise Bourachot<\/h3>\n<p style=\"text-align: center\">IGE 2024-25<\/p>\n<p style=\"text-align: center\"><a class=\"button-mines btn-bleu flech lf-blanc\" href=\"https:\/\/www.minesparis.psl.eu\/isige\/actualites\/portrait-de-louise-bourachot-ms-eedd-parcours-ige-2024-25\/\" target=\"_blank\" rel=\"noopener\">En savoir plus<\/a><\/p>\n\t\t<\/div>\n\t\t<div class=\"col-md-4\">\n\t\t\t<p><img loading=\"lazy\" decoding=\"async\" class=\"size-medium wp-image-252 aligncenter\" src=\"https:\/\/www.minesparis.psl.eu\/isige\/wp-content\/uploads\/sites\/21\/2025\/01\/Renaud-Corniquet-300x300.png\" alt=\"\" width=\"300\" height=\"300\" srcset=\"https:\/\/www.minesparis.psl.eu\/isige\/wp-content\/uploads\/sites\/21\/2025\/01\/Renaud-Corniquet-300x300.png 300w, https:\/\/www.minesparis.psl.eu\/isige\/wp-content\/uploads\/sites\/21\/2025\/01\/Renaud-Corniquet-150x150.png 150w, https:\/\/www.minesparis.psl.eu\/isige\/wp-content\/uploads\/sites\/21\/2025\/01\/Renaud-Corniquet-768x768.png 768w, https:\/\/www.minesparis.psl.eu\/isige\/wp-content\/uploads\/sites\/21\/2025\/01\/Renaud-Corniquet.png 814w\" sizes=\"auto, (max-width: 300px) 100vw, 300px\" \/><\/p>\n<h3 style=\"text-align: center\">Renaud Corniquet<\/h3>\n<p style=\"text-align: center\">IGE 2023-24<\/p>\n<p style=\"text-align: center\"><a class=\"button-mines btn-bleu flech lf-blanc\" href=\"https:\/\/www.minesparis.psl.eu\/isige\/actualites\/portrait-de-renaud-corniquet-ms-eedd-parcours-ige-2023-24\/\" target=\"_blank\" rel=\"noopener\">En savoir plus<\/a><\/p>\n\t\t<\/div>\n\t<\/div>\n<\/div>\n\n\n<div class=\"container bloc-30-30-30\">\n\t<div class=\"row mt-4\">\n\t\t<div class=\"col-md-4\">\n\t\t\t<p><img loading=\"lazy\" decoding=\"async\" class=\"alignnone size-medium wp-image-249 aligncenter\" src=\"https:\/\/www.minesparis.psl.eu\/isige\/wp-content\/uploads\/sites\/21\/2025\/01\/AlexisLEGRAND-300x300.png\" alt=\"\" width=\"300\" height=\"300\" srcset=\"https:\/\/www.minesparis.psl.eu\/isige\/wp-content\/uploads\/sites\/21\/2025\/01\/AlexisLEGRAND-300x300.png 300w, https:\/\/www.minesparis.psl.eu\/isige\/wp-content\/uploads\/sites\/21\/2025\/01\/AlexisLEGRAND-150x150.png 150w, https:\/\/www.minesparis.psl.eu\/isige\/wp-content\/uploads\/sites\/21\/2025\/01\/AlexisLEGRAND-768x768.png 768w, https:\/\/www.minesparis.psl.eu\/isige\/wp-content\/uploads\/sites\/21\/2025\/01\/AlexisLEGRAND.png 858w\" sizes=\"auto, (max-width: 300px) 100vw, 300px\" \/><\/p>\n<h3 style=\"text-align: center\">Alexis Legrand<\/h3>\n<p style=\"text-align: center\">IGE 2023-24<\/p>\n<p style=\"text-align: center\"><a class=\"button-mines btn-bleu flech lf-blanc\" href=\"https:\/\/www.minesparis.psl.eu\/isige\/actualites\/portrait-dalexis-legrand-ms-eedd-parcours-ige-2023-24\/\" target=\"_blank\" rel=\"noopener\">En savoir plus<\/a><\/p>\n\t\t<\/div>\n\t\t<div class=\"col-md-4\">\n\t\t\t<p><img loading=\"lazy\" decoding=\"async\" class=\"alignnone size-medium wp-image-251 aligncenter\" src=\"https:\/\/www.minesparis.psl.eu\/isige\/wp-content\/uploads\/sites\/21\/2025\/01\/Cristina-Gomez-300x300.png\" alt=\"\" width=\"300\" height=\"300\" srcset=\"https:\/\/www.minesparis.psl.eu\/isige\/wp-content\/uploads\/sites\/21\/2025\/01\/Cristina-Gomez-300x300.png 300w, https:\/\/www.minesparis.psl.eu\/isige\/wp-content\/uploads\/sites\/21\/2025\/01\/Cristina-Gomez-150x150.png 150w, https:\/\/www.minesparis.psl.eu\/isige\/wp-content\/uploads\/sites\/21\/2025\/01\/Cristina-Gomez-768x768.png 768w, https:\/\/www.minesparis.psl.eu\/isige\/wp-content\/uploads\/sites\/21\/2025\/01\/Cristina-Gomez.png 868w\" sizes=\"auto, (max-width: 300px) 100vw, 300px\" \/><\/p>\n<h3 style=\"text-align: center\">Cristina Gomez<\/h3>\n<p style=\"text-align: center\">IGE 2023-24<\/p>\n<p style=\"text-align: center\"><a class=\"button-mines btn-bleu flech lf-blanc\" href=\"https:\/\/www.minesparis.psl.eu\/isige\/actualites\/portrait-de-cristina-gomez-ms-eedd-parcours-ige-2023-24\/\" target=\"_blank\" rel=\"noopener\">En savoir plus<\/a><\/p>\n\t\t<\/div>\n\t\t<div class=\"col-md-4\">\n\t\t\t<p><img loading=\"lazy\" decoding=\"async\" class=\"alignnone size-medium wp-image-256 aligncenter\" src=\"https:\/\/www.minesparis.psl.eu\/isige\/wp-content\/uploads\/sites\/21\/2025\/01\/Paul-Fournier-Delouvee-300x300.png\" alt=\"\" width=\"300\" height=\"300\" srcset=\"https:\/\/www.minesparis.psl.eu\/isige\/wp-content\/uploads\/sites\/21\/2025\/01\/Paul-Fournier-Delouvee-300x300.png 300w, https:\/\/www.minesparis.psl.eu\/isige\/wp-content\/uploads\/sites\/21\/2025\/01\/Paul-Fournier-Delouvee-150x150.png 150w, https:\/\/www.minesparis.psl.eu\/isige\/wp-content\/uploads\/sites\/21\/2025\/01\/Paul-Fournier-Delouvee-768x768.png 768w, https:\/\/www.minesparis.psl.eu\/isige\/wp-content\/uploads\/sites\/21\/2025\/01\/Paul-Fournier-Delouvee.png 847w\" sizes=\"auto, (max-width: 300px) 100vw, 300px\" \/><\/p>\n<h3 style=\"text-align: center\">Paul Fournier-Delouv\u00e9e<\/h3>\n<p style=\"text-align: center\">IGE 2023-24<\/p>\n<p style=\"text-align: center\"><a class=\"button-mines btn-bleu flech lf-blanc\" href=\"https:\/\/www.minesparis.psl.eu\/isige\/actualites\/portrait-de-paul-fournier-delouvee-ms-eedd-parcours-ige-2023-24\/\" target=\"_blank\" rel=\"noopener\">En savoir plus<\/a><\/p>\n\t\t<\/div>\n\t<\/div>\n<\/div>\n\n\n<div class=\"container bloc-30-30-30\">\n\t<div class=\"row mt-4\">\n\t\t<div class=\"col-md-4\">\n\t\t\t<p><img loading=\"lazy\" decoding=\"async\" class=\"alignnone size-medium wp-image-241 aligncenter\" src=\"https:\/\/www.minesparis.psl.eu\/isige\/wp-content\/uploads\/sites\/21\/2025\/01\/Gwendal-Moinet-300x300.png\" alt=\"\" width=\"300\" height=\"300\" srcset=\"https:\/\/www.minesparis.psl.eu\/isige\/wp-content\/uploads\/sites\/21\/2025\/01\/Gwendal-Moinet-300x300.png 300w, https:\/\/www.minesparis.psl.eu\/isige\/wp-content\/uploads\/sites\/21\/2025\/01\/Gwendal-Moinet-150x150.png 150w, https:\/\/www.minesparis.psl.eu\/isige\/wp-content\/uploads\/sites\/21\/2025\/01\/Gwendal-Moinet-768x768.png 768w, https:\/\/www.minesparis.psl.eu\/isige\/wp-content\/uploads\/sites\/21\/2025\/01\/Gwendal-Moinet.png 868w\" sizes=\"auto, (max-width: 300px) 100vw, 300px\" \/><\/p>\n<h3 style=\"text-align: center\">Gwendal Moinet<\/h3>\n<p style=\"text-align: center\">IGE 2023-24<\/p>\n<p style=\"text-align: center\"><a class=\"button-mines btn-bleu flech lf-blanc\" href=\"https:\/\/www.minesparis.psl.eu\/isige\/actualites\/portrait-de-gwendal-moinet-etudiant-en-ms-eedd-parcours-ige-2023-24\/\" target=\"_blank\" rel=\"noopener\">En savoir plus<\/a><\/p>\n\t\t<\/div>\n\t\t<div class=\"col-md-4\">\n\t\t\t<p><img loading=\"lazy\" decoding=\"async\" class=\"alignnone size-medium wp-image-228 aligncenter\" src=\"https:\/\/www.minesparis.psl.eu\/isige\/wp-content\/uploads\/sites\/21\/2025\/01\/Claire-Bregeon-300x300.png\" alt=\"\" width=\"300\" height=\"300\" srcset=\"https:\/\/www.minesparis.psl.eu\/isige\/wp-content\/uploads\/sites\/21\/2025\/01\/Claire-Bregeon-300x300.png 300w, https:\/\/www.minesparis.psl.eu\/isige\/wp-content\/uploads\/sites\/21\/2025\/01\/Claire-Bregeon-150x150.png 150w, https:\/\/www.minesparis.psl.eu\/isige\/wp-content\/uploads\/sites\/21\/2025\/01\/Claire-Bregeon-768x768.png 768w, https:\/\/www.minesparis.psl.eu\/isige\/wp-content\/uploads\/sites\/21\/2025\/01\/Claire-Bregeon.png 814w\" sizes=\"auto, (max-width: 300px) 100vw, 300px\" \/><\/p>\n<h3 style=\"text-align: center\">Claire Bregeon<\/h3>\n<p style=\"text-align: center\">IGE 2022-23<\/p>\n<p style=\"text-align: center\"><a class=\"button-mines btn-bleu flech lf-blanc\" href=\"https:\/\/www.minesparis.psl.eu\/isige\/actualites\/portrait-de-claire-bregeon-mastere-specialise-eedd-parcours-ige\/\" target=\"_blank\" rel=\"noopener\">En savoir plus<\/a><\/p>\n\t\t<\/div>\n\t\t<div class=\"col-md-4\">\n\t\t\t<p><img loading=\"lazy\" decoding=\"async\" class=\"alignnone size-medium wp-image-227 aligncenter\" src=\"https:\/\/www.minesparis.psl.eu\/isige\/wp-content\/uploads\/sites\/21\/2025\/01\/Francois-Beny-300x300.png\" alt=\"\" width=\"300\" height=\"300\" srcset=\"https:\/\/www.minesparis.psl.eu\/isige\/wp-content\/uploads\/sites\/21\/2025\/01\/Francois-Beny-300x300.png 300w, https:\/\/www.minesparis.psl.eu\/isige\/wp-content\/uploads\/sites\/21\/2025\/01\/Francois-Beny-150x150.png 150w, https:\/\/www.minesparis.psl.eu\/isige\/wp-content\/uploads\/sites\/21\/2025\/01\/Francois-Beny-768x768.png 768w, https:\/\/www.minesparis.psl.eu\/isige\/wp-content\/uploads\/sites\/21\/2025\/01\/Francois-Beny.png 814w\" sizes=\"auto, (max-width: 300px) 100vw, 300px\" \/><\/p>\n<h3 style=\"text-align: center\">Fran\u00e7ois Beny<\/h3>\n<p style=\"text-align: center\">IGE 2022-23<\/p>\n<p style=\"text-align: center\"><a class=\"button-mines btn-bleu flech lf-blanc\" href=\"https:\/\/www.minesparis.psl.eu\/isige\/actualites\/portrait-de-francois-beny-mastere-specialise-eedd-parcours-ige\/\" target=\"_blank\" rel=\"noopener\">En savoir plus\u00a0<\/a><\/p>\n\t\t<\/div>\n\t<\/div>\n<\/div>\n\n\n<div class=\"container bloc-30-30-30\">\n\t<div class=\"row mt-4\">\n\t\t<div class=\"col-md-4\">\n\t\t\t<p><img loading=\"lazy\" decoding=\"async\" class=\"alignnone size-medium wp-image-239 aligncenter\" src=\"https:\/\/www.minesparis.psl.eu\/isige\/wp-content\/uploads\/sites\/21\/2025\/01\/Marie-Cubertafont-300x300.png\" alt=\"\" width=\"300\" height=\"300\" srcset=\"https:\/\/www.minesparis.psl.eu\/isige\/wp-content\/uploads\/sites\/21\/2025\/01\/Marie-Cubertafont-300x300.png 300w, https:\/\/www.minesparis.psl.eu\/isige\/wp-content\/uploads\/sites\/21\/2025\/01\/Marie-Cubertafont-150x150.png 150w, https:\/\/www.minesparis.psl.eu\/isige\/wp-content\/uploads\/sites\/21\/2025\/01\/Marie-Cubertafont-768x768.png 768w, https:\/\/www.minesparis.psl.eu\/isige\/wp-content\/uploads\/sites\/21\/2025\/01\/Marie-Cubertafont.png 814w\" sizes=\"auto, (max-width: 300px) 100vw, 300px\" \/><\/p>\n<h3 style=\"text-align: center\">Marie Cubertafont<\/h3>\n<p style=\"text-align: center\">IGE 2022-23<\/p>\n<p style=\"text-align: center\"><a class=\"button-mines btn-bleu flech lf-blanc\" href=\"https:\/\/www.minesparis.psl.eu\/isige\/actualites\/portrait-de-marie-cubertafont\/\" target=\"_blank\" rel=\"noopener\">En savoir plus<\/a><\/p>\n\t\t<\/div>\n\t\t<div class=\"col-md-4\">\n\t\t\t<p><img loading=\"lazy\" decoding=\"async\" class=\"alignnone size-medium wp-image-240 aligncenter\" src=\"https:\/\/www.minesparis.psl.eu\/isige\/wp-content\/uploads\/sites\/21\/2025\/01\/Gersende-Chaffardon-300x300.png\" alt=\"\" width=\"300\" height=\"300\" srcset=\"https:\/\/www.minesparis.psl.eu\/isige\/wp-content\/uploads\/sites\/21\/2025\/01\/Gersende-Chaffardon-300x300.png 300w, https:\/\/www.minesparis.psl.eu\/isige\/wp-content\/uploads\/sites\/21\/2025\/01\/Gersende-Chaffardon-150x150.png 150w, https:\/\/www.minesparis.psl.eu\/isige\/wp-content\/uploads\/sites\/21\/2025\/01\/Gersende-Chaffardon-768x768.png 768w, https:\/\/www.minesparis.psl.eu\/isige\/wp-content\/uploads\/sites\/21\/2025\/01\/Gersende-Chaffardon.png 814w\" sizes=\"auto, (max-width: 300px) 100vw, 300px\" \/><\/p>\n<h3 style=\"text-align: center\">Gersende Chaffardon<\/h3>\n<p style=\"text-align: center\">IGE 2022-23<\/p>\n<p style=\"text-align: center\"><a class=\"button-mines btn-bleu flech lf-blanc\" href=\"https:\/\/www.minesparis.psl.eu\/isige\/actualites\/portrait-de-gersende-chaffardon-etudiante-en-ms-eedd-parcours-ige-2022-23\/\" target=\"_blank\" rel=\"noopener\">En savoir plus<\/a><\/p>\n\t\t<\/div>\n\t\t<div class=\"col-md-4\">\n\t\t\t<p><img loading=\"lazy\" decoding=\"async\" class=\"size-medium wp-image-229 aligncenter\" src=\"https:\/\/www.minesparis.psl.eu\/isige\/wp-content\/uploads\/sites\/21\/2025\/01\/Guillaume-Audrain-300x300.png\" alt=\"\" width=\"300\" height=\"300\" srcset=\"https:\/\/www.minesparis.psl.eu\/isige\/wp-content\/uploads\/sites\/21\/2025\/01\/Guillaume-Audrain-300x300.png 300w, https:\/\/www.minesparis.psl.eu\/isige\/wp-content\/uploads\/sites\/21\/2025\/01\/Guillaume-Audrain-150x150.png 150w, https:\/\/www.minesparis.psl.eu\/isige\/wp-content\/uploads\/sites\/21\/2025\/01\/Guillaume-Audrain-768x768.png 768w, https:\/\/www.minesparis.psl.eu\/isige\/wp-content\/uploads\/sites\/21\/2025\/01\/Guillaume-Audrain.png 814w\" sizes=\"auto, (max-width: 300px) 100vw, 300px\" \/><\/p>\n<h3 style=\"text-align: center\">Guillaume Audrain<\/h3>\n<p style=\"text-align: center\">IGE 2022-23<\/p>\n<p style=\"text-align: center\"><a class=\"button-mines btn-bleu flech lf-blanc\" href=\"https:\/\/www.minesparis.psl.eu\/isige\/actualites\/portrait-de-guillaume-audrain\/\" target=\"_blank\" rel=\"noopener\">En savoir plus<\/a><\/p>\n\t\t<\/div>\n\t<\/div>\n<\/div>\n\n\n<div class=\"container block-full-largeur\">\n\t<div class=\"row mt-4\">\n\t\t<div class=\"col-md-12\">\n\t\t\t<h2 id=\"title-2\">Mast\u00e8re sp\u00e9cialis\u00e9 EEDD parcours International Environmental Management (EnvIM)<\/h2>\n\t\t<\/div>\n\t<\/div>\n<\/div>\n\n\n<div class=\"container bloc-30-30-30\">\n\t<div class=\"row mt-4\">\n\t\t<div class=\"col-md-4\">\n\t\t\t<p><img loading=\"lazy\" decoding=\"async\" class=\"alignnone size-medium wp-image-266 aligncenter\" src=\"https:\/\/www.minesparis.psl.eu\/isige\/wp-content\/uploads\/sites\/21\/2025\/01\/Maya-Mikaeil-300x300.png\" alt=\"\" width=\"300\" height=\"300\" srcset=\"https:\/\/www.minesparis.psl.eu\/isige\/wp-content\/uploads\/sites\/21\/2025\/01\/Maya-Mikaeil-300x300.png 300w, https:\/\/www.minesparis.psl.eu\/isige\/wp-content\/uploads\/sites\/21\/2025\/01\/Maya-Mikaeil-150x150.png 150w, https:\/\/www.minesparis.psl.eu\/isige\/wp-content\/uploads\/sites\/21\/2025\/01\/Maya-Mikaeil-768x768.png 768w, https:\/\/www.minesparis.psl.eu\/isige\/wp-content\/uploads\/sites\/21\/2025\/01\/Maya-Mikaeil.png 800w\" sizes=\"auto, (max-width: 300px) 100vw, 300px\" \/><\/p>\n<h3 style=\"text-align: center\">Maya Mikaeil<\/h3>\n<p style=\"text-align: center\">EnvIM World 2023-24<\/p>\n<p style=\"text-align: center\"><a class=\"button-mines btn-bleu flech lf-blanc\" href=\"https:\/\/www.minesparis.psl.eu\/isige\/actualites\/portrait-de-maya-mikaiel-ms-eedd-parcours-envim-2023-24\/\" target=\"_blank\" rel=\"noopener\">En savoir plus<\/a><\/p>\n\t\t<\/div>\n\t\t<div class=\"col-md-4\">\n\t\t\t<p><img loading=\"lazy\" decoding=\"async\" class=\"alignnone size-medium wp-image-267 aligncenter\" src=\"https:\/\/www.minesparis.psl.eu\/isige\/wp-content\/uploads\/sites\/21\/2025\/01\/Clementine-PELISSIER-300x300.png\" alt=\"\" width=\"300\" height=\"300\" srcset=\"https:\/\/www.minesparis.psl.eu\/isige\/wp-content\/uploads\/sites\/21\/2025\/01\/Clementine-PELISSIER-300x300.png 300w, https:\/\/www.minesparis.psl.eu\/isige\/wp-content\/uploads\/sites\/21\/2025\/01\/Clementine-PELISSIER-150x150.png 150w, https:\/\/www.minesparis.psl.eu\/isige\/wp-content\/uploads\/sites\/21\/2025\/01\/Clementine-PELISSIER-768x768.png 768w, https:\/\/www.minesparis.psl.eu\/isige\/wp-content\/uploads\/sites\/21\/2025\/01\/Clementine-PELISSIER.png 812w\" sizes=\"auto, (max-width: 300px) 100vw, 300px\" \/><\/p>\n<h3 style=\"text-align: center\">Cl\u00e9mentine Pelissier<\/h3>\n<p style=\"text-align: center\">EnvIM World 2023-24<\/p>\n<p style=\"text-align: center\"><a class=\"button-mines btn-bleu flech lf-blanc\" href=\"https:\/\/www.minesparis.psl.eu\/isige\/actualites\/portrait-de-clementine-pelissier-ms-eedd-parcours-envim-2023-24\/\" target=\"_blank\" rel=\"noopener\">En savoir plus<\/a><\/p>\n\t\t<\/div>\n\t\t<div class=\"col-md-4\">\n\t\t\t<p style=\"text-align: center\"><img loading=\"lazy\" decoding=\"async\" class=\"alignnone size-medium wp-image-268\" src=\"https:\/\/www.minesparis.psl.eu\/isige\/wp-content\/uploads\/sites\/21\/2025\/01\/Elie-MATAR-300x300.png\" alt=\"\" width=\"300\" height=\"300\" srcset=\"https:\/\/www.minesparis.psl.eu\/isige\/wp-content\/uploads\/sites\/21\/2025\/01\/Elie-MATAR-300x300.png 300w, https:\/\/www.minesparis.psl.eu\/isige\/wp-content\/uploads\/sites\/21\/2025\/01\/Elie-MATAR-150x150.png 150w, https:\/\/www.minesparis.psl.eu\/isige\/wp-content\/uploads\/sites\/21\/2025\/01\/Elie-MATAR-768x768.png 768w, https:\/\/www.minesparis.psl.eu\/isige\/wp-content\/uploads\/sites\/21\/2025\/01\/Elie-MATAR.png 816w\" sizes=\"auto, (max-width: 300px) 100vw, 300px\" \/><\/p>\n<h3 style=\"text-align: center\">Elie Matar<\/h3>\n<p style=\"text-align: center\">EnvIM World 2023-24<\/p>\n<p style=\"text-align: center\"><a class=\"button-mines btn-bleu flech lf-blanc\" href=\"https:\/\/www.minesparis.psl.eu\/isige\/actualites\/portrait-delie-matar-ms-eedd-parcours-envim-2023-24\/\" target=\"_blank\" rel=\"noopener\">En savoir plus<\/a><\/p>\n\t\t<\/div>\n\t<\/div>\n<\/div>\n\n\n<div class=\"container bloc-30-30-30\">\n\t<div class=\"row mt-4\">\n\t\t<div class=\"col-md-4\">\n\t\t\t<p><img loading=\"lazy\" decoding=\"async\" class=\"alignnone size-medium wp-image-259 aligncenter\" src=\"https:\/\/www.minesparis.psl.eu\/isige\/wp-content\/uploads\/sites\/21\/2025\/01\/Aurelie-Brunstein-300x300.png\" alt=\"\" width=\"300\" height=\"300\" srcset=\"https:\/\/www.minesparis.psl.eu\/isige\/wp-content\/uploads\/sites\/21\/2025\/01\/Aurelie-Brunstein-300x300.png 300w, https:\/\/www.minesparis.psl.eu\/isige\/wp-content\/uploads\/sites\/21\/2025\/01\/Aurelie-Brunstein-150x150.png 150w, https:\/\/www.minesparis.psl.eu\/isige\/wp-content\/uploads\/sites\/21\/2025\/01\/Aurelie-Brunstein-768x768.png 768w, https:\/\/www.minesparis.psl.eu\/isige\/wp-content\/uploads\/sites\/21\/2025\/01\/Aurelie-Brunstein.png 817w\" sizes=\"auto, (max-width: 300px) 100vw, 300px\" \/><\/p>\n<h3 style=\"text-align: center\">Aur\u00e9lie Brunstein<\/h3>\n<p style=\"text-align: center\">EnvIM Asia 2022-23<\/p>\n<p style=\"text-align: center\"><a class=\"button-mines btn-bleu flech lf-blanc\" href=\"https:\/\/www.minesparis.psl.eu\/isige\/actualites\/portrait-daurelie-brunstein-ms-eedd-parcours-envim-2022-23\/\" target=\"_blank\" rel=\"noopener\">En savoir plus<\/a><\/p>\n\t\t<\/div>\n\t\t<div class=\"col-md-4\">\n\t\t\t<p><img loading=\"lazy\" decoding=\"async\" class=\"alignnone size-medium wp-image-261 aligncenter\" src=\"https:\/\/www.minesparis.psl.eu\/isige\/wp-content\/uploads\/sites\/21\/2025\/01\/Pietro-Mantovani-300x300.png\" alt=\"\" width=\"300\" height=\"300\" srcset=\"https:\/\/www.minesparis.psl.eu\/isige\/wp-content\/uploads\/sites\/21\/2025\/01\/Pietro-Mantovani-300x300.png 300w, https:\/\/www.minesparis.psl.eu\/isige\/wp-content\/uploads\/sites\/21\/2025\/01\/Pietro-Mantovani-150x150.png 150w, https:\/\/www.minesparis.psl.eu\/isige\/wp-content\/uploads\/sites\/21\/2025\/01\/Pietro-Mantovani-768x768.png 768w, https:\/\/www.minesparis.psl.eu\/isige\/wp-content\/uploads\/sites\/21\/2025\/01\/Pietro-Mantovani.png 804w\" sizes=\"auto, (max-width: 300px) 100vw, 300px\" \/><\/p>\n<h3 style=\"text-align: center\">Pietro Mantovani<\/h3>\n<p style=\"text-align: center\">EnvIM Asia 2022-23<\/p>\n<p style=\"text-align: center\"><a class=\"button-mines btn-bleu flech lf-blanc\" href=\"https:\/\/www.minesparis.psl.eu\/isige\/actualites\/portrait-de-pietro-mantovani-ms-eedd-parcours-envim-2022-23\/\" target=\"_blank\" rel=\"noopener\">En savoir plus<\/a><\/p>\n\t\t<\/div>\n\t\t<div class=\"col-md-4\">\n\t\t\t<p style=\"text-align: center\"><img loading=\"lazy\" decoding=\"async\" class=\"alignnone size-medium wp-image-262\" src=\"https:\/\/www.minesparis.psl.eu\/isige\/wp-content\/uploads\/sites\/21\/2025\/01\/Elsie-Nakhle-300x300.png\" alt=\"\" width=\"300\" height=\"300\" srcset=\"https:\/\/www.minesparis.psl.eu\/isige\/wp-content\/uploads\/sites\/21\/2025\/01\/Elsie-Nakhle-300x300.png 300w, https:\/\/www.minesparis.psl.eu\/isige\/wp-content\/uploads\/sites\/21\/2025\/01\/Elsie-Nakhle-150x150.png 150w, https:\/\/www.minesparis.psl.eu\/isige\/wp-content\/uploads\/sites\/21\/2025\/01\/Elsie-Nakhle-768x768.png 768w, https:\/\/www.minesparis.psl.eu\/isige\/wp-content\/uploads\/sites\/21\/2025\/01\/Elsie-Nakhle.png 818w\" sizes=\"auto, (max-width: 300px) 100vw, 300px\" \/><\/p>\n<h3 style=\"text-align: center\">Elsie Nakhle<\/h3>\n<p style=\"text-align: center\">EnvIM Asia 2022-23<\/p>\n<p style=\"text-align: center\"><a class=\"button-mines btn-bleu flech lf-blanc\" href=\"https:\/\/www.minesparis.psl.eu\/isige\/actualites\/portrait-delsie-nakhle-ms-eedd-parcours-envim-2022-23\/\" target=\"_blank\" rel=\"noopener\">En savoir plus<\/a><\/p>\n\t\t<\/div>\n\t<\/div>\n<\/div>\n\n\n<div class=\"container block-full-largeur\">\n\t<div class=\"row mt-4\">\n\t\t<div class=\"col-md-12\">\n\t\t\t<h2>Mast\u00e8re sp\u00e9cialis\u00e9 EEDD parcours Management Global de la RSE et du D\u00e9veloppement Durable (RSEDD)<\/h2>\n\t\t<\/div>\n\t<\/div>\n<\/div>\n\n\n<div class=\"container bloc-30-30-30\">\n\t<div class=\"row mt-4\">\n\t\t<div class=\"col-md-4\">\n\t\t\t<p><img loading=\"lazy\" decoding=\"async\" class=\"size-medium wp-image-4018\" src=\"https:\/\/www.minesparis.psl.eu\/isige\/wp-content\/uploads\/sites\/21\/2026\/02\/IMG_3285-modified1-300x300.png\" alt=\"J\u00e9r\u00f4me Portier\" width=\"300\" height=\"300\" srcset=\"https:\/\/www.minesparis.psl.eu\/isige\/wp-content\/uploads\/sites\/21\/2026\/02\/IMG_3285-modified1-300x300.png 300w, https:\/\/www.minesparis.psl.eu\/isige\/wp-content\/uploads\/sites\/21\/2026\/02\/IMG_3285-modified1-1024x1024.png 1024w, https:\/\/www.minesparis.psl.eu\/isige\/wp-content\/uploads\/sites\/21\/2026\/02\/IMG_3285-modified1-150x150.png 150w, https:\/\/www.minesparis.psl.eu\/isige\/wp-content\/uploads\/sites\/21\/2026\/02\/IMG_3285-modified1-768x768.png 768w, https:\/\/www.minesparis.psl.eu\/isige\/wp-content\/uploads\/sites\/21\/2026\/02\/IMG_3285-modified1-1536x1536.png 1536w, https:\/\/www.minesparis.psl.eu\/isige\/wp-content\/uploads\/sites\/21\/2026\/02\/IMG_3285-modified1-1300x1300.png 1300w, https:\/\/www.minesparis.psl.eu\/isige\/wp-content\/uploads\/sites\/21\/2026\/02\/IMG_3285-modified1.png 1926w\" sizes=\"auto, (max-width: 300px) 100vw, 300px\" \/><\/p>\n<h3 style=\"text-align: center\"><strong><b>J\u00e9r\u00f4me Portier\u00a0<\/b><\/strong><\/h3>\n<p style=\"text-align: center\">RSEDD 2025-26<\/p>\n<p style=\"text-align: center\"><a class=\"button-mines btn-bleu flech lf-blanc\" href=\"https:\/\/www.minesparis.psl.eu\/isige\/actualites\/portrait-de-jerome-portier-ms-eedd-parcours-rsedd-2025-26\/\" target=\"_blank\" rel=\"noopener\">En savoir plus<\/a><\/p>\n\t\t<\/div>\n\t\t<div class=\"col-md-4\">\n\t\t\t<p><img loading=\"lazy\" decoding=\"async\" class=\"size-medium wp-image-3979 aligncenter\" src=\"https:\/\/www.minesparis.psl.eu\/isige\/wp-content\/uploads\/sites\/21\/2026\/02\/IMG_3349-modified-300x300.png\" alt=\"Lisa Cardon\" width=\"300\" height=\"300\" srcset=\"https:\/\/www.minesparis.psl.eu\/isige\/wp-content\/uploads\/sites\/21\/2026\/02\/IMG_3349-modified-300x300.png 300w, https:\/\/www.minesparis.psl.eu\/isige\/wp-content\/uploads\/sites\/21\/2026\/02\/IMG_3349-modified-1024x1024.png 1024w, https:\/\/www.minesparis.psl.eu\/isige\/wp-content\/uploads\/sites\/21\/2026\/02\/IMG_3349-modified-150x150.png 150w, https:\/\/www.minesparis.psl.eu\/isige\/wp-content\/uploads\/sites\/21\/2026\/02\/IMG_3349-modified-768x768.png 768w, https:\/\/www.minesparis.psl.eu\/isige\/wp-content\/uploads\/sites\/21\/2026\/02\/IMG_3349-modified-1536x1536.png 1536w, https:\/\/www.minesparis.psl.eu\/isige\/wp-content\/uploads\/sites\/21\/2026\/02\/IMG_3349-modified-2048x2048.png 2048w, https:\/\/www.minesparis.psl.eu\/isige\/wp-content\/uploads\/sites\/21\/2026\/02\/IMG_3349-modified-1300x1300.png 1300w\" sizes=\"auto, (max-width: 300px) 100vw, 300px\" \/><\/p>\n<h3 style=\"text-align: center\"><strong><b>Lisa Cardon<\/b><\/strong><\/h3>\n<p style=\"text-align: center\">RSEDD 2025-26<\/p>\n<p style=\"text-align: center\"><a class=\"button-mines btn-bleu flech lf-blanc\" href=\"https:\/\/www.minesparis.psl.eu\/isige\/actualites\/portrait-de-lisa-cardon-ms-eedd-parcours-rsedd-2025-26\/\" target=\"_blank\" rel=\"noopener\">En savoir plus<\/a><\/p>\n\t\t<\/div>\n\t\t<div class=\"col-md-4\">\n\t\t\t\t\t<\/div>\n\t<\/div>\n<\/div>\n\n\n<div class=\"container bloc-30-30-30\">\n\t<div class=\"row mt-4\">\n\t\t<div class=\"col-md-4\">\n\t\t\t<p><img loading=\"lazy\" decoding=\"async\" class=\"aligncenter wp-image-3928 size-medium\" src=\"https:\/\/www.minesparis.psl.eu\/isige\/wp-content\/uploads\/sites\/21\/2026\/02\/IMG_3279-modified-300x300.png\" alt=\"Arthur Guidault\" width=\"300\" height=\"300\" srcset=\"https:\/\/www.minesparis.psl.eu\/isige\/wp-content\/uploads\/sites\/21\/2026\/02\/IMG_3279-modified-300x300.png 300w, https:\/\/www.minesparis.psl.eu\/isige\/wp-content\/uploads\/sites\/21\/2026\/02\/IMG_3279-modified-1024x1024.png 1024w, https:\/\/www.minesparis.psl.eu\/isige\/wp-content\/uploads\/sites\/21\/2026\/02\/IMG_3279-modified-150x150.png 150w, https:\/\/www.minesparis.psl.eu\/isige\/wp-content\/uploads\/sites\/21\/2026\/02\/IMG_3279-modified-768x768.png 768w, https:\/\/www.minesparis.psl.eu\/isige\/wp-content\/uploads\/sites\/21\/2026\/02\/IMG_3279-modified-1536x1536.png 1536w, https:\/\/www.minesparis.psl.eu\/isige\/wp-content\/uploads\/sites\/21\/2026\/02\/IMG_3279-modified-2048x2048.png 2048w, https:\/\/www.minesparis.psl.eu\/isige\/wp-content\/uploads\/sites\/21\/2026\/02\/IMG_3279-modified-1300x1300.png 1300w\" sizes=\"auto, (max-width: 300px) 100vw, 300px\" \/><\/p>\n<h3 style=\"text-align: center\"><strong><b>Arthur Guidault<\/b><\/strong><\/h3>\n<p style=\"text-align: center\">RSEDD 2025-26<\/p>\n<p style=\"text-align: center\"><a class=\"button-mines btn-bleu flech lf-blanc\" href=\"https:\/\/www.minesparis.psl.eu\/isige\/actualites\/portrait-darthur-guidault-ms-eedd-parcours-rsedd-2025-26\/\" target=\"_blank\" rel=\"noopener\">En savoir plus<\/a><\/p>\n\t\t<\/div>\n\t\t<div class=\"col-md-4\">\n\t\t\t<p><img loading=\"lazy\" decoding=\"async\" class=\"wp-image-3891 size-medium aligncenter\" src=\"https:\/\/www.minesparis.psl.eu\/isige\/wp-content\/uploads\/sites\/21\/2026\/01\/IMG_1751-modified1-300x300.png\" alt=\"Isabelle Pollet ISIGE\" width=\"300\" height=\"300\" srcset=\"https:\/\/www.minesparis.psl.eu\/isige\/wp-content\/uploads\/sites\/21\/2026\/01\/IMG_1751-modified1-300x300.png 300w, https:\/\/www.minesparis.psl.eu\/isige\/wp-content\/uploads\/sites\/21\/2026\/01\/IMG_1751-modified1-1024x1024.png 1024w, https:\/\/www.minesparis.psl.eu\/isige\/wp-content\/uploads\/sites\/21\/2026\/01\/IMG_1751-modified1-150x150.png 150w, https:\/\/www.minesparis.psl.eu\/isige\/wp-content\/uploads\/sites\/21\/2026\/01\/IMG_1751-modified1-768x768.png 768w, https:\/\/www.minesparis.psl.eu\/isige\/wp-content\/uploads\/sites\/21\/2026\/01\/IMG_1751-modified1-1536x1536.png 1536w, https:\/\/www.minesparis.psl.eu\/isige\/wp-content\/uploads\/sites\/21\/2026\/01\/IMG_1751-modified1-2048x2048.png 2048w, https:\/\/www.minesparis.psl.eu\/isige\/wp-content\/uploads\/sites\/21\/2026\/01\/IMG_1751-modified1-1300x1300.png 1300w\" sizes=\"auto, (max-width: 300px) 100vw, 300px\" \/><\/p>\n<h3 style=\"text-align: center\">Isabelle Pollet<\/h3>\n<p style=\"text-align: center\">RSEDD 2024-25<\/p>\n<p style=\"text-align: center\"><a class=\"button-mines btn-bleu flech lf-blanc\" href=\"https:\/\/www.minesparis.psl.eu\/isige\/actualites\/portrait-disabelle-pollet-ms-eedd-parcours-rsedd-2024-25\/\" target=\"_blank\" rel=\"noopener\">En savoir plus<\/a><\/p>\n\t\t<\/div>\n\t\t<div class=\"col-md-4\">\n\t\t\t<p><img loading=\"lazy\" decoding=\"async\" class=\"wp-image-2183 size-medium aligncenter\" src=\"https:\/\/www.minesparis.psl.eu\/isige\/wp-content\/uploads\/sites\/21\/2025\/03\/1696156362956-modified-2-300x300.png\" alt=\"Gr\u00e9gory Sonjon ISIGE\" width=\"300\" height=\"300\" srcset=\"https:\/\/www.minesparis.psl.eu\/isige\/wp-content\/uploads\/sites\/21\/2025\/03\/1696156362956-modified-2-300x300.png 300w, https:\/\/www.minesparis.psl.eu\/isige\/wp-content\/uploads\/sites\/21\/2025\/03\/1696156362956-modified-2-150x150.png 150w, https:\/\/www.minesparis.psl.eu\/isige\/wp-content\/uploads\/sites\/21\/2025\/03\/1696156362956-modified-2.png 745w\" sizes=\"auto, (max-width: 300px) 100vw, 300px\" \/><\/p>\n<h3 style=\"text-align: center\">Gr\u00e9gory Sonjon<\/h3>\n<p style=\"text-align: center\">RSEDD 2024-25<\/p>\n<p style=\"text-align: center\"><a class=\"button-mines btn-bleu flech lf-blanc\" href=\"https:\/\/www.minesparis.psl.eu\/isige\/actualites\/portrait-de-gregory-sonjon-ms-eedd-parcours-rsedd-2024-25\/\" target=\"_blank\" rel=\"noopener\">En savoir plus<\/a><\/p>\n\t\t<\/div>\n\t<\/div>\n<\/div>\n\n\n<div class=\"container bloc-30-30-30\">\n\t<div class=\"row mt-4\">\n\t\t<div class=\"col-md-4\">\n\t\t\t<p><img loading=\"lazy\" decoding=\"async\" class=\"wp-image-2180 size-medium aligncenter\" src=\"https:\/\/www.minesparis.psl.eu\/isige\/wp-content\/uploads\/sites\/21\/2025\/03\/Marion-elise-300x300.png\" alt=\"Marion Elis\u00e9 ISIGE\" width=\"300\" height=\"300\" srcset=\"https:\/\/www.minesparis.psl.eu\/isige\/wp-content\/uploads\/sites\/21\/2025\/03\/Marion-elise-300x300.png 300w, https:\/\/www.minesparis.psl.eu\/isige\/wp-content\/uploads\/sites\/21\/2025\/03\/Marion-elise-150x150.png 150w, https:\/\/www.minesparis.psl.eu\/isige\/wp-content\/uploads\/sites\/21\/2025\/03\/Marion-elise.png 745w\" sizes=\"auto, (max-width: 300px) 100vw, 300px\" \/><\/p>\n<h3 style=\"text-align: center\">Marion Elis\u00e9<\/h3>\n<p style=\"text-align: center\">RSEDD 2024-25<\/p>\n<p style=\"text-align: center\"><a class=\"button-mines btn-bleu flech lf-blanc\" href=\"https:\/\/www.minesparis.psl.eu\/isige\/actualites\/portrait-de-marion-elise-ms-eedd-parcours-rsedd-2024-25\/\" target=\"_blank\" rel=\"noopener\">En savoir plus<\/a><\/p>\n\t\t<\/div>\n\t\t<div class=\"col-md-4\">\n\t\t\t<p><img loading=\"lazy\" decoding=\"async\" class=\"wp-image-2184 size-medium aligncenter\" src=\"https:\/\/www.minesparis.psl.eu\/isige\/wp-content\/uploads\/sites\/21\/2025\/03\/Gregory-Carrier-1-300x300.png\" alt=\"Gr\u00e9gory Carrier ISIGE\" width=\"300\" height=\"300\" srcset=\"https:\/\/www.minesparis.psl.eu\/isige\/wp-content\/uploads\/sites\/21\/2025\/03\/Gregory-Carrier-1-300x300.png 300w, https:\/\/www.minesparis.psl.eu\/isige\/wp-content\/uploads\/sites\/21\/2025\/03\/Gregory-Carrier-1-150x150.png 150w, https:\/\/www.minesparis.psl.eu\/isige\/wp-content\/uploads\/sites\/21\/2025\/03\/Gregory-Carrier-1.png 745w\" sizes=\"auto, (max-width: 300px) 100vw, 300px\" \/><\/p>\n<h3 style=\"text-align: center\">Gr\u00e9gory <strong><b>Carrier<\/b><\/strong><\/h3>\n<p style=\"text-align: center\">RSEDD 2024-25<\/p>\n<p style=\"text-align: center\"><a class=\"button-mines btn-bleu flech lf-blanc\" href=\"https:\/\/www.minesparis.psl.eu\/isige\/actualites\/portrait-de-gregory-carrier-ms-eedd-parcours-rsedd-2024-25\/\" target=\"_blank\" rel=\"noopener\">En savoir plus<\/a><\/p>\n\t\t<\/div>\n\t\t<div class=\"col-md-4\">\n\t\t\t<p style=\"text-align: center\"><img loading=\"lazy\" decoding=\"async\" class=\"alignnone size-medium wp-image-280\" src=\"https:\/\/www.minesparis.psl.eu\/isige\/wp-content\/uploads\/sites\/21\/2025\/01\/Karen-Beaujard-300x300.png\" alt=\"\" width=\"300\" height=\"300\" srcset=\"https:\/\/www.minesparis.psl.eu\/isige\/wp-content\/uploads\/sites\/21\/2025\/01\/Karen-Beaujard-300x300.png 300w, https:\/\/www.minesparis.psl.eu\/isige\/wp-content\/uploads\/sites\/21\/2025\/01\/Karen-Beaujard-150x150.png 150w, https:\/\/www.minesparis.psl.eu\/isige\/wp-content\/uploads\/sites\/21\/2025\/01\/Karen-Beaujard-768x768.png 768w, https:\/\/www.minesparis.psl.eu\/isige\/wp-content\/uploads\/sites\/21\/2025\/01\/Karen-Beaujard.png 800w\" sizes=\"auto, (max-width: 300px) 100vw, 300px\" \/><\/p>\n<h3 style=\"text-align: center\">Karen Beaujard<\/h3>\n<p style=\"text-align: center\">RSEDD 2023-24<\/p>\n<p style=\"text-align: center\"><a class=\"button-mines btn-bleu flech lf-blanc\" href=\"https:\/\/www.minesparis.psl.eu\/isige\/actualites\/portrait-de-karen-beaujard-ms-eedd-parcours-rsedd-2023-24\/\" target=\"_blank\" rel=\"noopener\">En savoir plus<\/a><\/p>\n\t\t<\/div>\n\t<\/div>\n<\/div>\n\n\n<div class=\"container bloc-30-30-30\">\n\t<div class=\"row mt-4\">\n\t\t<div class=\"col-md-4\">\n\t\t\t<p><img loading=\"lazy\" decoding=\"async\" class=\"alignnone size-medium wp-image-281 aligncenter\" src=\"https:\/\/www.minesparis.psl.eu\/isige\/wp-content\/uploads\/sites\/21\/2025\/01\/Aurelie-Le-Maitre-300x300.png\" alt=\"\" width=\"300\" height=\"300\" srcset=\"https:\/\/www.minesparis.psl.eu\/isige\/wp-content\/uploads\/sites\/21\/2025\/01\/Aurelie-Le-Maitre-300x300.png 300w, https:\/\/www.minesparis.psl.eu\/isige\/wp-content\/uploads\/sites\/21\/2025\/01\/Aurelie-Le-Maitre-150x150.png 150w, https:\/\/www.minesparis.psl.eu\/isige\/wp-content\/uploads\/sites\/21\/2025\/01\/Aurelie-Le-Maitre-768x768.png 768w, https:\/\/www.minesparis.psl.eu\/isige\/wp-content\/uploads\/sites\/21\/2025\/01\/Aurelie-Le-Maitre.png 885w\" sizes=\"auto, (max-width: 300px) 100vw, 300px\" \/><\/p>\n<h3 style=\"text-align: center\">Aur\u00e9lie Le Ma\u00eetre<\/h3>\n<p style=\"text-align: center\">RSEDD 2023-24<\/p>\n<p style=\"text-align: center\"><a class=\"button-mines btn-bleu flech lf-blanc\" href=\"https:\/\/www.minesparis.psl.eu\/isige\/actualites\/portrait-daurelie-lemaitre-ms-eedd-parcours-rsedd-2023-24\/\" target=\"_blank\" rel=\"noopener\">En savoir plus<\/a><\/p>\n\t\t<\/div>\n\t\t<div class=\"col-md-4\">\n\t\t\t<h3><img loading=\"lazy\" decoding=\"async\" class=\"alignnone size-medium wp-image-278 aligncenter\" src=\"https:\/\/www.minesparis.psl.eu\/isige\/wp-content\/uploads\/sites\/21\/2025\/01\/Astrid-Pelletier-300x300.png\" alt=\"\" width=\"300\" height=\"300\" srcset=\"https:\/\/www.minesparis.psl.eu\/isige\/wp-content\/uploads\/sites\/21\/2025\/01\/Astrid-Pelletier-300x300.png 300w, https:\/\/www.minesparis.psl.eu\/isige\/wp-content\/uploads\/sites\/21\/2025\/01\/Astrid-Pelletier-150x150.png 150w, https:\/\/www.minesparis.psl.eu\/isige\/wp-content\/uploads\/sites\/21\/2025\/01\/Astrid-Pelletier-768x768.png 768w, https:\/\/www.minesparis.psl.eu\/isige\/wp-content\/uploads\/sites\/21\/2025\/01\/Astrid-Pelletier.png 835w\" sizes=\"auto, (max-width: 300px) 100vw, 300px\" \/><\/h3>\n<h3 style=\"text-align: center\">Astrid Pelletier<\/h3>\n<p style=\"text-align: center\">RSEDD 2023-24<\/p>\n<p style=\"text-align: center\"><a class=\"button-mines btn-bleu flech lf-blanc\" href=\"https:\/\/www.minesparis.psl.eu\/isige\/actualites\/portrait-dastrid-pelletier-ms-eedd-parcours-rsedd-2023-24\/\" target=\"_blank\" rel=\"noopener\">En savoir plus<\/a>\u200b<\/p>\n\t\t<\/div>\n\t\t<div class=\"col-md-4\">\n\t\t\t<p><img loading=\"lazy\" decoding=\"async\" class=\"alignnone size-medium wp-image-279 aligncenter\" src=\"https:\/\/www.minesparis.psl.eu\/isige\/wp-content\/uploads\/sites\/21\/2025\/01\/Philippe-Chausson-300x300.png\" alt=\"\" width=\"300\" height=\"300\" srcset=\"https:\/\/www.minesparis.psl.eu\/isige\/wp-content\/uploads\/sites\/21\/2025\/01\/Philippe-Chausson-300x300.png 300w, https:\/\/www.minesparis.psl.eu\/isige\/wp-content\/uploads\/sites\/21\/2025\/01\/Philippe-Chausson-150x150.png 150w, https:\/\/www.minesparis.psl.eu\/isige\/wp-content\/uploads\/sites\/21\/2025\/01\/Philippe-Chausson-768x768.png 768w, https:\/\/www.minesparis.psl.eu\/isige\/wp-content\/uploads\/sites\/21\/2025\/01\/Philippe-Chausson.png 876w\" sizes=\"auto, (max-width: 300px) 100vw, 300px\" \/><\/p>\n<h3 style=\"text-align: center\">Philippe Chausson<\/h3>\n<p style=\"text-align: center\">RSEDD 2023-24<\/p>\n<p style=\"text-align: center\"><a class=\"button-mines btn-bleu flech lf-blanc\" href=\"https:\/\/www.minesparis.psl.eu\/isige\/actualites\/portrait-de-philippe-chausson-ms-eedd-parcours-rsedd-2023-24\/\" target=\"_blank\" rel=\"noopener\">En savoir plus<\/a><\/p>\n\t\t<\/div>\n\t<\/div>\n<\/div>\n\n\n<div class=\"container bloc-30-30-30\">\n\t<div class=\"row mt-4\">\n\t\t<div class=\"col-md-4\">\n\t\t\t<p><img loading=\"lazy\" decoding=\"async\" class=\"alignnone size-medium wp-image-272 aligncenter\" src=\"https:\/\/www.minesparis.psl.eu\/isige\/wp-content\/uploads\/sites\/21\/2025\/01\/Jonathan-Lecluze-300x300.png\" alt=\"\" width=\"300\" height=\"300\" srcset=\"https:\/\/www.minesparis.psl.eu\/isige\/wp-content\/uploads\/sites\/21\/2025\/01\/Jonathan-Lecluze-300x300.png 300w, https:\/\/www.minesparis.psl.eu\/isige\/wp-content\/uploads\/sites\/21\/2025\/01\/Jonathan-Lecluze-150x150.png 150w, https:\/\/www.minesparis.psl.eu\/isige\/wp-content\/uploads\/sites\/21\/2025\/01\/Jonathan-Lecluze.png 354w\" sizes=\"auto, (max-width: 300px) 100vw, 300px\" \/><\/p>\n<h3 style=\"text-align: center\">Jonathan Lecluze<\/h3>\n<p style=\"text-align: center\">RSEDD 2022-23<\/p>\n<p style=\"text-align: center\"><a class=\"button-mines btn-bleu flech lf-blanc\" href=\"https:\/\/www.minesparis.psl.eu\/isige\/actualites\/portrait-de-jonathan-lecluze-ms-eedd-parcours-rsedd-2022-23\/\" target=\"_blank\" rel=\"noopener\">En savoir plus<\/a><\/p>\n\t\t<\/div>\n\t\t<div class=\"col-md-4\">\n\t\t\t<p><img loading=\"lazy\" decoding=\"async\" class=\"alignnone size-medium wp-image-273 aligncenter\" src=\"https:\/\/www.minesparis.psl.eu\/isige\/wp-content\/uploads\/sites\/21\/2025\/01\/Helene-Barthelemy-300x300.png\" alt=\"\" width=\"300\" height=\"300\" srcset=\"https:\/\/www.minesparis.psl.eu\/isige\/wp-content\/uploads\/sites\/21\/2025\/01\/Helene-Barthelemy-300x300.png 300w, https:\/\/www.minesparis.psl.eu\/isige\/wp-content\/uploads\/sites\/21\/2025\/01\/Helene-Barthelemy-150x150.png 150w, https:\/\/www.minesparis.psl.eu\/isige\/wp-content\/uploads\/sites\/21\/2025\/01\/Helene-Barthelemy.png 321w\" sizes=\"auto, (max-width: 300px) 100vw, 300px\" \/><\/p>\n<h3 style=\"text-align: center\">H\u00e9l\u00e8ne Barth\u00e8lemy<\/h3>\n<p style=\"text-align: center\">RSEDD 2022-23<\/p>\n<p style=\"text-align: center\"><a class=\"button-mines btn-bleu flech lf-blanc\" href=\"https:\/\/www.minesparis.psl.eu\/isige\/actualites\/portrait-dhelene-barthelemy-ms-eedd-parcours-rsedd-2022-23\/\" target=\"_blank\" rel=\"noopener\">En savoir plus<\/a><\/p>\n\t\t<\/div>\n\t\t<div class=\"col-md-4\">\n\t\t\t<p style=\"text-align: center\"><img loading=\"lazy\" decoding=\"async\" class=\"alignnone size-medium wp-image-274\" src=\"https:\/\/www.minesparis.psl.eu\/isige\/wp-content\/uploads\/sites\/21\/2025\/01\/Aurelie-de-Salinelles-300x300.png\" alt=\"\" width=\"300\" height=\"300\" srcset=\"https:\/\/www.minesparis.psl.eu\/isige\/wp-content\/uploads\/sites\/21\/2025\/01\/Aurelie-de-Salinelles-300x300.png 300w, https:\/\/www.minesparis.psl.eu\/isige\/wp-content\/uploads\/sites\/21\/2025\/01\/Aurelie-de-Salinelles-150x150.png 150w, https:\/\/www.minesparis.psl.eu\/isige\/wp-content\/uploads\/sites\/21\/2025\/01\/Aurelie-de-Salinelles.png 363w\" sizes=\"auto, (max-width: 300px) 100vw, 300px\" \/><\/p>\n<h3 style=\"text-align: center\">Aur\u00e9lie de Salinelles<\/h3>\n<p style=\"text-align: center\">RSEDD 2022-23<\/p>\n<p style=\"text-align: center\"><a class=\"button-mines btn-bleu flech lf-blanc\" href=\"https:\/\/www.minesparis.psl.eu\/isige\/actualites\/portrait-daurelie-de-salinelles-ms-eedd-parcours-rsedd-2022-23\/\" target=\"_blank\" rel=\"noopener\">En savoir plus<\/a><\/p>\n\t\t<\/div>\n\t<\/div>\n<\/div>","protected":false},"excerpt":{"rendered":"","protected":false},"author":1,"featured_media":1989,"parent":172,"menu_order":0,"comment_status":"closed","ping_status":"closed","template":"","meta":{"footnotes":""},"class_list":["post-226","page","type-page","status-publish","has-post-thumbnail","hentry"],"acf":[],"yoast_head":"<!-- This site is optimized with the Yoast SEO plugin v27.2 - https:\/\/yoast.com\/product\/yoast-seo-wordpress\/ -->\n<title>Les \u00e9tudiants de l\u2019ISIGE Mines Paris - PSL - ISIGE Mines Paris - PSL<\/title>\n<meta name=\"description\" content=\"L\u2019ISIGE forme des professionnels engag\u00e9s dans la transition \u00e9cologique, issus de parcours vari\u00e9s tels que l\u2019ing\u00e9nierie, les sciences politiques, l\u2019\u00e9conomie ou le droit.\" \/>\n<meta name=\"robots\" content=\"index, follow, max-snippet:-1, max-image-preview:large, max-video-preview:-1\" \/>\n<link rel=\"canonical\" href=\"https:\/\/www.minesparis.psl.eu\/isige\/lisige\/etudiants\/\" \/>\n<meta property=\"og:locale\" content=\"fr_FR\" \/>\n<meta property=\"og:type\" content=\"article\" \/>\n<meta property=\"og:title\" content=\"Les \u00e9tudiants de l\u2019ISIGE Mines Paris - PSL - ISIGE Mines Paris - PSL\" \/>\n<meta property=\"og:description\" content=\"L\u2019ISIGE forme des professionnels engag\u00e9s dans la transition \u00e9cologique, issus de parcours vari\u00e9s tels que l\u2019ing\u00e9nierie, les sciences politiques, l\u2019\u00e9conomie ou le droit.\" \/>\n<meta property=\"og:url\" content=\"https:\/\/www.minesparis.psl.eu\/isige\/lisige\/etudiants\/\" \/>\n<meta property=\"og:site_name\" content=\"ISIGE Mines Paris - PSL\" \/>\n<meta property=\"article:modified_time\" content=\"2026-02-16T15:59:22+00:00\" \/>\n<meta property=\"og:image\" content=\"https:\/\/www.minesparis.psl.eu\/isige\/wp-content\/uploads\/sites\/21\/2025\/03\/IMG_2114.jpg\" \/>\n\t<meta property=\"og:image:width\" content=\"1200\" \/>\n\t<meta property=\"og:image:height\" content=\"644\" \/>\n\t<meta property=\"og:image:type\" content=\"image\/jpeg\" \/>\n<meta name=\"twitter:card\" content=\"summary_large_image\" \/>\n<meta name=\"twitter:label1\" content=\"Dur\u00e9e de lecture estim\u00e9e\" \/>\n\t<meta name=\"twitter:data1\" content=\"1 minute\" \/>\n<script type=\"application\/ld+json\" class=\"yoast-schema-graph\">{\"@context\":\"https:\/\/schema.org\",\"@graph\":[{\"@type\":\"WebPage\",\"@id\":\"https:\/\/www.minesparis.psl.eu\/isige\/lisige\/etudiants\/\",\"url\":\"https:\/\/www.minesparis.psl.eu\/isige\/lisige\/etudiants\/\",\"name\":\"Les \u00e9tudiants de l\u2019ISIGE Mines Paris - PSL - ISIGE Mines Paris - PSL\",\"isPartOf\":{\"@id\":\"https:\/\/www.minesparis.psl.eu\/isige\/#website\"},\"primaryImageOfPage\":{\"@id\":\"https:\/\/www.minesparis.psl.eu\/isige\/lisige\/etudiants\/#primaryimage\"},\"image\":{\"@id\":\"https:\/\/www.minesparis.psl.eu\/isige\/lisige\/etudiants\/#primaryimage\"},\"thumbnailUrl\":\"https:\/\/www.minesparis.psl.eu\/isige\/wp-content\/uploads\/sites\/21\/2025\/03\/IMG_2114.jpg\",\"datePublished\":\"2025-01-22T12:13:53+00:00\",\"dateModified\":\"2026-02-16T15:59:22+00:00\",\"description\":\"L\u2019ISIGE forme des professionnels engag\u00e9s dans la transition \u00e9cologique, issus de parcours vari\u00e9s tels que l\u2019ing\u00e9nierie, les sciences politiques, l\u2019\u00e9conomie ou le droit.\",\"breadcrumb\":{\"@id\":\"https:\/\/www.minesparis.psl.eu\/isige\/lisige\/etudiants\/#breadcrumb\"},\"inLanguage\":\"fr-FR\",\"potentialAction\":[{\"@type\":\"ReadAction\",\"target\":[\"https:\/\/www.minesparis.psl.eu\/isige\/lisige\/etudiants\/\"]}]},{\"@type\":\"ImageObject\",\"inLanguage\":\"fr-FR\",\"@id\":\"https:\/\/www.minesparis.psl.eu\/isige\/lisige\/etudiants\/#primaryimage\",\"url\":\"https:\/\/www.minesparis.psl.eu\/isige\/wp-content\/uploads\/sites\/21\/2025\/03\/IMG_2114.jpg\",\"contentUrl\":\"https:\/\/www.minesparis.psl.eu\/isige\/wp-content\/uploads\/sites\/21\/2025\/03\/IMG_2114.jpg\",\"width\":1200,\"height\":644,\"caption\":\"Etudiants ISIGE\"},{\"@type\":\"BreadcrumbList\",\"@id\":\"https:\/\/www.minesparis.psl.eu\/isige\/lisige\/etudiants\/#breadcrumb\",\"itemListElement\":[{\"@type\":\"ListItem\",\"position\":1,\"name\":\"Accueil\",\"item\":\"https:\/\/www.minesparis.psl.eu\/isige\/\"},{\"@type\":\"ListItem\",\"position\":2,\"name\":\"L\u2019ISIGE\",\"item\":\"https:\/\/www.minesparis.psl.eu\/isige\/lisige\/\"},{\"@type\":\"ListItem\",\"position\":3,\"name\":\"Les \u00e9tudiants de l\u2019ISIGE Mines Paris \u2013 PSL\"}]},{\"@type\":\"WebSite\",\"@id\":\"https:\/\/www.minesparis.psl.eu\/isige\/#website\",\"url\":\"https:\/\/www.minesparis.psl.eu\/isige\/\",\"name\":\"ISIGE Mines Paris - PSL\",\"description\":\"\",\"publisher\":{\"@id\":\"https:\/\/www.minesparis.psl.eu\/isige\/#organization\"},\"potentialAction\":[{\"@type\":\"SearchAction\",\"target\":{\"@type\":\"EntryPoint\",\"urlTemplate\":\"https:\/\/www.minesparis.psl.eu\/isige\/?s={search_term_string}\"},\"query-input\":{\"@type\":\"PropertyValueSpecification\",\"valueRequired\":true,\"valueName\":\"search_term_string\"}}],\"inLanguage\":\"fr-FR\"},{\"@type\":\"Organization\",\"@id\":\"https:\/\/www.minesparis.psl.eu\/isige\/#organization\",\"name\":\"ISIGE Mines Paris - PSL\",\"url\":\"https:\/\/www.minesparis.psl.eu\/isige\/\",\"logo\":{\"@type\":\"ImageObject\",\"inLanguage\":\"fr-FR\",\"@id\":\"https:\/\/www.minesparis.psl.eu\/isige\/#\/schema\/logo\/image\/\",\"url\":\"https:\/\/www.minesparis.psl.eu\/isige\/wp-content\/uploads\/sites\/21\/2025\/02\/cropped-MinesParis-PSL-ISIGEOCoRVB-1.png\",\"contentUrl\":\"https:\/\/www.minesparis.psl.eu\/isige\/wp-content\/uploads\/sites\/21\/2025\/02\/cropped-MinesParis-PSL-ISIGEOCoRVB-1.png\",\"width\":1584,\"height\":360,\"caption\":\"ISIGE Mines Paris - PSL\"},\"image\":{\"@id\":\"https:\/\/www.minesparis.psl.eu\/isige\/#\/schema\/logo\/image\/\"}}]}<\/script>\n<!-- \/ Yoast SEO plugin. -->","yoast_head_json":{"title":"Les \u00e9tudiants de l\u2019ISIGE Mines Paris - PSL - ISIGE Mines Paris - PSL","description":"L\u2019ISIGE forme des professionnels engag\u00e9s dans la transition \u00e9cologique, issus de parcours vari\u00e9s tels que l\u2019ing\u00e9nierie, les sciences politiques, l\u2019\u00e9conomie ou le droit.","robots":{"index":"index","follow":"follow","max-snippet":"max-snippet:-1","max-image-preview":"max-image-preview:large","max-video-preview":"max-video-preview:-1"},"canonical":"https:\/\/www.minesparis.psl.eu\/isige\/lisige\/etudiants\/","og_locale":"fr_FR","og_type":"article","og_title":"Les \u00e9tudiants de l\u2019ISIGE Mines Paris - PSL - ISIGE Mines Paris - PSL","og_description":"L\u2019ISIGE forme des professionnels engag\u00e9s dans la transition \u00e9cologique, issus de parcours vari\u00e9s tels que l\u2019ing\u00e9nierie, les sciences politiques, l\u2019\u00e9conomie ou le droit.","og_url":"https:\/\/www.minesparis.psl.eu\/isige\/lisige\/etudiants\/","og_site_name":"ISIGE Mines Paris - PSL","article_modified_time":"2026-02-16T15:59:22+00:00","og_image":[{"width":1200,"height":644,"url":"https:\/\/www.minesparis.psl.eu\/isige\/wp-content\/uploads\/sites\/21\/2025\/03\/IMG_2114.jpg","type":"image\/jpeg"}],"twitter_card":"summary_large_image","twitter_misc":{"Dur\u00e9e de lecture estim\u00e9e":"1 minute"},"schema":{"@context":"https:\/\/schema.org","@graph":[{"@type":"WebPage","@id":"https:\/\/www.minesparis.psl.eu\/isige\/lisige\/etudiants\/","url":"https:\/\/www.minesparis.psl.eu\/isige\/lisige\/etudiants\/","name":"Les \u00e9tudiants de l\u2019ISIGE Mines Paris - PSL - ISIGE Mines Paris - PSL","isPartOf":{"@id":"https:\/\/www.minesparis.psl.eu\/isige\/#website"},"primaryImageOfPage":{"@id":"https:\/\/www.minesparis.psl.eu\/isige\/lisige\/etudiants\/#primaryimage"},"image":{"@id":"https:\/\/www.minesparis.psl.eu\/isige\/lisige\/etudiants\/#primaryimage"},"thumbnailUrl":"https:\/\/www.minesparis.psl.eu\/isige\/wp-content\/uploads\/sites\/21\/2025\/03\/IMG_2114.jpg","datePublished":"2025-01-22T12:13:53+00:00","dateModified":"2026-02-16T15:59:22+00:00","description":"L\u2019ISIGE forme des professionnels engag\u00e9s dans la transition \u00e9cologique, issus de parcours vari\u00e9s tels que l\u2019ing\u00e9nierie, les sciences politiques, l\u2019\u00e9conomie ou le droit.","breadcrumb":{"@id":"https:\/\/www.minesparis.psl.eu\/isige\/lisige\/etudiants\/#breadcrumb"},"inLanguage":"fr-FR","potentialAction":[{"@type":"ReadAction","target":["https:\/\/www.minesparis.psl.eu\/isige\/lisige\/etudiants\/"]}]},{"@type":"ImageObject","inLanguage":"fr-FR","@id":"https:\/\/www.minesparis.psl.eu\/isige\/lisige\/etudiants\/#primaryimage","url":"https:\/\/www.minesparis.psl.eu\/isige\/wp-content\/uploads\/sites\/21\/2025\/03\/IMG_2114.jpg","contentUrl":"https:\/\/www.minesparis.psl.eu\/isige\/wp-content\/uploads\/sites\/21\/2025\/03\/IMG_2114.jpg","width":1200,"height":644,"caption":"Etudiants ISIGE"},{"@type":"BreadcrumbList","@id":"https:\/\/www.minesparis.psl.eu\/isige\/lisige\/etudiants\/#breadcrumb","itemListElement":[{"@type":"ListItem","position":1,"name":"Accueil","item":"https:\/\/www.minesparis.psl.eu\/isige\/"},{"@type":"ListItem","position":2,"name":"L\u2019ISIGE","item":"https:\/\/www.minesparis.psl.eu\/isige\/lisige\/"},{"@type":"ListItem","position":3,"name":"Les \u00e9tudiants de l\u2019ISIGE Mines Paris \u2013 PSL"}]},{"@type":"WebSite","@id":"https:\/\/www.minesparis.psl.eu\/isige\/#website","url":"https:\/\/www.minesparis.psl.eu\/isige\/","name":"ISIGE Mines Paris - PSL","description":"","publisher":{"@id":"https:\/\/www.minesparis.psl.eu\/isige\/#organization"},"potentialAction":[{"@type":"SearchAction","target":{"@type":"EntryPoint","urlTemplate":"https:\/\/www.minesparis.psl.eu\/isige\/?s={search_term_string}"},"query-input":{"@type":"PropertyValueSpecification","valueRequired":true,"valueName":"search_term_string"}}],"inLanguage":"fr-FR"},{"@type":"Organization","@id":"https:\/\/www.minesparis.psl.eu\/isige\/#organization","name":"ISIGE Mines Paris - PSL","url":"https:\/\/www.minesparis.psl.eu\/isige\/","logo":{"@type":"ImageObject","inLanguage":"fr-FR","@id":"https:\/\/www.minesparis.psl.eu\/isige\/#\/schema\/logo\/image\/","url":"https:\/\/www.minesparis.psl.eu\/isige\/wp-content\/uploads\/sites\/21\/2025\/02\/cropped-MinesParis-PSL-ISIGEOCoRVB-1.png","contentUrl":"https:\/\/www.minesparis.psl.eu\/isige\/wp-content\/uploads\/sites\/21\/2025\/02\/cropped-MinesParis-PSL-ISIGEOCoRVB-1.png","width":1584,"height":360,"caption":"ISIGE Mines Paris - PSL"},"image":{"@id":"https:\/\/www.minesparis.psl.eu\/isige\/#\/schema\/logo\/image\/"}}]}},"_links":{"self":[{"href":"https:\/\/www.minesparis.psl.eu\/isige\/wp-json\/wp\/v2\/pages\/226","targetHints":{"allow":["GET"]}}],"collection":[{"href":"https:\/\/www.minesparis.psl.eu\/isige\/wp-json\/wp\/v2\/pages"}],"about":[{"href":"https:\/\/www.minesparis.psl.eu\/isige\/wp-json\/wp\/v2\/types\/page"}],"author":[{"embeddable":true,"href":"https:\/\/www.minesparis.psl.eu\/isige\/wp-json\/wp\/v2\/users\/1"}],"replies":[{"embeddable":true,"href":"https:\/\/www.minesparis.psl.eu\/isige\/wp-json\/wp\/v2\/comments?post=226"}],"version-history":[{"count":229,"href":"https:\/\/www.minesparis.psl.eu\/isige\/wp-json\/wp\/v2\/pages\/226\/revisions"}],"predecessor-version":[{"id":4033,"href":"https:\/\/www.minesparis.psl.eu\/isige\/wp-json\/wp\/v2\/pages\/226\/revisions\/4033"}],"up":[{"embeddable":true,"href":"https:\/\/www.minesparis.psl.eu\/isige\/wp-json\/wp\/v2\/pages\/172"}],"wp:featuredmedia":[{"embeddable":true,"href":"https:\/\/www.minesparis.psl.eu\/isige\/wp-json\/wp\/v2\/media\/1989"}],"wp:attachment":[{"href":"https:\/\/www.minesparis.psl.eu\/isige\/wp-json\/wp\/v2\/media?parent=226"}],"curies":[{"name":"wp","href":"https:\/\/api.w.org\/{rel}","templated":true}]}}