{"version":"1.0","provider_name":"ISIGE Mines Paris - PSL","provider_url":"https:\/\/www.minesparis.psl.eu\/isige","author_name":"sabrina","author_url":"https:\/\/www.minesparis.psl.eu\/isige\/author\/sabrina\/","title":"S\u00e9minaire\"Biodiversit\u00e9 et am\u00e9nagement du territoire\" - ISIGE Mines Paris - PSL","type":"rich","width":600,"height":338,"html":"<blockquote class=\"wp-embedded-content\" data-secret=\"DQ0aUpTCKC\"><a href=\"https:\/\/www.minesparis.psl.eu\/isige\/actualites\/seminairebiodiversite-et-amenagement-du-territoire\/\">S\u00e9minaire \u00bbBiodiversit\u00e9 et am\u00e9nagement du territoire \u00bb<\/a><\/blockquote><iframe sandbox=\"allow-scripts\" security=\"restricted\" src=\"https:\/\/www.minesparis.psl.eu\/isige\/actualites\/seminairebiodiversite-et-amenagement-du-territoire\/embed\/#?secret=DQ0aUpTCKC\" width=\"600\" height=\"338\" title=\"\u00ab\u00a0S\u00e9minaire \u00bbBiodiversit\u00e9 et am\u00e9nagement du territoire \u00bb\u00a0\u00bb &#8212; ISIGE Mines Paris - PSL\" data-secret=\"DQ0aUpTCKC\" frameborder=\"0\" marginwidth=\"0\" marginheight=\"0\" scrolling=\"no\" class=\"wp-embedded-content\"><\/iframe><script type=\"text\/javascript\">\n\/* <![CDATA[ *\/\n\/*! This file is auto-generated *\/\n!function(d,l){\"use strict\";l.querySelector&&d.addEventListener&&\"undefined\"!=typeof URL&&(d.wp=d.wp||{},d.wp.receiveEmbedMessage||(d.wp.receiveEmbedMessage=function(e){var t=e.data;if((t||t.secret||t.message||t.value)&&!\/[^a-zA-Z0-9]\/.test(t.secret)){for(var s,r,n,a=l.querySelectorAll('iframe[data-secret=\"'+t.secret+'\"]'),o=l.querySelectorAll('blockquote[data-secret=\"'+t.secret+'\"]'),c=new RegExp(\"^https?:$\",\"i\"),i=0;i<o.length;i++)o[i].style.display=\"none\";for(i=0;i<a.length;i++)s=a[i],e.source===s.contentWindow&&(s.removeAttribute(\"style\"),\"height\"===t.message?(1e3<(r=parseInt(t.value,10))?r=1e3:~~r<200&&(r=200),s.height=r):\"link\"===t.message&&(r=new URL(s.getAttribute(\"src\")),n=new URL(t.value),c.test(n.protocol))&&n.host===r.host&&l.activeElement===s&&(d.top.location.href=t.value))}},d.addEventListener(\"message\",d.wp.receiveEmbedMessage,!1),l.addEventListener(\"DOMContentLoaded\",function(){for(var e,t,s=l.querySelectorAll(\"iframe.wp-embedded-content\"),r=0;r<s.length;r++)(t=(e=s[r]).getAttribute(\"data-secret\"))||(t=Math.random().toString(36).substring(2,12),e.src+=\"#?secret=\"+t,e.setAttribute(\"data-secret\",t)),e.contentWindow.postMessage({message:\"ready\",secret:t},\"*\")},!1)))}(window,document);\n\/\/# sourceURL=https:\/\/www.minesparis.psl.eu\/isige\/wp-includes\/js\/wp-embed.min.js\n\/* ]]> *\/\n<\/script>\n","thumbnail_url":"https:\/\/www.minesparis.psl.eu\/isige\/wp-content\/uploads\/sites\/21\/2025\/03\/IMG_1388.jpg","thumbnail_width":1200,"thumbnail_height":799,"description":"En renfor\u00e7ant la prise en compte de la biodiversit\u00e9 dans les strat\u00e9gies d\u2019am\u00e9nagement, ce s\u00e9minaire vise \u00e0 former des experts capables de r\u00e9pondre aux d\u00e9fis \u00e9cologiques actuels tout en accompagnant les dynamiques de transformation des territoires."}