{"id":1428,"date":"2025-06-13T14:46:10","date_gmt":"2025-06-13T12:46:10","guid":{"rendered":"https:\/\/www.minesparis.psl.eu\/cmat\/?page_id=1428"},"modified":"2026-04-16T16:03:01","modified_gmt":"2026-04-16T14:03:01","slug":"historique-des-seminaires","status":"publish","type":"page","link":"https:\/\/www.minesparis.psl.eu\/cmat\/historique-des-seminaires\/","title":{"rendered":"Historique des s\u00e9minaires"},"content":{"rendered":"\n<div class=\"container block-full-largeur\">\n\t<div class=\"row mt-4\">\n\t\t<div class=\"col-md-12\">\n\t\t\t<h2>2026<\/h2>\n<h3 class=\"x_elementToProof\"><b>6 mai 2026 &#8211; Mat\u00e9riaux m\u00e9talliques et inclusions<\/b><\/h3>\n<div class=\"x_elementToProof\">Les doctorants de 2\u00e8me ann\u00e9e ainsi que des chercheurs travaillant sur des probl\u00e9matiques similaires pr\u00e9senteront leurs travaux.<\/div>\n<div class=\"x_elementToProof\"><\/div>\n<div class=\"x_elementToProof\">Nous allons utiliser un format\u00a0<b>hybride<\/b>\u00a0<b>(visioconf\u00e9rence\u00a0et pr\u00e9sentiel sur le site de Versailles)<\/b>\u00a0avec des pr\u00e9sentations qui vont se succ\u00e9der durant la matin\u00e9e.<\/div>\n<div class=\"x_elementToProof\"><b><u>Ce s\u00e9minaire est ouvert \u00e0 tous, sur inscription<\/u><\/b><\/div>\n<div class=\"x_elementToProof\"><a id=\"OWA49f9f487-dc9b-0638-b181-29ada86a5b09\" class=\"x_OWAAutoLink\" title=\"https:\/\/evento.renater.fr\/survey\/participation-au-seminaire-materiaux-metalliques-et-inclusions-zvwd4b83\" href=\"https:\/\/evento.renater.fr\/survey\/participation-au-seminaire-materiaux-metalliques-et-inclusions-zvwd4b83\" data-auth=\"NotApplicable\" data-linkindex=\"0\">https:\/\/evento.renater.fr\/survey\/participation-au-seminaire-materiaux-metalliques-et-inclusions-zvwd4b83<\/a><\/div>\n<div class=\"x_elementToProof\">Pour les personnes en\u00a0<b>pr\u00e9sentiel<\/b>, le s\u00e9minaire se tiendra dans\u00a0<b>l&rsquo;amphith\u00e9\u00e2tre<\/b>\u00a0au 1er \u00e9tage. Les\u00a0<b>personnes ext\u00e9rieures<\/b>\u00a0au Centre des Mat\u00e9riaux, auront \u00e0 pr\u00e9senter une\u00a0<b>pi\u00e8ce d&rsquo;identit\u00e9<\/b>\u00a0\u00e0 l&rsquo;accueil ainsi qu&rsquo;\u00e0\u00a0\u00e9marger \u00e0 l&rsquo;accueil.<\/div>\n<div><\/div>\n<div class=\"x_elementToProof\"><b><u>Programme<\/u><\/b><\/div>\n<p class=\"x_elementToProof\"><b>9h15 &#8211; 9h30 : Accueil et Introduction<\/b><\/p>\n<p class=\"x_elementToProof\">Anne-Fran\u00e7oise GOURGUES-LORENZON &#8211; Centre des Mat\u00e9riaux, Mines Paris, PSL University, UMR CNRS 7633<\/p>\n<p class=\"x_elementToProof\"><b>9h30 \u2013 10h00 : Germination d\u2019endommagement sur les impuret\u00e9s dans un alliage d\u2019aluminium recycl\u00e9 par nano-tomographie in-situ<\/b><\/p>\n<p class=\"x_elementToProof\">Gabrielle VERNET, doctorante &#8211; Centre des Mat\u00e9riaux, Mines Paris, PSL University, UMR CNRS 7633<\/p>\n<p class=\"x_elementToProof\"><b>10h00 \u2013 10h30 : Propri\u00e9t\u00e9s et utilisations du 6061-T6 dans le nucl\u00e9aire<\/b><\/p>\n<p class=\"x_elementToProof\">J\u00e9r\u00f4me GARNIER, Universit\u00e9 Paris-Saclay, CEA, Service de Recherches Mat\u00e9riaux et proc\u00e9d\u00e9s Avanc\u00e9s, 91191, Gif-sur-Yvette, France<\/p>\n<p class=\"x_elementToProof\"><b>10h30 \u2013 11h00 : Pause &#8211; discussion<\/b><\/p>\n<p class=\"x_elementToProof\"><b>11h00 \u2013 11h30 : Evaluation de la t\u00e9nacit\u00e9 d\u2019\u00e9prouvettes mSENB en aciers nanorenforc\u00e9s (ODS)\u00a0:\u00a0 influence de l\u2019\u00e9paisseur sur les valeurs de t\u00e9nacit\u00e9<\/b><\/p>\n<p class=\"x_elementToProof\">Romain DASSONNEVILLE, doctorant &#8211; Centre des Mat\u00e9riaux, Mines Paris, PSL University, UMR CNRS 7633<\/p>\n<p class=\"x_elementToProof\"><b>11h30 \u2013 12h00\u00a0: Comportement et microstructure des fers puddl\u00e9s<\/b><\/p>\n<p class=\"x_elementToProof\">Maxime VIGNES, doctorant &#8211; Centre des Mat\u00e9riaux, Mines Paris, PSL Universit\u00e9, UMR CNRS 7633 &amp; Laboratoire G\u00e9om\u00e9trie-Structure-Architecture \u2013 GSA, \u00c9cole nationale sup\u00e9rieure d\u2019architecture Paris-Malaquais, 14 rue Bonaparte 75006 Paris<\/p>\n<p class=\"x_elementToProof\"><b>12h00 : Cl\u00f4ture de la journ\u00e9e<\/b><\/p>\n<p><a href=\"https:\/\/www.minesparis.psl.eu\/cmat\/wp-content\/uploads\/sites\/25\/2026\/04\/Abstract_seminaire_06052026_Materiaux_metalliques_et_inclusions.pdf\">ABSTRACTS<\/a><\/p>\n<p>&nbsp;<\/p>\n<hr \/>\n<h3 data-start=\"1163\" data-end=\"1222\">16 mars &#8211; Fragilisation sous hydrog\u00e8ne<\/h3>\n<p><a href=\"https:\/\/www.minesparis.psl.eu\/cmat\/wp-content\/uploads\/sites\/25\/2026\/02\/Abstracts_seminaire_16032026.pdf\">ABSTRACTS<\/a><\/p>\n<p><a href=\"https:\/\/www.minesparis.psl.eu\/cmat\/wp-content\/uploads\/sites\/25\/2026\/02\/16032026_programme_seminaire_Fragilisation_sous_hudrogene.pdf\">PROGRAMME<\/a><\/p>\n<ul>\n<li>13h45 \u2013 14h : Accueil et Introduction\nPr. Yazid Madi &#8211; Centre des Mat\u00e9riaux, MINES Paris, Universit\u00e9 PSL, CNRS UMR, 7633, Versailles, France<\/li>\n<li>14h \u2013 14h30 : Transition \u00e9nerg\u00e9tique : r\u00f4le &amp; enjeux de recherche de l\u2019hydrog\u00e8ne, cadre du PEPR\nDr. H\u00e9l\u00e8ne BURLET &#8211; CEA-Liten, 38054 Grenoble Cedex 9<\/li>\n<li>14h30 \u2013 15h : Investigation of hydrogen embrittlement of 316L steel by in-situ synchrotron tomography under hydrogen gas pressure.\nGianpaolo PILLON, Doctorant &#8211; Centre des Mat\u00e9riaux, MINES Paris, Universit\u00e9 PSL, CNRS UMR, 7633, Versailles, France<\/li>\n<li>15h \u2013 15h30 : Relever les d\u00e9fis du stockage cryog\u00e9nique de l&rsquo;hydrog\u00e8ne\nDr. Pierre-Emmanuel LEGER &#8211; Aperam Research, BP 15, 62330 Isbergues<\/li>\n<li>15h30 \u2013 16h : Pause &#8211; discussion<\/li>\n<li>16h \u2013 16h30 : Effect of triaxiality and strain rate in the hydrogen embrittlement and damage development as well as the impact of maximum principal stress on surface crack growth for mini-specimen tested in an H2 gas environment for a X70 steel\nEduardo BALLMANN DE CAMPOS &#8211; Centre des Mat\u00e9riaux, MINES Paris, Universit\u00e9 PSL, CNRS UMR, 7633, Versailles, France<\/li>\n<li>16h30 \u201317h : Influence de l\u2019hydrog\u00e8ne de volume sur le comportement m\u00e9canique d\u2019aciers faiblement alli\u00e9s expos\u00e9s \u00e0 l&rsquo;hydrog\u00e8ne gazeux\nDr. Luciano MEIRELLES SANTANA &#8211; Centre des Mat\u00e9riaux, MINES Paris, Universit\u00e9 PSL, CNRS UMR, 7633, Versailles, France<\/li>\n<li>17h : Cl\u00f4ture de la journ\u00e9e\nPr. Yazid Madi &#8211; Centre des Mat\u00e9riaux, MINES Paris, Universit\u00e9 PSL, CNRS UMR, 7633, Versailles, France<\/li>\n<\/ul>\n<hr \/>\n<h3 data-start=\"1163\" data-end=\"1222\">18 f\u00e9vrier &#8211; M\u00e9thodes num\u00e9riques<\/h3>\n<p><a href=\"https:\/\/www.minesparis.psl.eu\/cmat\/wp-content\/uploads\/sites\/25\/2026\/02\/Abstracts_seminaire_methodes_numeriques.pdf\">ABSTRACTS<\/a><\/p>\n<p><a href=\"https:\/\/www.minesparis.psl.eu\/cmat\/wp-content\/uploads\/sites\/25\/2026\/02\/programme_seminaire_Methode_numerique_18022026.pdf\">PROGRAMME<\/a><\/p>\n<ul>\n<li>13h45 \u2013 14h : Accueil et Introduction\nVladislav YASTREBOV &#8211; Centre des Mat\u00e9riaux, Mines Paris, PSL University, UMR CNRS\n7633<\/li>\n<li>14h \u2013 14h30 : M\u00e9thode de flexibilit\u00e9 pour la m\u00e9canique du contact : formulations par\n\u00e9l\u00e9ments finis et \u00e9l\u00e9ments de fronti\u00e8re acc\u00e9l\u00e9r\u00e9es par matrices hi\u00e9rarchiques\nYahya Boye, Doctorant &#8211; Centre des Mat\u00e9riaux, Mines Paris, PSL University, UMR CNRS\n7633<\/li>\n<li>14h30 \u2013 15h : Quelques d\u00e9fis pour la simulation du contact dans un contexte de\ncalcul massivement distribu\u00e9, avec un focus sur la r\u00e9solution des syst\u00e8mes\nlin\u00e9aires de type \u00ab point-selle \u00bb Olivier Jamond, Vincent Robert, Antoine Motte \u2013 CEA<\/li>\n<li>15h \u2013 15h30 : Mod\u00e9lisation et simulation de l&rsquo;endommagement des propergols par\nune approche microm\u00e9canique sous chargement quasi-statique Matteo Aprili, Doctorant &#8211; Centre des Mat\u00e9riaux, Mines Paris, PSL University, UMR CNRS 7633 &#8211; 2DMAS, ONERA, Universit\u00e9 Paris-Saclay 92320, Ch\u00e2tillon, France<\/li>\n<li>15h30 \u2013 16h : Pause &#8211; discussion<\/li>\n<li>16h \u2013 16h30 : Description des chocs thermiques \u00e0 l\u2019aide de mod\u00e8les\nd\u2019endommagement micromorphes \u00e0 gradient, r\u00e9solus par la m\u00e9thode HHO (Hybrid\nHigh-Order Method). Vers une simulation plus robuste et performante de la\nfissuration des \u00e9l\u00e9ments combustibles nucl\u00e9aires\nPedro Nava Soto &#8211; CEA, DES, IRESNE, DEC, SESC, LMCP D\u00e9partement d\u2019Etudes des\nCombustibles &#8211; Centre des Mat\u00e9riaux, Mines Paris, PSL University, UMR CNRS 7633<\/li>\n<li>16h30 \u201317h : A Hybrid High-Order method for non-local damage models in large\ndeformations Nicolas Pignet \u2013 EDF R&amp;D<\/li>\n<li>17h : Cl\u00f4ture de la journ\u00e9e\nVladislav YASTREBOV &#8211; Centre des Mat\u00e9riaux, Mines Paris, PSL University, UMR CNRS\n7633<\/li>\n<\/ul>\n<hr \/>\n<h3 data-start=\"1163\" data-end=\"1222\">30 janvier &#8211; Intelligence artificielle : Mat\u00e9riaux &amp; Syst\u00e8mes<\/h3>\n<p><a href=\"https:\/\/www.minesparis.psl.eu\/cmat\/wp-content\/uploads\/sites\/25\/2026\/01\/Abstracts_Seminaires_30012026.pdf\">ABSTRACTS<\/a><\/p>\n<p><a href=\"https:\/\/www.minesparis.psl.eu\/cmat\/wp-content\/uploads\/sites\/25\/2026\/01\/programme_seminaire_IA_30012026-1.pdf\">PROGRAMME<\/a><\/p>\n<ul>\n<li>9h15 \u2013 9h30 : Accueil et Introduction\nPierre KERFRIDEN &#8211; Centre des Mat\u00e9riaux, Mines Paris, PSL University, UMR CNRS 7633 &#8211; Ecole Nationale Sup\u00e9rieure des Mines de Paris<\/li>\n<li>9h30 \u2013 10h00 : A new Data-Driven paradigm in viscoplasticity for thermoplastic polymers.\nDarcy PAMBOU IMOGO, doctorant &#8211; Centre des Mat\u00e9riaux, Mines Paris, PSL University, UMR CNRS 7633 &#8211; Ecole Nationale Sup\u00e9rieure des Mines de Paris &#8211; Centre de Mise en Forme des Mat\u00e9riaux, 1 Rue Claude Daunesse, 06904 Sophia Antipolis<\/li>\n<li>10h00 \u2013 10h30 : Data-Driven Identification of Material Damage Model and Generation of a Resilient Material.\nPetr DOKLADAL &#8211; Centre for Mathematical Morphology, 35, rue Saint Honor\u00e9, 77300 Fontainebleau<\/li>\n<li>10h30 \u2013 11h00 : Pause &#8211; discussion<\/li>\n<li>11h00 &#8211; 11h30: Approche hybride de r\u00e9solution du probl\u00e8me inverse pour les batteries\nColin HOLLER, doctorant &#8211; Centre des Mat\u00e9riaux, Mines Paris, PSL University, UMR CNRS 7633 &#8211; Ecole Nationale Sup\u00e9rieure des Mines de Paris &#8211; AMPERE SA (RENAULT Group), Technocentre, Guyancourt<\/li>\n<li>11h30 \u201312h00 : Des donn\u00e9es Powertrain connect\u00e9s aux algos d\u2019IA embarqu\u00e9s\nFabrice AGNOLI &#8211; AMPERE SA (RENAULT Group), Technocentre, Guyancourt<\/li>\n<li>12h00 : Cl\u00f4ture de la journ\u00e9e\nCristian OVALLE RODAS &#8211; Centre des Mat\u00e9riaux, Mines Paris, PSL University, UMR CNRS 7633 &#8211; Ecole Nationale Sup\u00e9rieure des Mines de Paris<\/li>\n<\/ul>\n<h2>2025<\/h2>\n<div class=\"x_elementToProof\" data-olk-copy-source=\"MessageBody\">\n<h3 data-start=\"1163\" data-end=\"1222\">27 novembre &#8211; <b><u>Conditions extr\u00eames : efficacit\u00e9 des protections contre la temp\u00e9rature,\u00a0l\u2019oxydation et la corrosion<\/u><\/b><\/h3>\n<\/div>\n<ul>\n<li>13h45 \u2013 14h00 : Accueil et Introduction ; Vincent MAUREL- Centre des Mat\u00e9riaux, Mines Paris, PSL<\/li>\n<li>14h00 &#8211; 14h30 : Chambre de combustion : enjeux de design et durabilit\u00e9 en service ; Brice LE PANNERER, Safran Aircraft Engines Villaroche,<\/li>\n<li>14h30 \u2013 15h00 : Propagation de fissures en conditions de fatigue anisotherme, le r\u00f4le de la barri\u00e8re thermique ; Louise MARIOTON, doctorante, Centre des Mat\u00e9riaux,\u00a0 Safran Aircraft Engines<\/li>\n<li>15h00 &#8211; 15h30 : Influence des piqures de corrosions \u00e0 chaud sur la propagation en fatigue de fissure courte ; Elise P\u00c9RUSE, doctorante Centre des Mat\u00e9riaux, Mines Paris \u2013 Institut Jean Lamour \u2013 Safran Aircraft Engines<\/li>\n<li>15h30 \u2013 16h00 : Pause &#8211; discussion<\/li>\n<li>16h00 \u2013 16h30 : \u00c9tudes de l\u2019adh\u00e9rence et endommagement de syst\u00e8mes\nbarri\u00e8res thermiques par choc laser ; Eliott DEGOUILLES, doctorant, Centre des Mat\u00e9riaux, Mines Pari<\/li>\n<li>16h30 \u2013 17h00 : Comprendre et mod\u00e9liser l&rsquo;infiltration d&rsquo;une barri\u00e8re thermique par des CMAS sous gradients thermiques ; Thomas BRUNET, doctorant ONERA &#8211; Institut Jean Lamour<\/li>\n<li>17h00 : Cl\u00f4ture de la journ\u00e9e ; Vincent MAUREL<\/li>\n<\/ul>\n<hr data-start=\"1158\" data-end=\"1161\" \/>\n<h3 data-start=\"1163\" data-end=\"1222\">3 octobre \u2013 <b data-olk-copy-source=\"MessageBody\">Couplage m\u00e9canique &#8211; diffusion<\/b><\/h3>\n<ul>\n<li><b><u>13h45 &#8211; 14h:<\/u> Accueil<\/b><\/li>\n<li><b><\/b><b><u>14h00 \u2013 14h10:<\/u> Introduction ; <\/b>C\u00e9cilie DUHAMEL, Centre des Mat\u00e9riaux, Mines Paris, PSL<\/li>\n<li><b><\/b><b><u>14h10 \u2013 14h40:\u00a0<\/u>Batteries Lithium-ion : \u00e9tude du vieillissement m\u00e9canique des mat\u00e9riaux d\u2019\u00e9lectrode positive ; <\/b>Cl\u00e9mence PINOT, Centre des Mat\u00e9riaux, Mines Paris, PSL<\/li>\n<li><b><\/b><b><u>14h40 \u2013 15h10\u00a0:<\/u> Mod\u00e9lisation du gonflement dans les batteries Li-ion : de l\u2019industrie \u00e0 la simulation multiphysique ; <\/b>Sofiane MA\u00cfZA, Amp\u00e8re, Groupe Renault<\/li>\n<li><b><u>15h10 \u201315h40:<\/u>\u00a0D\u00e9veloppement d&rsquo;une approche coupl\u00e9e chimie-m\u00e9canique : applications \u00e0 la fissuration induite par la carbonatation des mat\u00e9riaux cimentaires<\/b><\/li>\n<li>Nicolas SEIGNEUR, Centre de G\u00e9osciences de Mines Paris<\/li>\n<li><b><u>15h40 \u2013 16h\u00a0:<\/u>\u00a0Pause<\/b><\/li>\n<li><b><u>16h \u2013 16h30:\u00a0<\/u>Modeling Intergranular Damage Assisted by Oxidation in Nickel-Based Superalloys ; <\/b>Ayoub EL-HABYB, Centre des Mat\u00e9riaux, Mines Paris, PSL<\/li>\n<li><b><u>16h30 \u2013 17h<\/u>: \u00a0Loi de comportement en plasticit\u00e9 cristalline avec endommagement adapt\u00e9e aux aubes de turbines refroidies en superalliage \u00e0 base de nickel monocristallin<\/b><\/li>\n<li>Florent COUDON, Safran Tech, Etablissement Paris Saclay,<\/li>\n<li><b><u>17h:<\/u>\u00a0Cl\u00f4ture de la journ\u00e9e<\/b><\/li>\n<\/ul>\n<hr \/>\n<h3 data-start=\"341\" data-end=\"411\">12 f\u00e9vrier \u2013 Acier Inoxydable pour l&rsquo;industrie nucl\u00e9aire<\/h3>\n<ul>\n<li><strong data-start=\"59\" data-end=\"76\">13h45 \u2013 14h00<\/strong> : Accueil<\/li>\n<li><strong data-start=\"89\" data-end=\"106\">14h00 \u2013 14h15<\/strong> : Introduction \u2013 Sylvain Depinoy (Centre des Mat\u00e9riaux)<\/li>\n<li><strong data-start=\"165\" data-end=\"182\">14h15 \u2013 14h45<\/strong> : Les aciers inoxydables chez Framatome : utilisation et d\u00e9veloppements \u2013 Nicolas Herv\u00e9 (Framatome)<\/li>\n<li><strong data-start=\"285\" data-end=\"302\">14h45 \u2013 15h15<\/strong> : Variabilit\u00e9 du comportement et m\u00e9canismes d\u2019endommagement en fluage d\u2019aciers inoxydables 316L(N) \u2013 Marwa Ben Bettaieb (Doctorante, Mines Paris)<\/li>\n<li><strong data-start=\"451\" data-end=\"468\">15h15 \u2013 15h45<\/strong> : Pause<\/li>\n<li><strong data-start=\"479\" data-end=\"496\">15h45 \u2013 16h15<\/strong> : Oxydation\/corrosion sous contrainte de l\u2019acier inoxydable 316L en milieu REP \u2013 Charles Fayolle (Doctorant, Mines Paris)<\/li>\n<li><strong data-start=\"621\" data-end=\"638\">16h15 \u2013 16h45<\/strong> : Les aciers inoxydables pour le traitement et le recyclage du combustible nucl\u00e9aire \u2013 Fanny Balbaud (CEA)<\/li>\n<li><strong data-start=\"748\" data-end=\"765\">16h45 \u2013 17h00<\/strong> : Cl\u00f4ture<\/li>\n<\/ul>\n<hr data-start=\"1158\" data-end=\"1161\" \/>\n<h3 data-start=\"1163\" data-end=\"1222\">16 janvier \u2013 Rupture des aciers ferritiques<\/h3>\n<ul>\n<li data-start=\"1223\" data-end=\"1240\"><strong data-start=\"103\" data-end=\"120\">13h45 \u2013 14h00<\/strong> : Accueil<\/li>\n<li data-start=\"1223\" data-end=\"1240\"><strong data-start=\"133\" data-end=\"150\">14h00 \u2013 14h15<\/strong> : Introduction \u2013 Anne-Fran\u00e7oise Gourgues-Lorenzon (Centre des Mat\u00e9riaux)<\/li>\n<li data-start=\"1223\" data-end=\"1240\"><strong data-start=\"226\" data-end=\"243\">14h15 \u2013 14h45<\/strong> : <em data-start=\"246\" data-end=\"307\">Ma\u00eetrise des fabrications pour les aciers faiblement alli\u00e9s<\/em> \u2013 Jean-Philippe Mathieu (EDF R&amp;D)<\/li>\n<li data-start=\"1223\" data-end=\"1240\"><strong data-start=\"344\" data-end=\"361\">14h45 \u2013 15h15<\/strong> : <em data-start=\"364\" data-end=\"424\">Traitement thermique et rupture fragile d\u2019un acier de cuve<\/em> \u2013 Julie Papin (CEA &amp; Mines Paris)<\/li>\n<li data-start=\"1223\" data-end=\"1240\"><strong data-start=\"461\" data-end=\"478\">15h15 \u2013 15h45<\/strong> : Pause<\/li>\n<li data-start=\"1223\" data-end=\"1240\"><strong data-start=\"489\" data-end=\"506\">15h45 \u2013 16h15<\/strong> : <em data-start=\"509\" data-end=\"556\">Mod\u00e8le GTN non-local et endommagement ductile<\/em> \u2013 Emmanuelle Catel (Doctorante, Mines Paris &amp; EDF)<\/li>\n<li data-start=\"1223\" data-end=\"1240\"><strong data-start=\"610\" data-end=\"627\">16h15 \u2013 16h45<\/strong> : <em data-start=\"630\" data-end=\"677\">D\u00e9clinaison industrielle du mod\u00e8le de Beremin<\/em> \u2013 Anna Dahl (EDF)<\/li>\n<li data-start=\"1223\" data-end=\"1240\"><strong data-start=\"698\" data-end=\"715\">16h45 \u2013 17h00<\/strong> : Cl\u00f4ture<\/li>\n<\/ul>\n<hr data-start=\"1867\" data-end=\"1870\" \/>\n<h2>2024<\/h2>\n<h3 data-start=\"155\" data-end=\"232\">16 d\u00e9cembre &#8211; Champ de phase et interfaces mobiles<em data-start=\"198\" data-end=\"232\">\n<\/em><\/h3>\n<ul>\n<li data-start=\"236\" data-end=\"270\"><strong data-start=\"236\" data-end=\"253\">14h00 \u2013 14h05<\/strong> : Introduction<\/li>\n<li data-start=\"273\" data-end=\"513\"><strong data-start=\"273\" data-end=\"290\">14h05 \u2013 14h35<\/strong> : <em data-start=\"293\" data-end=\"393\">Phase-field modeling of microstructure formation in phase-change materials for memory applications<\/em><br data-start=\"393\" data-end=\"396\" \/>Mathis PLAPP \u2013 Directeur de Recherche CNRS \u2013 Laboratoire de Physique de la Mati\u00e8re Condens\u00e9e, \u00c9cole Polytechnique<\/li>\n<li data-start=\"516\" data-end=\"743\"><strong data-start=\"516\" data-end=\"533\">14h35 \u2013 15h05<\/strong> : <em data-start=\"536\" data-end=\"687\">Oxidation of Zirconium Alloys: Numerical Coupling of Mechanics, Phase Field and Diffusion with Strong Free Strain in the Oxide and Creep in the Metal<\/em><br data-start=\"687\" data-end=\"690\" \/>Khadija EL JEDAYNY \u2013 Doctorante MINES \u2013 FRAMATOME<\/li>\n<li data-start=\"746\" data-end=\"905\"><strong data-start=\"746\" data-end=\"763\">15h05 \u2013 15h35<\/strong> : <em data-start=\"766\" data-end=\"832\">Phase-Field Modelling of Zinc Dendrite Growth in ZnAlMg Coatings<\/em><br data-start=\"832\" data-end=\"835\" \/>Mikel BENGOETXEA ARISTONDO \u2013 Doctorant MINES \u2013 OCAS-Arcelor Mittal<\/li>\n<li data-start=\"909\" data-end=\"936\"><strong data-start=\"909\" data-end=\"926\">15h35 \u2013 15h55<\/strong> : Pause<\/li>\n<li data-start=\"940\" data-end=\"1096\"><strong data-start=\"940\" data-end=\"957\">15h55 \u2013 16h25<\/strong> : <em data-start=\"960\" data-end=\"1015\">Contraintes d&rsquo;accessibilit\u00e9 en optimisation de formes<\/em><br data-start=\"1015\" data-end=\"1018\" \/>Beniamin BOGOSEL \u2013 Centre de Math\u00e9matiques Appliqu\u00e9es, \u00c9cole Polytechnique<\/li>\n<li data-start=\"1099\" data-end=\"1312\"><strong data-start=\"1099\" data-end=\"1116\">16h25 \u2013 16h55<\/strong> : <em data-start=\"1119\" data-end=\"1262\">M\u00e9thode CutFEM en optimisation de forme: Optimisation de la g\u00e9om\u00e9trie d&rsquo;\u00e9prouvettes de calibration de lois mat\u00e9riaux par corr\u00e9lation d&rsquo;images<\/em><br data-start=\"1262\" data-end=\"1265\" \/>Amina EL BACHARI \u2013 Doctorante MINES \u2013 ONERA<\/li>\n<li data-start=\"1315\" data-end=\"1358\"><strong data-start=\"1315\" data-end=\"1332\">16h55 \u2013 17h00<\/strong> : Cl\u00f4ture de la journ\u00e9e<\/li>\n<\/ul>\n<hr \/>\n<h3 data-start=\"76\" data-end=\"139\">28 novembre &#8211; Mod\u00e9lisation m\u00e9canique<em data-start=\"105\" data-end=\"139\">\n<\/em><\/h3>\n<ul>\n<li data-start=\"143\" data-end=\"172\"><strong data-start=\"143\" data-end=\"160\">13h45 \u2013 14h00<\/strong> : Accueil<\/li>\n<li data-start=\"175\" data-end=\"285\"><strong data-start=\"175\" data-end=\"192\">14h00 \u2013 14h15<\/strong> : Introduction<br data-start=\"207\" data-end=\"210\" \/>Sylvain DEPINOY \u2013 Charg\u00e9 de recherche, Centre des Mat\u00e9riaux MINES Paris<\/li>\n<li data-start=\"288\" data-end=\"500\"><strong data-start=\"288\" data-end=\"305\">14h15 \u2013 14h45<\/strong> : <em data-start=\"308\" data-end=\"391\">Effet d\u2019un pr\u00e9chauffage in-situ sur la microstructure d\u2019un IN738 obtenu par L-PBF<\/em><br data-start=\"391\" data-end=\"394\" \/>Matthieu ASSAINTE \u2013 Doctorant MINES Paris, Centre des Mat\u00e9riaux \u2013 Safran Additive Manufacturing Campus<\/li>\n<li data-start=\"503\" data-end=\"750\"><strong data-start=\"503\" data-end=\"520\">14h45 \u2013 15h15<\/strong> : <em data-start=\"523\" data-end=\"667\">Cin\u00e9tique de restauration dynamique de la microstructure d&rsquo;irradiation et cons\u00e9quences sur les propri\u00e9t\u00e9s m\u00e9caniques d\u2019un alliage de zirconium<\/em><br data-start=\"667\" data-end=\"670\" \/>Nadjib IZITOUNENE \u2013 Doctorant MINES Paris, Centre des Mat\u00e9riaux \u2013 CEA Saclay<\/li>\n<li data-start=\"754\" data-end=\"794\"><strong data-start=\"754\" data-end=\"771\">15h15 \u2013 15h45<\/strong> : Pause \u2013 discussion<\/li>\n<li data-start=\"798\" data-end=\"985\"><strong data-start=\"798\" data-end=\"815\">15h45 \u2013 16h15<\/strong> : <em data-start=\"818\" data-end=\"920\">\u00c0 propos du r\u00f4le central des distributions d&rsquo;orientations locales dans les microstructures d\u00e9form\u00e9es<\/em><br data-start=\"920\" data-end=\"923\" \/>Romain QUEY \u2013 Charg\u00e9 de recherche, CNRS \u2013 Mines St-\u00c9tienne<\/li>\n<li data-start=\"988\" data-end=\"1211\"><strong data-start=\"988\" data-end=\"1005\">16h15 \u2013 16h45<\/strong> : <em data-start=\"1008\" data-end=\"1134\">\u00c9volutions microstructurales de l&rsquo;aluminium pur d\u00e9form\u00e9 puis recuit : observations exp\u00e9rimentales vs. pr\u00e9dictions num\u00e9riques<\/em><br data-start=\"1134\" data-end=\"1137\" \/>Pauline STRICOT \u2013 Doctorante MINES Paris, Centre des Mat\u00e9riaux \u2013 ONERA<\/li>\n<li data-start=\"1215\" data-end=\"1258\"><strong data-start=\"1215\" data-end=\"1232\">16h45 \u2013 17h00<\/strong> : Cl\u00f4ture de la journ\u00e9e<\/li>\n<\/ul>\n<hr data-start=\"1360\" data-end=\"1363\" \/>\n<h3 data-start=\"1885\" data-end=\"1988\">24 octobre &#8211; Mod\u00e9lisation m\u00e9canique<\/h3>\n<ul>\n<li data-start=\"306\" data-end=\"335\"><strong data-start=\"306\" data-end=\"323\">13h55 \u2013 14h00<\/strong> : Accueil<\/li>\n<li data-start=\"338\" data-end=\"448\"><strong data-start=\"338\" data-end=\"355\">14h00 \u2013 14h15<\/strong> : Introduction<br data-start=\"370\" data-end=\"373\" \/>Basile MARCHAND \u2013 D\u00e9veloppeur calcul scientifique, Centre des Mat\u00e9riaux<\/li>\n<li data-start=\"451\" data-end=\"625\"><strong data-start=\"451\" data-end=\"468\">14h15 \u2013 14h45<\/strong> : <em data-start=\"471\" data-end=\"565\">Surfaces de charge d&rsquo;un superalliage base Nickel : exploration exp\u00e9rimentale et mod\u00e9lisation<\/em><br data-start=\"565\" data-end=\"568\" \/>Elodie BARROT \u2013 Doctorante MINES, SAFRAN TECH \u2013 ONERA<\/li>\n<li data-start=\"628\" data-end=\"784\"><strong data-start=\"628\" data-end=\"645\">14h45 \u2013 15h15<\/strong> : <em data-start=\"648\" data-end=\"706\">Challenges associ\u00e9s \u00e0 la tenue des disques en survitesse<\/em><br data-start=\"706\" data-end=\"709\" \/>Lionel MARCIN \u2013 Expert M\u00e9canique des Mat\u00e9riaux, SAFRAN AIRCRAFT ENGINES<\/li>\n<li data-start=\"788\" data-end=\"815\"><strong data-start=\"788\" data-end=\"805\">15h15 \u2013 15h35<\/strong> : Pause<\/li>\n<li data-start=\"819\" data-end=\"1000\"><strong data-start=\"819\" data-end=\"836\">15h35 \u2013 16h05<\/strong> : <em data-start=\"839\" data-end=\"945\">Mod\u00e9lisation et analyse de l&rsquo;effet Portevin-Le Chatelier dans le cas du superalliage base nickel INCO718<\/em><br data-start=\"945\" data-end=\"948\" \/>Florian BILLON \u2013 Doctorant MINES, SAFRAN \u2013 ONERA<\/li>\n<li data-start=\"1003\" data-end=\"1164\"><strong data-start=\"1003\" data-end=\"1020\">16h05 \u2013 16h35<\/strong> : <em data-start=\"1023\" data-end=\"1116\">Simulation of ductile rupture in HSLA X140 steel tube connections using non-local GTN model<\/em><br data-start=\"1116\" data-end=\"1119\" \/>Asmae ELOCHI \u2013 Doctorant MINES, VALLOUREC<\/li>\n<li data-start=\"1168\" data-end=\"1287\"><strong data-start=\"1168\" data-end=\"1185\">16h35 \u2013 16h45<\/strong> : Cl\u00f4ture de la journ\u00e9e<br data-start=\"1209\" data-end=\"1212\" \/>Basile MARCHAND \u2013 D\u00e9veloppeur calcul scientifique, Centre des Mat\u00e9riaux<\/li>\n<\/ul>\n<hr \/>\n<h3>24 septembre &#8211; Fissuration en fatigue et ses interactions avec fretting, corrosion et plasticit\u00e9<\/h3>\n<ul>\n<li data-start=\"366\" data-end=\"395\"><strong data-start=\"366\" data-end=\"383\">13h30 \u2013 13h45<\/strong> : Accueil<\/li>\n<li data-start=\"398\" data-end=\"527\"><strong data-start=\"398\" data-end=\"415\">13h45 \u2013 13h55<\/strong> : Introduction<br data-start=\"430\" data-end=\"433\" \/>Vincent MAUREL \u2013 Directeur de Recherche, Centre des Mat\u00e9riaux, Mines Paris, Universit\u00e9 PSL<\/li>\n<li data-start=\"530\" data-end=\"695\"><strong data-start=\"530\" data-end=\"547\">13h55 \u2013 14h25<\/strong> : <em data-start=\"550\" data-end=\"627\">Fissuration en plasticit\u00e9 g\u00e9n\u00e9ralis\u00e9e en fatigue anisotherme et multiaxiale<\/em><br data-start=\"627\" data-end=\"630\" \/>Camille LE GOFF \u2013 Doctorante MINES, SAFRAN TECH, ARIANE GROUP<\/li>\n<li data-start=\"698\" data-end=\"884\"><strong data-start=\"698\" data-end=\"715\">14h25 \u2013 14h55<\/strong> : <em data-start=\"718\" data-end=\"841\">Stress Intensity Factors for a C-crack in a Ceramic Rolling Elements Subjected to a Representative Bearings Service Loads<\/em><br data-start=\"841\" data-end=\"844\" \/>David DEGBE \u2013 Doctorant MINES, ONERA<\/li>\n<li data-start=\"888\" data-end=\"915\"><strong data-start=\"888\" data-end=\"905\">14h55 \u2013 15h15<\/strong> : Pause<\/li>\n<li data-start=\"919\" data-end=\"1111\"><strong data-start=\"919\" data-end=\"936\">15h15 \u2013 15h45<\/strong> : <em data-start=\"939\" data-end=\"1042\">Compared Influence of a Lubricant on Mode I and Mode II Fatigue Crack Growth Kinetics in a Gear Steel<\/em><br data-start=\"1042\" data-end=\"1045\" \/>Zaid MAEL \u2013 Stress and Simulation Engineer, Airbus Helicopters<\/li>\n<li data-start=\"1114\" data-end=\"1268\"><strong data-start=\"1114\" data-end=\"1131\">15h45 \u2013 16h15<\/strong> : <em data-start=\"1134\" data-end=\"1223\">Dur\u00e9e de vie en fretting-fatigue-corrosion des lignes a\u00e9riennes : essais et simulations<\/em><br data-start=\"1223\" data-end=\"1226\" \/>Cl\u00e9ment MEDRALA \u2013 Doctorant MINES, RTE<\/li>\n<li data-start=\"1271\" data-end=\"1406\"><strong data-start=\"1271\" data-end=\"1288\">16h15 \u2013 16h45<\/strong> : <em data-start=\"1291\" data-end=\"1351\">Endommagement en fretting fatigue d&rsquo;un contact aube disque<\/em><br data-start=\"1351\" data-end=\"1354\" \/>Jean BALMON \u2013 Ing\u00e9nieur, SAFRAN AIRCRAFT ENGINES<\/li>\n<li data-start=\"1410\" data-end=\"1548\"><strong data-start=\"1410\" data-end=\"1427\">16h45 \u2013 17h00<\/strong> : Cl\u00f4ture de la journ\u00e9e<br data-start=\"1451\" data-end=\"1454\" \/>Vincent MAUREL \u2013 Directeur de Recherche, Centre des Mat\u00e9riaux, Mines Paris, Universit\u00e9 PSL<\/li>\n<\/ul>\n<hr \/>\n<h3 data-start=\"1885\" data-end=\"1988\">10 juin \u2013 Les fibres, une forme de mati\u00e8re extraordinaire adapt\u00e9e \u00e0 de multiples usages<\/h3>\n<ul>\n<li><strong data-start=\"92\" data-end=\"109\">13h45 \u2013 14h00<\/strong> : Introduction \u2013 S\u00e9bastien Joann\u00e8s (Mines Paris)<\/li>\n<li><strong data-start=\"161\" data-end=\"178\">14h00 \u2013 14h30<\/strong> : <em data-start=\"181\" data-end=\"223\">Fibres c\u00e9ramiques pour composites oxydes<\/em> \u2013 Olivier Francy (Saint-Gobain)<\/li>\n<li><strong data-start=\"258\" data-end=\"275\">14h30 \u2013 15h00<\/strong> : <em data-start=\"278\" data-end=\"335\">Fibres Alumine : microstructure &amp; propri\u00e9t\u00e9s m\u00e9caniques<\/em> \u2013 Juliette Redonnet (Doctorante, Mines Paris)<\/li>\n<li><strong data-start=\"384\" data-end=\"401\">15h00 \u2013 15h30<\/strong> : <em data-start=\"404\" data-end=\"455\">Dur\u00e9e de vie fretting de brins de cuivre \u00e9maill\u00e9s<\/em> \u2013 Mohamed Sahaoui (Doctorant, Mines Paris)<\/li>\n<li><strong data-start=\"501\" data-end=\"518\">15h30 \u2013 15h45<\/strong> : Pause<\/li>\n<li><strong data-start=\"529\" data-end=\"546\">15h45 \u2013 16h00<\/strong> : <em data-start=\"549\" data-end=\"595\">Hydrogel Physics for biomedical applications<\/em> \u2013 Laurent Corte (Mines, ESPCI)<\/li>\n<li><strong data-start=\"629\" data-end=\"646\">16h00 \u2013 16h30<\/strong> : <em data-start=\"649\" data-end=\"704\">Fibres PVA anisotropes pour tissus mous biomim\u00e9tiques<\/em> \u2013 Andrea-Valentina Diaz Colina (Doctorante, Mines Paris)<\/li>\n<li><strong data-start=\"764\" data-end=\"781\">16h30 \u2013 16h45<\/strong> : Cl\u00f4ture<\/li>\n<\/ul>\n<hr \/>\n<h3 data-start=\"2746\" data-end=\"2838\">21 mai 2024 \u2013 Intelligence artificielle et math\u00e9matiques appliqu\u00e9es aux mat\u00e9riaux<\/h3>\n<ul>\n<li data-start=\"2859\" data-end=\"2924\"><strong>14h00 \u2013 14h05 : I<\/strong>ntroduction \u2013 Henry Proudhon (Mines Paris)<\/li>\n<li data-start=\"2927\" data-end=\"3025\"><strong>14h05 \u2013 14h35 : <\/strong><em data-start=\"2943\" data-end=\"2983\">Deep Learning for Knee Joint Modelling<\/em> \u2013 Matt\u00e9o Bastico (Doctorant, Mines)<\/li>\n<li data-start=\"3028\" data-end=\"3153\"><strong>14h35 \u2013 15h05 :<\/strong> <em data-start=\"3044\" data-end=\"3100\">Segmentation de mat\u00e9riaux composites par deep learning<\/em> \u2013 Guilherme Basso Della Mea (Doctorant, Mines)<\/li>\n<li data-start=\"3156\" data-end=\"3179\"><strong>15h05 \u2013 15h20 :<\/strong> Pause<\/li>\n<li data-start=\"3182\" data-end=\"3292\"><strong>15h20 \u2013 15h50 : <\/strong><em data-start=\"3198\" data-end=\"3253\">Contraintes de voisinage dans l\u2019apprentissage profond<\/em> \u2013 <strong data-start=\"3256\" data-end=\"3290\">Etienne Decenciere (CMM MINES)<\/strong><\/li>\n<li data-start=\"3295\" data-end=\"3423\"><strong>15h50 \u2013 16h20 :<\/strong> <em data-start=\"3311\" data-end=\"3374\">Mod\u00e9lisation des d\u00e9fauts g\u00e9om\u00e9triques via Laplacian Embedding<\/em> \u2013 Am\u00e9lia Ferhat (Doctorante, MINES-SAFRAN)<\/li>\n<li data-start=\"3426\" data-end=\"3470\"><strong>16h20 \u2013 16h30 :<\/strong> Cl\u00f4ture \u2013 Henry Proudhon<\/li>\n<\/ul>\n<hr \/>\n<h3>11 avril &#8211; M\u00e9canique et microstructure des polym\u00e8res<\/h3>\n<ul>\n<li data-start=\"287\" data-end=\"387\"><strong data-start=\"287\" data-end=\"304\">13h30 \u2013 13h35<\/strong> : Introduction<br data-start=\"319\" data-end=\"322\" \/>Lucien LAIARINANDRASANA \u2013 Directeur de Recherche, Mines Paris<\/li>\n<li data-start=\"390\" data-end=\"571\"><strong data-start=\"390\" data-end=\"407\">13h35 \u2013 14h05<\/strong> : <em data-start=\"410\" data-end=\"506\">Photo-curable Thermosets with Microstructure Formed by Polymerization-Induced Phase Separation<\/em><br data-start=\"506\" data-end=\"509\" \/>Catalin PICU \u2013 Professor, Rensselaer Polytechnic Institute<\/li>\n<li data-start=\"574\" data-end=\"823\"><strong data-start=\"574\" data-end=\"591\">14h05 \u2013 14h35<\/strong> : <em data-start=\"594\" data-end=\"741\">M\u00e9canismes de rupture s\u00e9quentielle d&rsquo;un tri-couche de polym\u00e8res sous flexion 4 points dynamique rapide, pour application au d\u00e9ploiement d&rsquo;airbags<\/em><br data-start=\"741\" data-end=\"744\" \/>Gaultier LEFAY \u2013 Doctorant MINES, Centre des Mat\u00e9riaux, Westlake, Motherson<\/li>\n<li data-start=\"827\" data-end=\"854\"><strong data-start=\"827\" data-end=\"844\">14h35 \u2013 15h00<\/strong> : Pause<\/li>\n<li data-start=\"858\" data-end=\"1118\"><strong data-start=\"858\" data-end=\"875\">15h00 \u2013 15h30<\/strong> : <em data-start=\"878\" data-end=\"1021\">Effects of clay filler contents and a high voltage electric field on the microstructure and mechanical response of 3D-printed PVDF composites<\/em><br data-start=\"1021\" data-end=\"1024\" \/>Nelly PONS \u2013 Doctorante MINES, Centre des Mat\u00e9riaux, Centre de Mise en Forme des Mat\u00e9riaux<\/li>\n<li data-start=\"1121\" data-end=\"1288\"><strong data-start=\"1121\" data-end=\"1138\">15h30 \u2013 16h00<\/strong> : <em data-start=\"1141\" data-end=\"1242\">High Tg vitrimers. Time-temperature superposition rheology provides insight on the network topology<\/em><br data-start=\"1242\" data-end=\"1245\" \/>Paolo EDERA \u2013 Post-Doctorant, C3M ESPCI<\/li>\n<li data-start=\"1291\" data-end=\"1490\"><strong data-start=\"1291\" data-end=\"1308\">16h00 \u2013 16h30<\/strong> : <em data-start=\"1311\" data-end=\"1416\">Exploring the sol\/gel transition of thermosensitive hydrogels using time-resolved scattering techniques<\/em><br data-start=\"1416\" data-end=\"1419\" \/>Louanne POMMIER \u2013 Doctorante MINES, Centre des Mat\u00e9riaux, C3M ESPCI<\/li>\n<li data-start=\"1494\" data-end=\"1603\"><strong data-start=\"1494\" data-end=\"1511\">16h30 \u2013 16h40<\/strong> : Cl\u00f4ture de la journ\u00e9e<br data-start=\"1535\" data-end=\"1538\" \/>Lucien LAIARINANDRASANA \u2013 Directeur de Recherche, Mines Paris<\/li>\n<\/ul>\n<p><a class=\"button-mines btn-bleu flech lf-blanc\" href=\"https:\/\/www.minesparis.psl.eu\/cmat\/wp-content\/uploads\/sites\/8\/2025\/06\/abstracts_compiles_MMP_2024.pdf\" target=\"_blank\" rel=\"noopener\">Voir le r\u00e9sum\u00e9<\/a><\/p>\n<hr \/>\n<h2>2023<\/h2>\n<h3>30 novembre &#8211; Formation et \u00e9volution des microstructures<\/h3>\n<ul>\n<li data-start=\"305\" data-end=\"334\"><strong data-start=\"305\" data-end=\"322\">13h40 \u2013 13h55<\/strong> : Accueil<\/li>\n<li data-start=\"337\" data-end=\"426\"><strong data-start=\"337\" data-end=\"354\">13h55 \u2013 14h00<\/strong> : Introduction<br data-start=\"369\" data-end=\"372\" \/>Sylvain DEPINOY \u2013 Charg\u00e9 de Recherche, Mines Paris<\/li>\n<li data-start=\"429\" data-end=\"598\"><strong data-start=\"429\" data-end=\"446\">14h00 \u2013 14h30<\/strong> : <em data-start=\"449\" data-end=\"547\">\u00c9volution d\u2019un syst\u00e8me CMSX4 Plus\/rev\u00eatement \u03b3-\u03b3\u2019 de diffusion en condition de cyclage thermique<\/em><br data-start=\"547\" data-end=\"550\" \/>Niama RADI \u2013 Doctorante Mines Paris \/ Safran<\/li>\n<li data-start=\"601\" data-end=\"763\"><strong data-start=\"601\" data-end=\"618\">14h30 \u2013 15h00<\/strong> : <em data-start=\"621\" data-end=\"712\">\u00c9volution de la composition des alliages polycristallins pendant leur oxydation s\u00e9lective<\/em><br data-start=\"712\" data-end=\"715\" \/>Thomas GHENO \u2013 Ing\u00e9nieur de Recherche, ONERA<\/li>\n<li data-start=\"767\" data-end=\"794\"><strong data-start=\"767\" data-end=\"784\">15h00 \u2013 15h15<\/strong> : Pause<\/li>\n<li data-start=\"798\" data-end=\"992\"><strong data-start=\"798\" data-end=\"815\">15h15 \u2013 15h45<\/strong> : <em data-start=\"818\" data-end=\"933\">Microstructure de l\u2019acier 316L \u00e9labor\u00e9e par deux proc\u00e9d\u00e9s de fabrication additive par d\u00e9p\u00f4t de fil : WAAM et WLAM<\/em><br data-start=\"933\" data-end=\"936\" \/>Damien ARTIERES \u2013 Doctorant Mines Paris \/ CEA Saclay<\/li>\n<li data-start=\"995\" data-end=\"1126\"><strong data-start=\"995\" data-end=\"1012\">15h45 \u2013 16h15<\/strong> : <em data-start=\"1015\" data-end=\"1083\">Retour d&rsquo;Exp\u00e9rience sur les expertises des coups bas de r\u00e9silience<\/em><br data-start=\"1083\" data-end=\"1086\" \/>Frank TIOGUEM \u2013 Ing\u00e9nieur, Framatome<\/li>\n<li data-start=\"1129\" data-end=\"1328\"><strong data-start=\"1129\" data-end=\"1146\">16h15 \u2013 16h45<\/strong> : <em data-start=\"1149\" data-end=\"1280\">\u00c9tude de l\u2019influence de la s\u00e9gr\u00e9gation chimique sur l\u2019\u00e9volution microstructurale au revenu d\u2019un acier bainitique faiblement alli\u00e9<\/em><br data-start=\"1280\" data-end=\"1283\" \/>Romain WEISBECKER \u2013 Doctorant Mines Paris<\/li>\n<li data-start=\"1332\" data-end=\"1430\"><strong data-start=\"1332\" data-end=\"1349\">16h45 \u2013 16h55<\/strong> : Cl\u00f4ture de la journ\u00e9e<br data-start=\"1373\" data-end=\"1376\" \/>Sylvain DEPINOY \u2013 Charg\u00e9 de Recherche, Mines Paris<\/li>\n<\/ul>\n<p><a class=\"button-mines btn-bleu flech lf-blanc\" href=\"https:\/\/www.minesparis.psl.eu\/cmat\/wp-content\/uploads\/sites\/8\/2025\/06\/abstracts_compiles_EvolutionsMicrostructurales_2023.pdf\" target=\"_blank\" rel=\"noopener\">Voir le r\u00e9sum\u00e9<\/a><\/p>\n<hr \/>\n<h3>28 septembre &#8211; Modelling microstructural effects in fatigue of metals<\/h3>\n<ul>\n<li data-start=\"318\" data-end=\"347\"><strong data-start=\"318\" data-end=\"335\">13h30 \u2013 13h45<\/strong> : Accueil<\/li>\n<li data-start=\"350\" data-end=\"481\"><strong data-start=\"350\" data-end=\"367\">13h45 \u2013 14h00<\/strong> : Introduction<br data-start=\"382\" data-end=\"385\" \/>Vincent MAUREL \u2013 Directeur de Recherche au Centre des Mat\u00e9riaux, Mines Paris, Universit\u00e9 PSL<\/li>\n<li data-start=\"484\" data-end=\"709\"><strong data-start=\"484\" data-end=\"501\">14h00 \u2013 14h50<\/strong> : <em data-start=\"504\" data-end=\"641\">Des mesures d&rsquo;auto-\u00e9chauffement sous sollicitations cycliques aux propri\u00e9t\u00e9s en fatigue : l&rsquo;\u00e9tape de mod\u00e9lisation, un d\u00e9tour n\u00e9cessaire<\/em><br data-start=\"641\" data-end=\"644\" \/>C\u00e9dric DOUDARD \u2013 Professeur, Laboratoire IRDL, ENSTA Bretagne<\/li>\n<li data-start=\"712\" data-end=\"906\"><strong data-start=\"712\" data-end=\"729\">14h50 \u2013 15h20<\/strong> : <em data-start=\"732\" data-end=\"838\">A multi-mechanism model for fast HCF characterization of alloys in the presence of process-induced pores<\/em><br data-start=\"838\" data-end=\"841\" \/>Abhishek PALCHOUDHARY \u2013 Doctorant Mines Paris, Universit\u00e9 PSL<\/li>\n<li data-start=\"910\" data-end=\"937\"><strong data-start=\"910\" data-end=\"927\">15h20 \u2013 15h30<\/strong> : Pause<\/li>\n<li data-start=\"941\" data-end=\"1107\"><strong data-start=\"941\" data-end=\"958\">15h30 \u2013 16h20<\/strong> : <em data-start=\"961\" data-end=\"1044\">Competitive effects of microstructure and defect on multiaxial High Cycle Fatigue<\/em><br data-start=\"1044\" data-end=\"1047\" \/>Franck Morel \u2013 Directeur du LAMPA, Arts &amp; M\u00e9tiers Angers<\/li>\n<li data-start=\"1110\" data-end=\"1277\"><strong data-start=\"1110\" data-end=\"1127\">16h20 \u2013 16h50<\/strong> : <em data-start=\"1130\" data-end=\"1218\">Modelling the influence of clustered defects on HCF properties of Ni-based superalloys<\/em><br data-start=\"1218\" data-end=\"1221\" \/>Arjun KALKUR \u2013 Doctorant Mines Paris, Universit\u00e9 PSL<\/li>\n<li data-start=\"1281\" data-end=\"1421\"><strong data-start=\"1281\" data-end=\"1298\">16h50 \u2013 17h00<\/strong> : Cl\u00f4ture de la journ\u00e9e<br data-start=\"1322\" data-end=\"1325\" \/>Vincent MAUREL \u2013 Directeur de Recherche au Centre des Mat\u00e9riaux, Mines Paris, Universit\u00e9 PSL<\/li>\n<\/ul>\n<p><a class=\"button-mines btn-bleu flech lf-blanc\" href=\"https:\/\/www.minesparis.psl.eu\/cmat\/wp-content\/uploads\/sites\/8\/2025\/06\/abstracts_compiles_Fatigue_2023.pdf\" target=\"_blank\" rel=\"noopener\">Voir le r\u00e9sum\u00e9<\/a><\/p>\n<p>&nbsp;<\/p>\n<hr \/>\n<p>&nbsp;<\/p>\n<h3>19 juin &#8211; Microstructure polycristalline et corr\u00e9lation d\u2019images<\/h3>\n<ul>\n<li data-start=\"319\" data-end=\"438\"><strong data-start=\"319\" data-end=\"331\">Sam Daly<\/strong> \u2013 UC Santa Barbara<br data-start=\"350\" data-end=\"353\" \/><em data-start=\"355\" data-end=\"438\">Machine Learning with HR-DIC: Investigations into Polycrystalline Metallic Alloys<\/em><\/li>\n<li data-start=\"442\" data-end=\"577\"><strong data-start=\"442\" data-end=\"458\">Ahmed Zouari<\/strong> \u2013 Centre des Mat\u00e9riaux, Mines Paris<br data-start=\"494\" data-end=\"497\" \/><em data-start=\"499\" data-end=\"577\">Deformation and damage modes of Zn-Al-Mg coatings on galvanized steel sheets<\/em><\/li>\n<li data-start=\"581\" data-end=\"747\"><strong data-start=\"581\" data-end=\"598\">Damien Texier<\/strong> \u2013 Mines Albi \/ ICA<br data-start=\"617\" data-end=\"620\" \/><em data-start=\"622\" data-end=\"747\">Correlative assessment of in-plane and out-of-plane strain localization for crystallographic slip and morphological sliding<\/em><\/li>\n<li data-start=\"751\" data-end=\"769\"><strong data-start=\"751\" data-end=\"769\">Pause d\u00e9jeuner<\/strong><\/li>\n<li data-start=\"773\" data-end=\"902\"><strong data-start=\"773\" data-end=\"799\">Jean-Charles Stinville<\/strong> \u2013 University of Illinois<br data-start=\"824\" data-end=\"827\" \/><em data-start=\"829\" data-end=\"902\">Application of High-Resolution Digital Image Correlation in the Extreme<\/em><\/li>\n<li data-start=\"906\" data-end=\"1094\"><strong data-start=\"906\" data-end=\"926\">V\u00e9ronique Doquet<\/strong> \u2013 LMS, \u00c9cole Polytechnique<br data-start=\"953\" data-end=\"956\" \/><em data-start=\"958\" data-end=\"1094\">Monitoring of twinning\/detwining in a TWIP steel under reversed loading, using HR-DIC in a SEM, or topographic evolutions under an AFM<\/em><\/li>\n<li data-start=\"1098\" data-end=\"1269\"><strong data-start=\"1098\" data-end=\"1118\">Thilo Morgeneyer<\/strong> \u2013 Centre des Mat\u00e9riaux, Mines Paris<br data-start=\"1154\" data-end=\"1157\" \/><em data-start=\"1159\" data-end=\"1269\">Strain localization under plane strain measured by 2D DIC of projected 3D data for different microstructures<\/em><\/li>\n<\/ul>\n<hr \/>\n<h3>8 juin &#8211; Polym\u00e8res \/ Composites<\/h3>\n<ul>\n<li data-start=\"285\" data-end=\"409\"><strong data-start=\"285\" data-end=\"302\">13h30 \u2013 13h35<\/strong> : <em data-start=\"305\" data-end=\"319\">Introduction<\/em><br data-start=\"319\" data-end=\"322\" \/>Sabine CANTOURNET \u2013 Directrice de Recherche \u2013 Centre des Mat\u00e9riaux, Mines Paris \u2013 PSL<\/li>\n<li data-start=\"413\" data-end=\"623\"><strong data-start=\"413\" data-end=\"430\">13h35 \u2013 14h05<\/strong> : <em data-start=\"433\" data-end=\"560\">Dimensioning of reinforced thermoplastics and composites at Hutchinson: from material characterization to prediction on parts<\/em><br data-start=\"560\" data-end=\"563\" \/>Victor FABRE \u2013 Composites Testing Team Leader \u2013 HUTCHINSON<\/li>\n<li data-start=\"627\" data-end=\"803\"><strong data-start=\"627\" data-end=\"644\">14h05 \u2013 14h35<\/strong> : <em data-start=\"647\" data-end=\"738\">Mod\u00e9lisation des propri\u00e9t\u00e9s \u00e9lastiques des composites DLF par champs al\u00e9atoires gaussiens<\/em><br data-start=\"738\" data-end=\"741\" \/>Armand TOUMINET \u2013 Doctorant \u2013 Mines Paris &#8211; PSL \/ HUTCHINSON<\/li>\n<li data-start=\"807\" data-end=\"961\"><strong data-start=\"807\" data-end=\"824\">14h35 \u2013 15h05<\/strong> : <em data-start=\"827\" data-end=\"898\">\u00c9tude \u00e0 tr\u00e8s long terme de tuyauteries en PEHD en milieu marin chlor\u00e9<\/em><br data-start=\"898\" data-end=\"901\" \/>Robin LAOT \u2013 Doctorant \u2013 Mines Paris &#8211; PSL \/ EDF \u2013 IFREMER<\/li>\n<li data-start=\"965\" data-end=\"992\"><strong data-start=\"965\" data-end=\"982\">15h05 \u2013 15h20<\/strong> : <em data-start=\"985\" data-end=\"992\">Pause<\/em><\/li>\n<li data-start=\"996\" data-end=\"1192\"><strong data-start=\"996\" data-end=\"1013\">15h20 \u2013 15h50<\/strong> : <em data-start=\"1016\" data-end=\"1116\">Simulation du soufflage de PET pour le contr\u00f4le intelligent des cha\u00eenes de recyclage de bouteilles<\/em><br data-start=\"1116\" data-end=\"1119\" \/>William HAN \u2013 Post-doctorant \u2013 Mines Paris &#8211; PSL \u2013 Centre des Mat\u00e9riaux<\/li>\n<li data-start=\"1196\" data-end=\"1399\"><strong data-start=\"1196\" data-end=\"1213\">15h50 \u2013 16h20<\/strong> : <em data-start=\"1216\" data-end=\"1313\">Effet du vieillissement sur les propri\u00e9t\u00e9s m\u00e9caniques d&rsquo;un fluorosilicone : \u00e9tude exp\u00e9rimentale<\/em><br data-start=\"1313\" data-end=\"1316\" \/>Cl\u00e9mence LOGEAIS \u2013 Doctorante \u2013 Mines Paris &#8211; PSL \/ ITC Elastom\u00e8res \u2013 PIMM \u2013 ICGM<\/li>\n<li data-start=\"1403\" data-end=\"1624\"><strong data-start=\"1403\" data-end=\"1420\">16h20 \u2013 16h50<\/strong> : <em data-start=\"1423\" data-end=\"1548\">Apprentissage de comportements m\u00e9caniques visco\u00e9lastiques non lin\u00e9aires par un r\u00e9seau de neurones r\u00e9current thermodynamique<\/em><br data-start=\"1548\" data-end=\"1551\" \/>Nicolas PISTENON \u2013 Doctorant \u2013 Mines Paris &#8211; PSL \u2013 Centre des Mat\u00e9riaux<\/li>\n<li data-start=\"1628\" data-end=\"1761\"><strong data-start=\"1628\" data-end=\"1645\">16h50 \u2013 17h00<\/strong> : <em data-start=\"1648\" data-end=\"1671\">Cl\u00f4ture de la journ\u00e9e<\/em><br data-start=\"1671\" data-end=\"1674\" \/>Sabine CANTOURNET \u2013 Directrice de Recherche \u2013 Centre des Mat\u00e9riaux, Mines Paris \u2013 PSL<\/li>\n<\/ul>\n<p><a class=\"button-mines btn-bleu flech lf-blanc\" href=\"https:\/\/www.minesparis.psl.eu\/cmat\/wp-content\/uploads\/sites\/8\/2025\/06\/abstracts_compiles_PC_2023.pdf\" target=\"_blank\" rel=\"noopener\">Voir le r\u00e9sum\u00e9<\/a><\/p>\n<hr \/>\n<h3>15 f\u00e9vrier &#8211; What we can learn from the mechanical behavior of glasses about their atomic and molecular structures<\/h3>\n<ul>\n<li><strong data-start=\"390\" data-end=\"407\">Tanguy Rouxel<\/strong> \u2013 Conf\u00e9rencier invit\u00e9<\/li>\n<\/ul>\n<p><a class=\"button-mines btn-bleu flech lf-blanc\" href=\"https:\/\/www.minesparis.psl.eu\/cmat\/wp-content\/uploads\/sites\/8\/2025\/06\/Rouxel_150223.pdf\" target=\"_blank\" rel=\"noopener\">En savoir plus<\/a><\/p>\n<hr \/>\n<h3>24 f\u00e9vrier &#8211; Fabrication Additive<\/h3>\n<ul>\n<li data-start=\"263\" data-end=\"369\"><strong data-start=\"263\" data-end=\"280\">13h00 \u2013 13h05<\/strong> : Introduction<br data-start=\"295\" data-end=\"298\" \/>Sylvain DEPINOY \u2013 Enseignant-chercheur \u2013 Centre des Mat\u00e9riaux MINES<\/li>\n<li data-start=\"372\" data-end=\"601\"><strong data-start=\"372\" data-end=\"389\">13h05 \u2013 13h35<\/strong> : <em data-start=\"392\" data-end=\"545\">Etude de l\u2019influence de la s\u00e9gr\u00e9gation chimique sur la sensibilit\u00e9 \u00e0 la fissuration \u00e0 la solidification d\u2019un superalliage base nickel \u00e9labor\u00e9 par L-PBF<\/em><br data-start=\"545\" data-end=\"548\" \/>Elisa BORGES MENDONCA \u2013 Doctorante MINES \u2013 SAFRAN<\/li>\n<li data-start=\"604\" data-end=\"792\"><strong data-start=\"604\" data-end=\"621\">13h35 \u2013 14h05<\/strong> : <em data-start=\"624\" data-end=\"740\">Avantages et d\u00e9fis industriels et strat\u00e9giques du Metal Binder Jetting dans la fabrication de pi\u00e8ces a\u00e9ronautiques<\/em><br data-start=\"740\" data-end=\"743\" \/>Benjamin SANGOUARD \u2013 Expert MBJ \u2013 JPB Syst\u00e8me<\/li>\n<li data-start=\"795\" data-end=\"993\"><strong data-start=\"795\" data-end=\"812\">14h05 \u2013 14h35<\/strong> : <em data-start=\"815\" data-end=\"948\">Ma\u00eetrise de la fabrication additive de pi\u00e8ces m\u00e9talliques de grandes dimensions par Metal Binder Jetting pour l&rsquo;industrie m\u00e9canique<\/em><br data-start=\"948\" data-end=\"951\" \/>Thomas CHENY \u2013 Doctorant MINES \u2013 CETIM<\/li>\n<li data-start=\"997\" data-end=\"1024\"><strong data-start=\"997\" data-end=\"1014\">14h35 \u2013 14h50<\/strong> : Pause<\/li>\n<li data-start=\"1028\" data-end=\"1222\"><strong data-start=\"1028\" data-end=\"1045\">14h50 \u2013 15h20<\/strong> : <em data-start=\"1048\" data-end=\"1140\">Metal Binder Jetting de l\u2019AISI H13 : Impression et optimisation des traitements thermiques<\/em><br data-start=\"1140\" data-end=\"1143\" \/>Quentin SABY \u2013 Docteur Ing\u00e9nieur en fabrication additive m\u00e9tallique \u2013 CETIM<\/li>\n<li data-start=\"1225\" data-end=\"1414\"><strong data-start=\"1225\" data-end=\"1242\">15h20 \u2013 15h50<\/strong> : <em data-start=\"1245\" data-end=\"1361\">Fabrication de pi\u00e8ces en IN718 par MBJ : vers la compr\u00e9hension et la ma\u00eetrise des \u00e9tapes de d\u00e9liantage et frittage<\/em><br data-start=\"1361\" data-end=\"1364\" \/>Agn\u00e8s Schnell \u2013 Doctorante MINES \u2013 JPB Syst\u00e8me<\/li>\n<li data-start=\"1417\" data-end=\"1560\"><strong data-start=\"1417\" data-end=\"1434\">15h50 \u2013 16h20<\/strong> : <em data-start=\"1437\" data-end=\"1510\">La Fabrication additive chez Safran avec un focus sur le Binder Jetting<\/em><br data-start=\"1510\" data-end=\"1513\" \/>Karine NGUYEN \u2013 Ing\u00e9nieure R&amp;T MIM \u2013 SAFRAN<\/li>\n<li data-start=\"1564\" data-end=\"1679\"><strong data-start=\"1564\" data-end=\"1581\">16h20 \u2013 16h30<\/strong> : Cl\u00f4ture de la journ\u00e9e<br data-start=\"1605\" data-end=\"1608\" \/>Sylvain DEPINOY \u2013 Enseignant-chercheur \u2013 Centre des Mat\u00e9riaux MINES<\/li>\n<\/ul>\n<p><a class=\"button-mines btn-bleu flech lf-blanc\" href=\"https:\/\/www.minesparis.psl.eu\/cmat\/wp-content\/uploads\/sites\/8\/2025\/06\/abstracts_FA_24fev23.pdf\" target=\"_blank\" rel=\"noopener\">Voir le r\u00e9sum\u00e9<\/a><\/p>\n<hr \/>\n<h3>5 avril &#8211; Effets d\u2019irradiation et effets thermom\u00e9caniques sur l\u2019\u00e9volution microstructurale de mat\u00e9riaux m\u00e9talliques<\/h3>\n<ul>\n<li><strong data-start=\"382\" data-end=\"399\">14h00 \u2013 15h00<\/strong> : <em data-start=\"402\" data-end=\"509\">Effets d\u2019irradiation et effets thermom\u00e9caniques sur l\u2019\u00e9volution microstructurale de mat\u00e9riaux m\u00e9talliques<\/em><br data-start=\"509\" data-end=\"512\" \/>Lisa BELKACEMI \u2013 Docteure, Leibniz-Institut, Br\u00eame (Allemagne)<\/li>\n<\/ul>\n<p><a class=\"button-mines btn-bleu flech lf-blanc\" href=\"https:\/\/www.minesparis.psl.eu\/cmat\/wp-content\/uploads\/sites\/8\/2025\/06\/Seminaire-Lisa-Belkacemi_05042023.pdf\" target=\"_blank\" rel=\"noopener\">Voir le r\u00e9sum\u00e9<\/a><\/p>\n<hr \/>\n<h3>30 mars &#8211; Mat\u00e9riaux Num\u00e9riques<\/h3>\n<ul>\n<li data-start=\"282\" data-end=\"389\"><strong data-start=\"282\" data-end=\"299\">13h30 \u2013 13h35<\/strong> : Introduction<br data-start=\"314\" data-end=\"317\" \/>Henry PROUDHON \u2013 Directeur de recherches CNRS \u2013 Centre des Mat\u00e9riaux<\/li>\n<li data-start=\"392\" data-end=\"586\"><strong data-start=\"392\" data-end=\"409\">13h35 \u2013 14h05<\/strong> : <em data-start=\"412\" data-end=\"504\">Mod\u00e9lisation g\u00e9om\u00e9trique de formes complexes suivant le paradigme de la g\u00e9om\u00e9trie fractale<\/em><br data-start=\"504\" data-end=\"507\" \/>Christian GENTIL \u2013 Professeur des Universit\u00e9s \u2013 LIB Universit\u00e9 de Bourgogne<\/li>\n<li data-start=\"589\" data-end=\"796\"><strong data-start=\"589\" data-end=\"606\">14h05 \u2013 14h35<\/strong> : <em data-start=\"609\" data-end=\"737\">Propri\u00e9t\u00e9s effectives d&rsquo;un mat\u00e9riau \u00e0 g\u00e9om\u00e9trie p\u00e9riodique lacunaire fractale : simulations num\u00e9riques et essais exp\u00e9rimentaux<\/em><br data-start=\"737\" data-end=\"740\" \/>Rawad WAKIM \u2013 Doctorant MINES \u2013 Centre des Mat\u00e9riaux<\/li>\n<li data-start=\"799\" data-end=\"966\"><strong data-start=\"799\" data-end=\"816\">14h35 \u2013 15h05<\/strong> : <em data-start=\"819\" data-end=\"918\">Simulation num\u00e9rique avanc\u00e9e pour la compr\u00e9hension des points bas en r\u00e9silience des aciers forg\u00e9s<\/em><br data-start=\"918\" data-end=\"921\" \/>Regis KENKO \u2013 Doctorant MINES \u2013 Framatome<\/li>\n<li data-start=\"970\" data-end=\"997\"><strong data-start=\"970\" data-end=\"987\">15h05 \u2013 15h20<\/strong> : Pause<\/li>\n<li data-start=\"1001\" data-end=\"1177\"><strong data-start=\"1001\" data-end=\"1018\">15h20 \u2013 15h50<\/strong> : <em data-start=\"1021\" data-end=\"1135\">Mapping crystal orientation and morphology nondestructively in 3D with lab-based diffraction contrast tomography<\/em><br data-start=\"1135\" data-end=\"1138\" \/>Jette ODDERSHEDE \u2013 Xnovo Technology<\/li>\n<li data-start=\"1180\" data-end=\"1378\"><strong data-start=\"1180\" data-end=\"1197\">15h50 \u2013 16h20<\/strong> : <em data-start=\"1200\" data-end=\"1317\">Effets polycristallins sur la localisation en d\u00e9formation plane : tomographie corr\u00e9lative et simulations num\u00e9riques<\/em><br data-start=\"1317\" data-end=\"1320\" \/>Maryse GILLE \u2013 Doctorante MINES \u2013 Centre des Mat\u00e9riaux<\/li>\n<li data-start=\"1381\" data-end=\"1551\"><strong data-start=\"1381\" data-end=\"1398\">16h20 \u2013 16h50<\/strong> : <em data-start=\"1401\" data-end=\"1508\">Vers l\u2019identification de lois de plasticit\u00e9 cristalline par jumeau num\u00e9rique et apprentissage statistique<\/em><br data-start=\"1508\" data-end=\"1511\" \/>Daria MESBAH \u2013 Doctorant MINES \u2013 CEA<\/li>\n<li data-start=\"1555\" data-end=\"1677\"><strong data-start=\"1555\" data-end=\"1572\">16h50 \u2013 17h00<\/strong> : Cl\u00f4ture de la journ\u00e9e<br data-start=\"1596\" data-end=\"1599\" \/>Henry PROUDHON \u2013 Directeur de recherches CNRS \u2013 Centre des Mat\u00e9riaux MINES<\/li>\n<\/ul>\n<p><a class=\"button-mines btn-bleu flech lf-blanc\" href=\"https:\/\/www.minesparis.psl.eu\/cmat\/wp-content\/uploads\/sites\/8\/2025\/06\/abstracts_compiles_30mars_2023.pdf\" target=\"_blank\" rel=\"noopener\">Voir le r\u00e9sum\u00e9<\/a><\/p>\n<hr \/>\n<h2>2022<\/h2>\n<h3>10 novembre &#8211; \u00c9volution Microstructurale<\/h3>\n<ul>\n<li data-start=\"312\" data-end=\"431\"><strong data-start=\"312\" data-end=\"329\">14h00 \u2013 14h05<\/strong> : Introduction<br data-start=\"344\" data-end=\"347\" \/><em data-start=\"349\" data-end=\"431\">Anne-Fran\u00e7oise GOURGUES-LORENZON \u2013 Enseignante-chercheuse \u2013 Centre des Mat\u00e9riaux<\/em><\/li>\n<li data-start=\"435\" data-end=\"605\"><strong data-start=\"435\" data-end=\"452\">14h05 \u2013 14h35<\/strong> : Mod\u00e9lisation du couplage transformation de phase et viscoplasticit\u00e9 par la m\u00e9thode des champs de phase<br data-start=\"557\" data-end=\"560\" \/><em data-start=\"562\" data-end=\"605\">Wajih JBARA \u2013 Doctorant MINES Paris \u2013 PSL<\/em><\/li>\n<li data-start=\"609\" data-end=\"801\"><strong data-start=\"609\" data-end=\"626\">14h35 \u2013 15h05<\/strong> : Simulation de la germination de grains dans un monocristal par un mod\u00e8le coupl\u00e9 champs de phase et milieux de Cosserat<br data-start=\"747\" data-end=\"750\" \/><em data-start=\"752\" data-end=\"801\">Flavien GHIGLIONE \u2013 Doctorant MINES Paris \u2013 PSL<\/em><\/li>\n<li data-start=\"805\" data-end=\"992\"><strong data-start=\"805\" data-end=\"822\">15h05 \u2013 15h35<\/strong> : Mod\u00e9lisation de l\u2019\u00e9volution microstructurale par la m\u00e9thode S-PFM : application \u00e0 la croissance normale de grains<br data-start=\"938\" data-end=\"941\" \/><em data-start=\"943\" data-end=\"992\">Yann LE BOUAR \u2013 Universit\u00e9 Paris-Saclay \u2013 ONERA<\/em><\/li>\n<li data-start=\"996\" data-end=\"1026\"><strong data-start=\"996\" data-end=\"1013\">15h35 \u2013 15h50<\/strong> : Pause caf\u00e9<\/li>\n<li data-start=\"1030\" data-end=\"1187\"><strong data-start=\"1030\" data-end=\"1047\">15h50 \u2013 16h20<\/strong> : The effect of cold rolling on nucleation, growth and coarsening of the S-phase in AA2024<br data-start=\"1138\" data-end=\"1141\" \/><em data-start=\"1143\" data-end=\"1187\">Daniel IRMER \u2013 Doctorant MINES Paris \u2013 PSL<\/em><\/li>\n<li data-start=\"1191\" data-end=\"1446\"><strong data-start=\"1191\" data-end=\"1208\">16h20 \u2013 16h50<\/strong> : Influence de la microstructure de solidification d\u2019aciers 316L, \u00e9labor\u00e9s par fusion laser sur lit de poudre, sur leurs cin\u00e9tiques de recristallisation<br data-start=\"1361\" data-end=\"1364\" \/><em data-start=\"1366\" data-end=\"1446\">\u00c9douard DE SONIS \u2013 Doctorant MINES Paris \u2013 PSL \u2013 Universit\u00e9 Paris-Saclay \u2013 CEA<\/em><\/li>\n<li data-start=\"1450\" data-end=\"1578\"><strong data-start=\"1450\" data-end=\"1467\">16h50 \u2013 17h00<\/strong> : Cl\u00f4ture de la journ\u00e9e<br data-start=\"1491\" data-end=\"1494\" \/><em data-start=\"1496\" data-end=\"1578\">Anne-Fran\u00e7oise GOURGUES-LORENZON \u2013 Enseignante-chercheuse \u2013 Centre des Mat\u00e9riaux<\/em><\/li>\n<\/ul>\n<hr \/>\n<h3>21 octobre &#8211; \u00c9coulement et rupture d\u2019aciers inoxydables aust\u00e9nitiques \u00e0 des temp\u00e9ratures cryog\u00e9niques<\/h3>\n<ul>\n<li data-start=\"320\" data-end=\"359\"><span class=\"relative -mx-px my-[-0.2rem] rounded px-px py-[0.2rem] transition-colors duration-100 ease-in-out\">14h00 \u2013 14h05 : Introduction<\/span><\/li>\n<li data-start=\"362\" data-end=\"401\"><span class=\"relative -mx-px my-[-0.2rem] rounded px-px py-[0.2rem] transition-colors duration-100 ease-in-out\">14h05 \u2013 14h45 : <em data-start=\"16\" data-end=\"121\" data-is-last-node=\"\">Flow and fracture of austenitic stainless steels at cryogenic temperatures: experiments and simulations<\/em><\/span><\/li>\n<\/ul>\n<hr \/>\n<h3>16 septembre &#8211; Plasticit\u00e9 Cristalline<\/h3>\n<ul>\n<li><strong data-start=\"308\" data-end=\"325\">14h00 \u2013 14h05<\/strong> : Introduction<br data-start=\"340\" data-end=\"343\" \/>Henry PROUDHON \u2013 Directeur de recherches CNRS \u2013 Centre des Mat\u00e9riaux MINES<br data-start=\"417\" data-end=\"420\" \/>Samuel FOREST \u2013 Directeur de recherches CNRS \u2013 Centre des Mat\u00e9riaux MINES<\/li>\n<li><strong data-start=\"495\" data-end=\"512\">14h05 \u2013 14h35<\/strong> : <em data-start=\"515\" data-end=\"635\">Endommagement de fatigue \u00e0 l&rsquo;\u00e9chelle de la microstructure dans un alliage d&rsquo;aluminium, mod\u00e9lisation et exp\u00e9rimentation<\/em><br data-start=\"635\" data-end=\"638\" \/>Manon LENGLET \u2013 Doctorante MINES \u2013 ONERA<\/li>\n<li><strong data-start=\"680\" data-end=\"697\">14h35 \u2013 15h05<\/strong> : <em data-start=\"700\" data-end=\"865\">Simulation de la localisation de la d\u00e9formation plastique par Dynamique des Dislocations Discr\u00e8tes (DDD) et int\u00e9gration d&rsquo;une loi de plasticit\u00e9 cristalline (CPFEM)<\/em><br data-start=\"865\" data-end=\"868\" \/>Baptiste JOSTE \u2013 Doctorant MINES \u2013 ONERA<\/li>\n<li><strong data-start=\"910\" data-end=\"927\">15h05 \u2013 15h20<\/strong> : Pause<\/li>\n<li><strong data-start=\"937\" data-end=\"954\">15h20 \u2013 15h50<\/strong> : <em data-start=\"957\" data-end=\"1045\">Anisotropie de la rupture ductile dans un alliage d&rsquo;aluminium li\u00e9e \u00e0 la microstructure<\/em><br data-start=\"1045\" data-end=\"1048\" \/>Anna ASK \u2013 Ing\u00e9nieure de recherche \u2013 ONERA<\/li>\n<li><strong data-start=\"1092\" data-end=\"1109\">15h50 \u2013 16h20<\/strong> : <em data-start=\"1112\" data-end=\"1184\">Grain size effect of polycristals: A DD-CPFEM multiscale investigation<\/em><br data-start=\"1184\" data-end=\"1187\" \/>Beno\u00eet DEVINCRE \u2013 Directeur de recherches CNRS \u2013 ONERA<\/li>\n<li><strong data-start=\"1243\" data-end=\"1260\">16h20 \u2013 16h30<\/strong> : Cl\u00f4ture de la journ\u00e9e<br data-start=\"1284\" data-end=\"1287\" \/>Henry PROUDHON \u2013 Directeur de recherches CNRS \u2013 Centre des Mat\u00e9riaux MINES<br data-start=\"1361\" data-end=\"1364\" \/>Samuel FOREST \u2013 Directeur de recherches CNRS \u2013 Centre des Mat\u00e9riaux MINES<\/li>\n<\/ul>\n<hr \/>\n<h3>9 Juin &#8211; Mod\u00e9lisations avanc\u00e9es des probl\u00e8mes de contact<\/h3>\n<ul>\n<li data-start=\"340\" data-end=\"467\"><strong data-start=\"340\" data-end=\"357\">13h45 \u2013 14h00<\/strong> : Introduction<br data-start=\"372\" data-end=\"375\" \/>David RYCKELYNCK \u2013 Enseignant\u2013chercheur au Centre des Mat\u00e9riaux, Mines Paris, Universit\u00e9 PSL<\/li>\n<li data-start=\"469\" data-end=\"582\"><strong data-start=\"469\" data-end=\"486\">14h00 \u2013 14h50<\/strong> : <em data-start=\"489\" data-end=\"504\">Guest Lecture<\/em><br data-start=\"504\" data-end=\"507\" \/>Andrei SHVARTS \u2013 Lecturer in Computational Mechanics, University of Glasgow<\/li>\n<li data-start=\"584\" data-end=\"703\"><strong data-start=\"584\" data-end=\"601\">14h50 \u2013 15h20<\/strong> : <em data-start=\"604\" data-end=\"661\">Study of the conduction between rough surfaces with BEM<\/em><br data-start=\"661\" data-end=\"664\" \/>Paul BEGUIN \u2013 Doctorant MINES ParisTech<\/li>\n<li data-start=\"705\" data-end=\"885\"><strong data-start=\"705\" data-end=\"722\">15h20 \u2013 15h50<\/strong> : <em data-start=\"725\" data-end=\"824\">R\u00e9duction d&rsquo;ordre de mod\u00e8le pour les probl\u00e8mes de contact trait\u00e9s par multiplicateurs de Lagrange<\/em><br data-start=\"824\" data-end=\"827\" \/>Simon LE BERRE \u2013 Doctorant MINES ParisTech \u2013 CEA Cadarache<\/li>\n<li data-start=\"887\" data-end=\"1081\"><strong data-start=\"887\" data-end=\"904\">15h50 \u2013 16h20<\/strong> : <em data-start=\"907\" data-end=\"986\">A thin fluid flow in contact interfaces : weak and strong coupling approaches<\/em><br data-start=\"986\" data-end=\"989\" \/>Vladislav A. YASTREBOV \u2013 Chercheur CNRS au Centre des Mat\u00e9riaux, Mines Paris, Universit\u00e9 PSL<\/li>\n<li data-start=\"1083\" data-end=\"1219\"><strong data-start=\"1083\" data-end=\"1100\">16h20 \u2013 16h30<\/strong> : Cl\u00f4ture de la journ\u00e9e<br data-start=\"1124\" data-end=\"1127\" \/>David RYCKELYNCK \u2013 Enseignant\u2013chercheur au Centre des Mat\u00e9riaux, Mines Paris, Universit\u00e9 PSL<\/li>\n<\/ul>\n<hr \/>\n<h3>8 avril &#8211; T\u00e9nacit\u00e9 et Fissuration<\/h3>\n<ul>\n<li data-start=\"313\" data-end=\"398\"><strong data-start=\"313\" data-end=\"330\">13h30 \u2013 13h45<\/strong> : Introduction<br data-start=\"345\" data-end=\"348\" \/>Jacques BESSON \u2013 Chercheur au Centre des Mat\u00e9riaux<\/li>\n<li data-start=\"400\" data-end=\"580\"><strong data-start=\"400\" data-end=\"417\">13h45 \u2013 14h15<\/strong> : <em data-start=\"420\" data-end=\"505\">Effet des m\u00e9sos\u00e9gr\u00e9gations sur les propri\u00e9t\u00e9s \u00e0 rupture d&rsquo;un acier faiblement alli\u00e9<\/em><br data-start=\"505\" data-end=\"508\" \/>Arthur CHRISTAL \u2013 Doctorant Mines ParisTech \u2013 Centre des Mat\u00e9riaux \u2013 EDF<\/li>\n<li data-start=\"582\" data-end=\"865\"><strong data-start=\"582\" data-end=\"599\">14h15 \u2013 14h45<\/strong> : <em data-start=\"602\" data-end=\"787\">D\u00e9veloppement d&rsquo;un mod\u00e8le local de corrosion sous contrainte intergranulaire des alliages de nickel expos\u00e9s aux zones confin\u00e9es du circuit secondaire des r\u00e9acteurs \u00e0 eau sous pression<\/em><br data-start=\"787\" data-end=\"790\" \/>Pierre MESTRE-RINN \u2013 Doctorant Mines ParisTech \u2013 Centre des Mat\u00e9riaux \u2013 EDF<\/li>\n<li data-start=\"867\" data-end=\"897\"><strong data-start=\"867\" data-end=\"884\">14h45 \u2013 15h00<\/strong> : Pause caf\u00e9<\/li>\n<li data-start=\"899\" data-end=\"1078\"><strong data-start=\"899\" data-end=\"916\">15h00 \u2013 15h30<\/strong> : <em data-start=\"919\" data-end=\"1013\">Effect of specimen size and thickness on ductile crack growth of a high toughness 316L steel<\/em><br data-start=\"1013\" data-end=\"1016\" \/>Sihan CHENG \u2013 Doctorant Mines ParisTech \u2013 Centre des Mat\u00e9riaux<\/li>\n<li data-start=\"1080\" data-end=\"1272\"><strong data-start=\"1080\" data-end=\"1097\">15h30 \u2013 16h00<\/strong> : <em data-start=\"1100\" data-end=\"1201\">T\u00e9nacit\u00e9 des gaines combustibles en Zircaloy-4 en cas de fissuration diff\u00e9r\u00e9e par hydruration (DHC)<\/em><br data-start=\"1201\" data-end=\"1204\" \/>Pierrick FRANCOIS \u2013 Doctorant Mines ParisTech \u2013 Centre des Mat\u00e9riaux<\/li>\n<li data-start=\"1274\" data-end=\"1368\"><strong data-start=\"1274\" data-end=\"1291\">16h00 \u2013 16h15<\/strong> : Cl\u00f4ture de la journ\u00e9e<br data-start=\"1315\" data-end=\"1318\" \/>Jacques BESSON \u2013 Chercheur au Centre des Mat\u00e9riaux<\/li>\n<\/ul>\n<hr \/>\n<h3>18 mars &#8211; Hommage \u00e0 Alain K\u00f6ster<\/h3>\n<ul>\n<li data-start=\"342\" data-end=\"371\"><strong data-start=\"342\" data-end=\"359\">09h00 \u2013 09h30<\/strong> : Accueil<\/li>\n<li data-start=\"374\" data-end=\"395\"><strong data-start=\"374\" data-end=\"391\">09h30 \u2013 12h00<\/strong> :\n<ul>\n<li data-start=\"374\" data-end=\"395\"><em data-start=\"400\" data-end=\"414\">Introduction<\/em><\/li>\n<li data-start=\"421\" data-end=\"475\"><em data-start=\"421\" data-end=\"473\">Nicolas Leost : fatigue anisotherme et multiaxiale<\/em><\/li>\n<li data-start=\"480\" data-end=\"575\"><em data-start=\"480\" data-end=\"573\">Axel Aublet : essais sur pi\u00e8ces de fonderie, apport de l\u2019imagerie 3D des calculs m\u00e9caniques<\/em><\/li>\n<li data-start=\"580\" data-end=\"611\"><em data-start=\"580\" data-end=\"609\">Mark Harvey (Groupe Safran)<\/em><\/li>\n<\/ul>\n<\/li>\n<li data-start=\"615\" data-end=\"654\"><strong data-start=\"615\" data-end=\"632\">12h00 \u2013 15h00<\/strong> : Buffet et visites\n<ul>\n<li data-start=\"659\" data-end=\"714\"><em data-start=\"659\" data-end=\"712\">Fissuration \/ Zeineb Meskine et Abderrahman Guelzim<\/em><\/li>\n<li data-start=\"719\" data-end=\"766\"><em data-start=\"719\" data-end=\"764\">Biaxial \/ Natan Guillermin et Nicolas Leost<\/em><\/li>\n<li data-start=\"771\" data-end=\"844\"><em data-start=\"771\" data-end=\"842\">Barri\u00e8res thermiques et fatigue thermo-m\u00e9canique \/ Matthieu Rambaudon<\/em><\/li>\n<li data-start=\"849\" data-end=\"868\"><em data-start=\"849\" data-end=\"866\">H2 \/ Yazid Madi<\/em><\/li>\n<li data-start=\"873\" data-end=\"919\"><em data-start=\"873\" data-end=\"917\">Thermographie infrarouge \/ Cristian Ovalle<\/em><\/li>\n<\/ul>\n<\/li>\n<li data-start=\"923\" data-end=\"961\"><strong data-start=\"923\" data-end=\"940\">15h00 \u2013 16h30<\/strong> : Expos\u00e9s en salle\n<ul>\n<li data-start=\"966\" data-end=\"1032\"><em data-start=\"966\" data-end=\"1030\">Jean-Christophe Teissedre : programmation et contr\u00f4le d\u2019essais<\/em><\/li>\n<li data-start=\"1037\" data-end=\"1095\"><em data-start=\"1037\" data-end=\"1093\">Pierre Arnaud : des projets autour du fretting fatigue<\/em><\/li>\n<li data-start=\"1100\" data-end=\"1192\"><em data-start=\"1100\" data-end=\"1190\">Basile Marchand et Djamel Missoum : enseignements au travers du lien essais\/mod\u00e9lisation<\/em><\/li>\n<\/ul>\n<\/li>\n<li data-start=\"1196\" data-end=\"1225\"><strong data-start=\"1196\" data-end=\"1205\">16h30<\/strong> : Fin de la journ\u00e9e<\/li>\n<\/ul>\n<hr \/>\n<h3>28 janvier &#8211; Proc\u00e9d\u00e9s<\/h3>\n<ul>\n<li data-start=\"288\" data-end=\"383\"><strong data-start=\"288\" data-end=\"305\">09h30 \u2013 09h45<\/strong> : Introduction<br data-start=\"320\" data-end=\"323\" \/><em data-start=\"325\" data-end=\"383\">Vincent GUIPONT \u2013 MINES ParisTech \u2013 Centre des Mat\u00e9riaux<\/em><\/li>\n<li data-start=\"387\" data-end=\"555\"><strong data-start=\"387\" data-end=\"404\">09h45 \u2013 10h15<\/strong> : Nouveaux mat\u00e9riaux pour la captation de lithium, projet Li-Capt<br data-start=\"470\" data-end=\"473\" \/><em data-start=\"475\" data-end=\"555\">Ghizlene ZENASNI \u2013 Doctorante MINES ParisTech \u2013 Centre des Mat\u00e9riaux \u2013 G\u00e9oLith<\/em><\/li>\n<li data-start=\"559\" data-end=\"755\"><strong data-start=\"559\" data-end=\"576\">10h15 \u2013 10h45<\/strong> : Extraction directe du lithium (DLE) avec Li-Capt, un mat\u00e9riau hybride compos\u00e9 de fibres de polym\u00e8re et de particules de LTO, d\u00e9velopp\u00e9 par GeoLith<br data-start=\"725\" data-end=\"728\" \/><em data-start=\"730\" data-end=\"755\">Arnaud POIREL \u2013 GeoLith<\/em><\/li>\n<li data-start=\"759\" data-end=\"784\"><strong data-start=\"759\" data-end=\"776\">10h45 \u2013 11h00<\/strong> : Pause<\/li>\n<li data-start=\"788\" data-end=\"1012\"><strong data-start=\"788\" data-end=\"805\">11h00 \u2013 11h30<\/strong> : Fusion laser de c\u00e9ramiques oxydes eutectiques par le proc\u00e9d\u00e9 L-PBF : design de poudres et microstructures des bains solidifi\u00e9s<br data-start=\"934\" data-end=\"937\" \/><em data-start=\"939\" data-end=\"1012\">Jorge MARTINEZ-DOSAL \u2013 Doctorant MINES ParisTech \u2013 Centre des Mat\u00e9riaux<\/em><\/li>\n<li data-start=\"1016\" data-end=\"1213\"><strong data-start=\"1016\" data-end=\"1033\">11h30 \u2013 12h00<\/strong> : \u00c9tude du comportement d&rsquo;une poudre c\u00e9ramique agglom\u00e9r\u00e9e lors d\u2019une projection par le proc\u00e9d\u00e9 cold spray<br data-start=\"1139\" data-end=\"1142\" \/><em data-start=\"1144\" data-end=\"1213\">Geoffrey CELESTE \u2013 Doctorant MINES ParisTech \u2013 Centre des Mat\u00e9riaux<\/em><\/li>\n<li data-start=\"1217\" data-end=\"1335\"><strong data-start=\"1217\" data-end=\"1234\">12h00 \u2013 12h30<\/strong> : Impression 3D c\u00e9ramique et m\u00e9tal Z\u00e9tamix, pr\u00e9sentation de cas d&rsquo;usage<br data-start=\"1306\" data-end=\"1309\" \/><em data-start=\"1311\" data-end=\"1335\">Julien SOURICE \u2013 Nanoe<\/em><\/li>\n<li data-start=\"1339\" data-end=\"1443\"><strong data-start=\"1339\" data-end=\"1356\">12h30 \u2013 12h35<\/strong> : Cl\u00f4ture de la journ\u00e9e<br data-start=\"1380\" data-end=\"1383\" \/><em data-start=\"1385\" data-end=\"1443\">Vincent GUIPONT \u2013 MINES ParisTech \u2013 Centre des Mat\u00e9riaux<\/em><\/li>\n<\/ul>\n<p style=\"text-align: left\"><a class=\"button-mines btn-bleu flech lf-blanc\" href=\"https:\/\/www.minesparis.psl.eu\/cmat\/wp-content\/uploads\/sites\/8\/2025\/06\/3077-abstrat_seminaire_procedes.pdf\" target=\"_blank\" rel=\"noopener\">Voir le r\u00e9sum\u00e9<\/a><em data-start=\"113\" data-end=\"123\">\n<\/em><\/p>\n\t\t<\/div>\n\t<\/div>\n<\/div>","protected":false},"excerpt":{"rendered":"","protected":false},"author":4,"featured_media":1303,"parent":0,"menu_order":0,"comment_status":"closed","ping_status":"closed","template":"","meta":{"footnotes":""},"class_list":["post-1428","page","type-page","status-publish","has-post-thumbnail","hentry"],"acf":[],"yoast_head":"<!-- This site is optimized with the Yoast SEO plugin v27.2 - https:\/\/yoast.com\/product\/yoast-seo-wordpress\/ -->\n<title>Historique des s\u00e9minaires - Centre des Mat\u00e9riaux Mines Paris - PSL<\/title>\n<meta name=\"robots\" content=\"index, follow, max-snippet:-1, max-image-preview:large, max-video-preview:-1\" \/>\n<link rel=\"canonical\" href=\"https:\/\/www.minesparis.psl.eu\/cmat\/historique-des-seminaires\/\" \/>\n<meta property=\"og:locale\" content=\"fr_FR\" \/>\n<meta property=\"og:type\" content=\"article\" \/>\n<meta property=\"og:title\" content=\"Historique des s\u00e9minaires - Centre des Mat\u00e9riaux Mines Paris - PSL\" \/>\n<meta property=\"og:url\" content=\"https:\/\/www.minesparis.psl.eu\/cmat\/historique-des-seminaires\/\" \/>\n<meta property=\"og:site_name\" content=\"Centre des Mat\u00e9riaux Mines Paris - PSL\" \/>\n<meta property=\"article:modified_time\" content=\"2026-04-16T14:03:01+00:00\" \/>\n<meta property=\"og:image\" content=\"https:\/\/www.minesparis.psl.eu\/cmat\/wp-content\/uploads\/sites\/25\/2025\/06\/CampusVersaillesSatoryMai2025-045-MDweb.jpg\" \/>\n\t<meta property=\"og:image:width\" content=\"2000\" \/>\n\t<meta property=\"og:image:height\" content=\"1334\" \/>\n\t<meta property=\"og:image:type\" content=\"image\/jpeg\" \/>\n<meta name=\"twitter:card\" content=\"summary_large_image\" \/>\n<meta name=\"twitter:label1\" content=\"Dur\u00e9e de lecture estim\u00e9e\" \/>\n\t<meta name=\"twitter:data1\" content=\"1 minute\" \/>\n<script type=\"application\/ld+json\" class=\"yoast-schema-graph\">{\"@context\":\"https:\/\/schema.org\",\"@graph\":[{\"@type\":\"WebPage\",\"@id\":\"https:\/\/www.minesparis.psl.eu\/cmat\/historique-des-seminaires\/\",\"url\":\"https:\/\/www.minesparis.psl.eu\/cmat\/historique-des-seminaires\/\",\"name\":\"Historique des s\u00e9minaires - Centre des Mat\u00e9riaux Mines Paris - PSL\",\"isPartOf\":{\"@id\":\"https:\/\/www.minesparis.psl.eu\/cmat\/#website\"},\"primaryImageOfPage\":{\"@id\":\"https:\/\/www.minesparis.psl.eu\/cmat\/historique-des-seminaires\/#primaryimage\"},\"image\":{\"@id\":\"https:\/\/www.minesparis.psl.eu\/cmat\/historique-des-seminaires\/#primaryimage\"},\"thumbnailUrl\":\"https:\/\/www.minesparis.psl.eu\/cmat\/wp-content\/uploads\/sites\/25\/2025\/06\/CampusVersaillesSatoryMai2025-045-MDweb.jpg\",\"datePublished\":\"2025-06-13T12:46:10+00:00\",\"dateModified\":\"2026-04-16T14:03:01+00:00\",\"breadcrumb\":{\"@id\":\"https:\/\/www.minesparis.psl.eu\/cmat\/historique-des-seminaires\/#breadcrumb\"},\"inLanguage\":\"fr-FR\",\"potentialAction\":[{\"@type\":\"ReadAction\",\"target\":[\"https:\/\/www.minesparis.psl.eu\/cmat\/historique-des-seminaires\/\"]}]},{\"@type\":\"ImageObject\",\"inLanguage\":\"fr-FR\",\"@id\":\"https:\/\/www.minesparis.psl.eu\/cmat\/historique-des-seminaires\/#primaryimage\",\"url\":\"https:\/\/www.minesparis.psl.eu\/cmat\/wp-content\/uploads\/sites\/25\/2025\/06\/CampusVersaillesSatoryMai2025-045-MDweb.jpg\",\"contentUrl\":\"https:\/\/www.minesparis.psl.eu\/cmat\/wp-content\/uploads\/sites\/25\/2025\/06\/CampusVersaillesSatoryMai2025-045-MDweb.jpg\",\"width\":2000,\"height\":1334},{\"@type\":\"BreadcrumbList\",\"@id\":\"https:\/\/www.minesparis.psl.eu\/cmat\/historique-des-seminaires\/#breadcrumb\",\"itemListElement\":[{\"@type\":\"ListItem\",\"position\":1,\"name\":\"Accueil\",\"item\":\"https:\/\/www.minesparis.psl.eu\/cmat\/\"},{\"@type\":\"ListItem\",\"position\":2,\"name\":\"Historique des s\u00e9minaires\"}]},{\"@type\":\"WebSite\",\"@id\":\"https:\/\/www.minesparis.psl.eu\/cmat\/#website\",\"url\":\"https:\/\/www.minesparis.psl.eu\/cmat\/\",\"name\":\"Centre des Mat\u00e9riaux Mines Paris - PSL\",\"description\":\"\",\"publisher\":{\"@id\":\"https:\/\/www.minesparis.psl.eu\/cmat\/#organization\"},\"potentialAction\":[{\"@type\":\"SearchAction\",\"target\":{\"@type\":\"EntryPoint\",\"urlTemplate\":\"https:\/\/www.minesparis.psl.eu\/cmat\/?s={search_term_string}\"},\"query-input\":{\"@type\":\"PropertyValueSpecification\",\"valueRequired\":true,\"valueName\":\"search_term_string\"}}],\"inLanguage\":\"fr-FR\"},{\"@type\":\"Organization\",\"@id\":\"https:\/\/www.minesparis.psl.eu\/cmat\/#organization\",\"name\":\"Centre des Mat\u00e9riaux Mines Paris - PSL\",\"url\":\"https:\/\/www.minesparis.psl.eu\/cmat\/\",\"logo\":{\"@type\":\"ImageObject\",\"inLanguage\":\"fr-FR\",\"@id\":\"https:\/\/www.minesparis.psl.eu\/cmat\/#\/schema\/logo\/image\/\",\"url\":\"https:\/\/www.minesparis.psl.eu\/cmat\/wp-content\/uploads\/sites\/25\/2025\/06\/cropped-Logo-Mines-CNRS-scaled-1.png\",\"contentUrl\":\"https:\/\/www.minesparis.psl.eu\/cmat\/wp-content\/uploads\/sites\/25\/2025\/06\/cropped-Logo-Mines-CNRS-scaled-1.png\",\"width\":2479,\"height\":377,\"caption\":\"Centre des Mat\u00e9riaux Mines Paris - PSL\"},\"image\":{\"@id\":\"https:\/\/www.minesparis.psl.eu\/cmat\/#\/schema\/logo\/image\/\"}}]}<\/script>\n<!-- \/ Yoast SEO plugin. -->","yoast_head_json":{"title":"Historique des s\u00e9minaires - Centre des Mat\u00e9riaux Mines Paris - PSL","robots":{"index":"index","follow":"follow","max-snippet":"max-snippet:-1","max-image-preview":"max-image-preview:large","max-video-preview":"max-video-preview:-1"},"canonical":"https:\/\/www.minesparis.psl.eu\/cmat\/historique-des-seminaires\/","og_locale":"fr_FR","og_type":"article","og_title":"Historique des s\u00e9minaires - Centre des Mat\u00e9riaux Mines Paris - PSL","og_url":"https:\/\/www.minesparis.psl.eu\/cmat\/historique-des-seminaires\/","og_site_name":"Centre des Mat\u00e9riaux Mines Paris - PSL","article_modified_time":"2026-04-16T14:03:01+00:00","og_image":[{"width":2000,"height":1334,"url":"https:\/\/www.minesparis.psl.eu\/cmat\/wp-content\/uploads\/sites\/25\/2025\/06\/CampusVersaillesSatoryMai2025-045-MDweb.jpg","type":"image\/jpeg"}],"twitter_card":"summary_large_image","twitter_misc":{"Dur\u00e9e de lecture estim\u00e9e":"1 minute"},"schema":{"@context":"https:\/\/schema.org","@graph":[{"@type":"WebPage","@id":"https:\/\/www.minesparis.psl.eu\/cmat\/historique-des-seminaires\/","url":"https:\/\/www.minesparis.psl.eu\/cmat\/historique-des-seminaires\/","name":"Historique des s\u00e9minaires - Centre des Mat\u00e9riaux Mines Paris - PSL","isPartOf":{"@id":"https:\/\/www.minesparis.psl.eu\/cmat\/#website"},"primaryImageOfPage":{"@id":"https:\/\/www.minesparis.psl.eu\/cmat\/historique-des-seminaires\/#primaryimage"},"image":{"@id":"https:\/\/www.minesparis.psl.eu\/cmat\/historique-des-seminaires\/#primaryimage"},"thumbnailUrl":"https:\/\/www.minesparis.psl.eu\/cmat\/wp-content\/uploads\/sites\/25\/2025\/06\/CampusVersaillesSatoryMai2025-045-MDweb.jpg","datePublished":"2025-06-13T12:46:10+00:00","dateModified":"2026-04-16T14:03:01+00:00","breadcrumb":{"@id":"https:\/\/www.minesparis.psl.eu\/cmat\/historique-des-seminaires\/#breadcrumb"},"inLanguage":"fr-FR","potentialAction":[{"@type":"ReadAction","target":["https:\/\/www.minesparis.psl.eu\/cmat\/historique-des-seminaires\/"]}]},{"@type":"ImageObject","inLanguage":"fr-FR","@id":"https:\/\/www.minesparis.psl.eu\/cmat\/historique-des-seminaires\/#primaryimage","url":"https:\/\/www.minesparis.psl.eu\/cmat\/wp-content\/uploads\/sites\/25\/2025\/06\/CampusVersaillesSatoryMai2025-045-MDweb.jpg","contentUrl":"https:\/\/www.minesparis.psl.eu\/cmat\/wp-content\/uploads\/sites\/25\/2025\/06\/CampusVersaillesSatoryMai2025-045-MDweb.jpg","width":2000,"height":1334},{"@type":"BreadcrumbList","@id":"https:\/\/www.minesparis.psl.eu\/cmat\/historique-des-seminaires\/#breadcrumb","itemListElement":[{"@type":"ListItem","position":1,"name":"Accueil","item":"https:\/\/www.minesparis.psl.eu\/cmat\/"},{"@type":"ListItem","position":2,"name":"Historique des s\u00e9minaires"}]},{"@type":"WebSite","@id":"https:\/\/www.minesparis.psl.eu\/cmat\/#website","url":"https:\/\/www.minesparis.psl.eu\/cmat\/","name":"Centre des Mat\u00e9riaux Mines Paris - PSL","description":"","publisher":{"@id":"https:\/\/www.minesparis.psl.eu\/cmat\/#organization"},"potentialAction":[{"@type":"SearchAction","target":{"@type":"EntryPoint","urlTemplate":"https:\/\/www.minesparis.psl.eu\/cmat\/?s={search_term_string}"},"query-input":{"@type":"PropertyValueSpecification","valueRequired":true,"valueName":"search_term_string"}}],"inLanguage":"fr-FR"},{"@type":"Organization","@id":"https:\/\/www.minesparis.psl.eu\/cmat\/#organization","name":"Centre des Mat\u00e9riaux Mines Paris - PSL","url":"https:\/\/www.minesparis.psl.eu\/cmat\/","logo":{"@type":"ImageObject","inLanguage":"fr-FR","@id":"https:\/\/www.minesparis.psl.eu\/cmat\/#\/schema\/logo\/image\/","url":"https:\/\/www.minesparis.psl.eu\/cmat\/wp-content\/uploads\/sites\/25\/2025\/06\/cropped-Logo-Mines-CNRS-scaled-1.png","contentUrl":"https:\/\/www.minesparis.psl.eu\/cmat\/wp-content\/uploads\/sites\/25\/2025\/06\/cropped-Logo-Mines-CNRS-scaled-1.png","width":2479,"height":377,"caption":"Centre des Mat\u00e9riaux Mines Paris - PSL"},"image":{"@id":"https:\/\/www.minesparis.psl.eu\/cmat\/#\/schema\/logo\/image\/"}}]}},"_links":{"self":[{"href":"https:\/\/www.minesparis.psl.eu\/cmat\/wp-json\/wp\/v2\/pages\/1428","targetHints":{"allow":["GET"]}}],"collection":[{"href":"https:\/\/www.minesparis.psl.eu\/cmat\/wp-json\/wp\/v2\/pages"}],"about":[{"href":"https:\/\/www.minesparis.psl.eu\/cmat\/wp-json\/wp\/v2\/types\/page"}],"author":[{"embeddable":true,"href":"https:\/\/www.minesparis.psl.eu\/cmat\/wp-json\/wp\/v2\/users\/4"}],"replies":[{"embeddable":true,"href":"https:\/\/www.minesparis.psl.eu\/cmat\/wp-json\/wp\/v2\/comments?post=1428"}],"version-history":[{"count":100,"href":"https:\/\/www.minesparis.psl.eu\/cmat\/wp-json\/wp\/v2\/pages\/1428\/revisions"}],"predecessor-version":[{"id":2075,"href":"https:\/\/www.minesparis.psl.eu\/cmat\/wp-json\/wp\/v2\/pages\/1428\/revisions\/2075"}],"wp:featuredmedia":[{"embeddable":true,"href":"https:\/\/www.minesparis.psl.eu\/cmat\/wp-json\/wp\/v2\/media\/1303"}],"wp:attachment":[{"href":"https:\/\/www.minesparis.psl.eu\/cmat\/wp-json\/wp\/v2\/media?parent=1428"}],"curies":[{"name":"wp","href":"https:\/\/api.w.org\/{rel}","templated":true}]}}